{"id":2335,"date":"2026-03-16T14:31:24","date_gmt":"2026-03-16T13:31:24","guid":{"rendered":"https:\/\/dancetravelling.com\/?page_id=2335"},"modified":"2026-04-19T23:22:41","modified_gmt":"2026-04-19T21:22:41","slug":"colombia-salsa-cultura-y-naturaleza","status":"publish","type":"page","link":"https:\/\/dancetravelling.com\/en\/colombia-salsa-cultura-y-naturaleza\/","title":{"rendered":"Colombia: Salsa, Culture and Nature"},"content":{"rendered":"<div data-elementor-type=\"wp-page\" data-elementor-id=\"2335\" class=\"elementor elementor-2335\">\n\t\t\t\t\t\t<section class=\"elementor-section elementor-top-section elementor-element elementor-element-703c51bb elementor-section-boxed elementor-section-height-default elementor-section-height-default\" data-id=\"703c51bb\" data-element_type=\"section\" data-e-type=\"section\" id=\"nosotros\" data-settings=\"{&quot;background_background&quot;:&quot;classic&quot;}\">\n\t\t\t\t\t\t<div class=\"elementor-container elementor-column-gap-default\">\n\t\t\t\t\t<div class=\"elementor-column elementor-col-100 elementor-top-column elementor-element elementor-element-184625df\" data-id=\"184625df\" data-element_type=\"column\" data-e-type=\"column\" data-settings=\"{&quot;background_background&quot;:&quot;classic&quot;}\">\n\t\t\t<div class=\"elementor-widget-wrap elementor-element-populated\">\n\t\t\t\t\t\t<div class=\"elementor-element elementor-element-3bd4e84 elementor-widget elementor-widget-gva-heading-block\" data-id=\"3bd4e84\" data-element_type=\"widget\" data-e-type=\"widget\" data-widget_type=\"gva-heading-block.default\">\n\t\t\t\t<div class=\"elementor-widget-container\">\n\t\t\t\t\t<div class=\"gva-element-gva-heading-block gva-element\">   <div class=\"align-center style-1 widget gsc-heading box-align-center auto-responsive\">\r\n      <div class=\"content-inner\">\r\n         \r\n                  \r\n           \r\n         \r\n                     <h1 class=\"title\">\r\n               <span>Colombia: Salsa, Culture and Nature<\/span>\r\n            <\/h1>\r\n                  \r\n         \r\n         \r\n      <\/div>\r\n   <\/div>\r\n<\/div>\t\t\t\t<\/div>\n\t\t\t\t<\/div>\n\t\t\t\t<div class=\"elementor-element elementor-element-af7759c elementor-align-center elementor-widget elementor-widget-button\" data-id=\"af7759c\" data-element_type=\"widget\" data-e-type=\"widget\" data-widget_type=\"button.default\">\n\t\t\t\t<div class=\"elementor-widget-container\">\n\t\t\t\t\t\t\t\t\t<div class=\"elementor-button-wrapper\">\n\t\t\t\t\t<a class=\"elementor-button elementor-button-link elementor-size-sm\" href=\"#info-viaje\">\n\t\t\t\t\t\t<span class=\"elementor-button-content-wrapper\">\n\t\t\t\t\t\t\t\t\t<span class=\"elementor-button-text\">Reserve your place<\/span>\n\t\t\t\t\t<\/span>\n\t\t\t\t\t<\/a>\n\t\t\t\t<\/div>\n\t\t\t\t\t\t\t\t<\/div>\n\t\t\t\t<\/div>\n\t\t\t\t<div class=\"elementor-element elementor-element-9eae2f7 elementor-widget elementor-widget-gva-gallery\" data-id=\"9eae2f7\" data-element_type=\"widget\" data-e-type=\"widget\" data-widget_type=\"gva-gallery.default\">\n\t\t\t\t<div class=\"elementor-widget-container\">\n\t\t\t\t\t<div class=\"gva-element-gva-gallery gva-element\">\r\n<div class=\"gva-gallery-carousel swiper-slider-wrapper style-1\">\r\n\t<div class=\"swiper-content-inner\">\r\n   \t<div class=\"init-carousel-swiper swiper\" data-carousel=\"{&quot;items&quot;:3,&quot;items_lg&quot;:3,&quot;items_md&quot;:3,&quot;items_sm&quot;:2,&quot;items_xs&quot;:1,&quot;items_xx&quot;:1,&quot;effect&quot;:&quot;slide&quot;,&quot;space_between&quot;:30,&quot;loop&quot;:1,&quot;speed&quot;:1200,&quot;autoplay&quot;:1,&quot;autoplay_delay&quot;:5000,&quot;autoplay_hover&quot;:1,&quot;navigation&quot;:1,&quot;pagination&quot;:0,&quot;dynamic_bullets&quot;:0,&quot;pagination_type&quot;:&quot;bullets&quot;}\">\r\n      \t<div class=\"swiper-wrapper\">\r\n\t\t\t\t<div class=\"swiper-slide item\"><div class=\"gallery-one__single\"><div class=\"gallery-one__image\"><img decoding=\"async\" src=\"https:\/\/dancetravelling.com\/wp-content\/uploads\/2026\/03\/bailar-salsa-en-colombia-8-500x500.webp\" alt=\"\" \/><\/div><a class=\"gallery-one__photo photo-gallery\" href=\"https:\/\/dancetravelling.com\/wp-content\/uploads\/2026\/03\/bailar-salsa-en-colombia-8.webp\" data-elementor-lightbox-slideshow=\"gallery-6kix\"><\/a><div class=\"gallery-one__content\"><div class=\"gallery-one__content-inner\"><span class=\"gallery-one__icon\"><i class=\"fas fa-plus\"><\/i><\/span><\/div><\/div><\/div><\/div><div class=\"swiper-slide item\"><div class=\"gallery-one__single\"><div class=\"gallery-one__image\"><img decoding=\"async\" src=\"https:\/\/dancetravelling.com\/wp-content\/uploads\/2026\/03\/bailar-salsa-en-colombia-9-500x500.webp\" alt=\"\" \/><\/div><a class=\"gallery-one__photo photo-gallery\" href=\"https:\/\/dancetravelling.com\/wp-content\/uploads\/2026\/03\/bailar-salsa-en-colombia-9.webp\" data-elementor-lightbox-slideshow=\"gallery-6kix\"><\/a><div class=\"gallery-one__content\"><div class=\"gallery-one__content-inner\"><span class=\"gallery-one__icon\"><i class=\"fas fa-plus\"><\/i><\/span><\/div><\/div><\/div><\/div><div class=\"swiper-slide item\"><div class=\"gallery-one__single\"><div class=\"gallery-one__image\"><img decoding=\"async\" src=\"https:\/\/dancetravelling.com\/wp-content\/uploads\/2026\/03\/bailar-salsa-en-colombia-6-500x500.webp\" alt=\"\" \/><\/div><a class=\"gallery-one__photo photo-gallery\" href=\"https:\/\/dancetravelling.com\/wp-content\/uploads\/2026\/03\/bailar-salsa-en-colombia-6.webp\" data-elementor-lightbox-slideshow=\"gallery-6kix\"><\/a><div class=\"gallery-one__content\"><div class=\"gallery-one__content-inner\"><span class=\"gallery-one__icon\"><i class=\"fas fa-plus\"><\/i><\/span><\/div><\/div><\/div><\/div><div class=\"swiper-slide item\"><div class=\"gallery-one__single\"><div class=\"gallery-one__image\"><img decoding=\"async\" src=\"https:\/\/dancetravelling.com\/wp-content\/uploads\/2026\/03\/bailar-salsa-en-colombia-3-500x500.webp\" alt=\"\" \/><\/div><a class=\"gallery-one__photo photo-gallery\" href=\"https:\/\/dancetravelling.com\/wp-content\/uploads\/2026\/03\/bailar-salsa-en-colombia-3.webp\" data-elementor-lightbox-slideshow=\"gallery-6kix\"><\/a><div class=\"gallery-one__content\"><div class=\"gallery-one__content-inner\"><span class=\"gallery-one__icon\"><i class=\"fas fa-plus\"><\/i><\/span><\/div><\/div><\/div><\/div><div class=\"swiper-slide item\"><div class=\"gallery-one__single\"><div class=\"gallery-one__image\"><img decoding=\"async\" src=\"https:\/\/dancetravelling.com\/wp-content\/uploads\/2026\/03\/bailar-salsa-en-colombia-2-500x500.webp\" alt=\"\" \/><\/div><a class=\"gallery-one__photo photo-gallery\" href=\"https:\/\/dancetravelling.com\/wp-content\/uploads\/2026\/03\/bailar-salsa-en-colombia-2.webp\" data-elementor-lightbox-slideshow=\"gallery-6kix\"><\/a><div class=\"gallery-one__content\"><div class=\"gallery-one__content-inner\"><span class=\"gallery-one__icon\"><i class=\"fas fa-plus\"><\/i><\/span><\/div><\/div><\/div><\/div><div class=\"swiper-slide item\"><div class=\"gallery-one__single\"><div class=\"gallery-one__image\"><img decoding=\"async\" src=\"https:\/\/dancetravelling.com\/wp-content\/uploads\/2026\/03\/bailar-salsa-en-colombia-4-500x500.webp\" alt=\"\" \/><\/div><a class=\"gallery-one__photo photo-gallery\" href=\"https:\/\/dancetravelling.com\/wp-content\/uploads\/2026\/03\/bailar-salsa-en-colombia-4.webp\" data-elementor-lightbox-slideshow=\"gallery-6kix\"><\/a><div class=\"gallery-one__content\"><div class=\"gallery-one__content-inner\"><span class=\"gallery-one__icon\"><i class=\"fas fa-plus\"><\/i><\/span><\/div><\/div><\/div><\/div><div class=\"swiper-slide item\"><div class=\"gallery-one__single\"><div class=\"gallery-one__image\"><img decoding=\"async\" src=\"https:\/\/dancetravelling.com\/wp-content\/uploads\/2026\/03\/bailar-salsa-en-colombia-5-500x500.webp\" alt=\"\" \/><\/div><a class=\"gallery-one__photo photo-gallery\" href=\"https:\/\/dancetravelling.com\/wp-content\/uploads\/2026\/03\/bailar-salsa-en-colombia-5.webp\" data-elementor-lightbox-slideshow=\"gallery-6kix\"><\/a><div class=\"gallery-one__content\"><div class=\"gallery-one__content-inner\"><span class=\"gallery-one__icon\"><i class=\"fas fa-plus\"><\/i><\/span><\/div><\/div><\/div><\/div><div class=\"swiper-slide item\"><div class=\"gallery-one__single\"><div class=\"gallery-one__image\"><img decoding=\"async\" src=\"https:\/\/dancetravelling.com\/wp-content\/uploads\/2026\/03\/bailar-salsa-en-colombia-7-500x500.webp\" alt=\"\" \/><\/div><a class=\"gallery-one__photo photo-gallery\" href=\"https:\/\/dancetravelling.com\/wp-content\/uploads\/2026\/03\/bailar-salsa-en-colombia-7.webp\" data-elementor-lightbox-slideshow=\"gallery-6kix\"><\/a><div class=\"gallery-one__content\"><div class=\"gallery-one__content-inner\"><span class=\"gallery-one__icon\"><i class=\"fas fa-plus\"><\/i><\/span><\/div><\/div><\/div><\/div><div class=\"swiper-slide item\"><div class=\"gallery-one__single\"><div class=\"gallery-one__image\"><img decoding=\"async\" src=\"https:\/\/dancetravelling.com\/wp-content\/uploads\/2026\/03\/bailar-salsa-en-colombia-11-500x500.webp\" alt=\"\" \/><\/div><a class=\"gallery-one__photo photo-gallery\" href=\"https:\/\/dancetravelling.com\/wp-content\/uploads\/2026\/03\/bailar-salsa-en-colombia-11.webp\" data-elementor-lightbox-slideshow=\"gallery-6kix\"><\/a><div class=\"gallery-one__content\"><div class=\"gallery-one__content-inner\"><span class=\"gallery-one__icon\"><i class=\"fas fa-plus\"><\/i><\/span><\/div><\/div><\/div><\/div><div class=\"swiper-slide item\"><div class=\"gallery-one__single\"><div class=\"gallery-one__image\"><img decoding=\"async\" src=\"https:\/\/dancetravelling.com\/wp-content\/uploads\/2026\/03\/bailar-salsa-en-colombia-10-500x500.webp\" alt=\"\" \/><\/div><a class=\"gallery-one__photo photo-gallery\" href=\"https:\/\/dancetravelling.com\/wp-content\/uploads\/2026\/03\/bailar-salsa-en-colombia-10.webp\" data-elementor-lightbox-slideshow=\"gallery-6kix\"><\/a><div class=\"gallery-one__content\"><div class=\"gallery-one__content-inner\"><span class=\"gallery-one__icon\"><i class=\"fas fa-plus\"><\/i><\/span><\/div><\/div><\/div><\/div><div class=\"swiper-slide item\"><div class=\"gallery-one__single\"><div class=\"gallery-one__image\"><img decoding=\"async\" src=\"https:\/\/dancetravelling.com\/wp-content\/uploads\/2026\/03\/bailar-salsa-en-colombia-12-500x500.webp\" alt=\"\" \/><\/div><a class=\"gallery-one__photo photo-gallery\" href=\"https:\/\/dancetravelling.com\/wp-content\/uploads\/2026\/03\/bailar-salsa-en-colombia-12.webp\" data-elementor-lightbox-slideshow=\"gallery-6kix\"><\/a><div class=\"gallery-one__content\"><div class=\"gallery-one__content-inner\"><span class=\"gallery-one__icon\"><i class=\"fas fa-plus\"><\/i><\/span><\/div><\/div><\/div><\/div><div class=\"swiper-slide item\"><div class=\"gallery-one__single\"><div class=\"gallery-one__image\"><img decoding=\"async\" src=\"https:\/\/dancetravelling.com\/wp-content\/uploads\/2026\/03\/bailar-salsa-en-colombia-13-500x500.webp\" alt=\"\" \/><\/div><a class=\"gallery-one__photo photo-gallery\" href=\"https:\/\/dancetravelling.com\/wp-content\/uploads\/2026\/03\/bailar-salsa-en-colombia-13.webp\" data-elementor-lightbox-slideshow=\"gallery-6kix\"><\/a><div class=\"gallery-one__content\"><div class=\"gallery-one__content-inner\"><span class=\"gallery-one__icon\"><i class=\"fas fa-plus\"><\/i><\/span><\/div><\/div><\/div><\/div><div class=\"swiper-slide item\"><div class=\"gallery-one__single\"><div class=\"gallery-one__image\"><img decoding=\"async\" src=\"https:\/\/dancetravelling.com\/wp-content\/uploads\/2026\/03\/bailar-salsa-en-colombia-15-500x500.jpg\" alt=\"\" \/><\/div><a class=\"gallery-one__photo photo-gallery\" href=\"https:\/\/dancetravelling.com\/wp-content\/uploads\/2026\/03\/bailar-salsa-en-colombia-15.jpg\" data-elementor-lightbox-slideshow=\"gallery-6kix\"><\/a><div class=\"gallery-one__content\"><div class=\"gallery-one__content-inner\"><span class=\"gallery-one__icon\"><i class=\"fas fa-plus\"><\/i><\/span><\/div><\/div><\/div><\/div><div class=\"swiper-slide item\"><div class=\"gallery-one__single\"><div class=\"gallery-one__image\"><img decoding=\"async\" src=\"https:\/\/dancetravelling.com\/wp-content\/uploads\/2026\/03\/bailar-salsa-en-colombia-14-500x500.webp\" alt=\"\" \/><\/div><a class=\"gallery-one__photo photo-gallery\" href=\"https:\/\/dancetravelling.com\/wp-content\/uploads\/2026\/03\/bailar-salsa-en-colombia-14.webp\" data-elementor-lightbox-slideshow=\"gallery-6kix\"><\/a><div class=\"gallery-one__content\"><div class=\"gallery-one__content-inner\"><span class=\"gallery-one__icon\"><i class=\"fas fa-plus\"><\/i><\/span><\/div><\/div><\/div><\/div><div class=\"swiper-slide item\"><div class=\"gallery-one__single\"><div class=\"gallery-one__image\"><img decoding=\"async\" src=\"https:\/\/dancetravelling.com\/wp-content\/uploads\/2026\/03\/bailar-salsa-en-colombia-16-500x500.jpg\" alt=\"\" \/><\/div><a class=\"gallery-one__photo photo-gallery\" href=\"https:\/\/dancetravelling.com\/wp-content\/uploads\/2026\/03\/bailar-salsa-en-colombia-16.jpg\" data-elementor-lightbox-slideshow=\"gallery-6kix\"><\/a><div class=\"gallery-one__content\"><div class=\"gallery-one__content-inner\"><span class=\"gallery-one__icon\"><i class=\"fas fa-plus\"><\/i><\/span><\/div><\/div><\/div><\/div><div class=\"swiper-slide item\"><div class=\"gallery-one__single\"><div class=\"gallery-one__image\"><img decoding=\"async\" src=\"https:\/\/dancetravelling.com\/wp-content\/uploads\/2026\/03\/bailar-salsa-en-colombia-17-500x500.jpg\" alt=\"\" \/><\/div><a class=\"gallery-one__photo photo-gallery\" href=\"https:\/\/dancetravelling.com\/wp-content\/uploads\/2026\/03\/bailar-salsa-en-colombia-17.jpg\" data-elementor-lightbox-slideshow=\"gallery-6kix\"><\/a><div class=\"gallery-one__content\"><div class=\"gallery-one__content-inner\"><span class=\"gallery-one__icon\"><i class=\"fas fa-plus\"><\/i><\/span><\/div><\/div><\/div><\/div><div class=\"swiper-slide item\"><div class=\"gallery-one__single\"><div class=\"gallery-one__image\"><img decoding=\"async\" src=\"https:\/\/dancetravelling.com\/wp-content\/uploads\/2026\/03\/bailar-salsa-en-colombia-18-500x500.jpg\" alt=\"\" \/><\/div><a class=\"gallery-one__photo photo-gallery\" href=\"https:\/\/dancetravelling.com\/wp-content\/uploads\/2026\/03\/bailar-salsa-en-colombia-18.jpg\" data-elementor-lightbox-slideshow=\"gallery-6kix\"><\/a><div class=\"gallery-one__content\"><div class=\"gallery-one__content-inner\"><span class=\"gallery-one__icon\"><i class=\"fas fa-plus\"><\/i><\/span><\/div><\/div><\/div><\/div><div class=\"swiper-slide item\"><div class=\"gallery-one__single\"><div class=\"gallery-one__image\"><img decoding=\"async\" src=\"https:\/\/dancetravelling.com\/wp-content\/uploads\/2026\/03\/bailar-salsa-en-colombia-19-500x500.jpg\" alt=\"\" \/><\/div><a class=\"gallery-one__photo photo-gallery\" href=\"https:\/\/dancetravelling.com\/wp-content\/uploads\/2026\/03\/bailar-salsa-en-colombia-19.jpg\" data-elementor-lightbox-slideshow=\"gallery-6kix\"><\/a><div class=\"gallery-one__content\"><div class=\"gallery-one__content-inner\"><span class=\"gallery-one__icon\"><i class=\"fas fa-plus\"><\/i><\/span><\/div><\/div><\/div><\/div><div class=\"swiper-slide item\"><div class=\"gallery-one__single\"><div class=\"gallery-one__image\"><img decoding=\"async\" src=\"https:\/\/dancetravelling.com\/wp-content\/uploads\/2026\/03\/bailar-salsa-en-colombia-1-500x500.jpg\" alt=\"\" \/><\/div><a class=\"gallery-one__photo photo-gallery\" href=\"https:\/\/dancetravelling.com\/wp-content\/uploads\/2026\/03\/bailar-salsa-en-colombia-1.jpg\" data-elementor-lightbox-slideshow=\"gallery-6kix\"><\/a><div class=\"gallery-one__content\"><div class=\"gallery-one__content-inner\"><span class=\"gallery-one__icon\"><i class=\"fas fa-plus\"><\/i><\/span><\/div><\/div><\/div><\/div>\t\t\t<\/div>\r\n\t\t<\/div>\r\n\t<\/div>\r\n\t<div class=\"swiper-pagination\"><\/div>   <div class=\"swiper-nav-next\"><\/div><div class=\"swiper-nav-prev\"><\/div><\/div>\r\n<\/div>\t\t\t\t<\/div>\n\t\t\t\t<\/div>\n\t\t\t\t\t<\/div>\n\t\t<\/div>\n\t\t\t\t\t<\/div>\n\t\t<\/section>\n\t\t\t\t<section class=\"elementor-section elementor-top-section elementor-element elementor-element-3fdfcc91 elementor-section-boxed elementor-section-height-default elementor-section-height-default\" data-id=\"3fdfcc91\" data-element_type=\"section\" data-e-type=\"section\">\n\t\t\t\t\t\t<div class=\"elementor-container elementor-column-gap-default\">\n\t\t\t\t\t<div class=\"elementor-column elementor-col-50 elementor-top-column elementor-element elementor-element-1e860b4e\" data-id=\"1e860b4e\" data-element_type=\"column\" data-e-type=\"column\">\n\t\t\t<div class=\"elementor-widget-wrap elementor-element-populated\">\n\t\t\t\t\t\t<div class=\"elementor-element elementor-element-af52673 elementor-widget elementor-widget-gva-heading-block\" data-id=\"af52673\" data-element_type=\"widget\" data-e-type=\"widget\" data-widget_type=\"gva-heading-block.default\">\n\t\t\t\t<div class=\"elementor-widget-container\">\n\t\t\t\t\t<div class=\"gva-element-gva-heading-block gva-element\">   <div class=\"align-left style-1 widget gsc-heading box-align-left auto-responsive\">\r\n      <div class=\"content-inner\">\r\n         \r\n                  \r\n           \r\n         \r\n                     <p class=\"title\">\r\n               <span>Colombia: Salsa, Culture and Nature<\/span>\r\n            <\/p>\r\n                  \r\n         \r\n         \r\n      <\/div>\r\n   <\/div>\r\n<\/div>\t\t\t\t<\/div>\n\t\t\t\t<\/div>\n\t\t\t\t<div class=\"elementor-element elementor-element-9f1ddbf elementor-widget elementor-widget-heading\" data-id=\"9f1ddbf\" data-element_type=\"widget\" data-e-type=\"widget\" data-widget_type=\"heading.default\">\n\t\t\t\t<div class=\"elementor-widget-container\">\n\t\t\t\t\t<h2 class=\"elementor-heading-title elementor-size-default\">Description of the trip<\/h2>\t\t\t\t<\/div>\n\t\t\t\t<\/div>\n\t\t\t\t<div class=\"elementor-element elementor-element-76742ee elementor-widget elementor-widget-text-editor\" data-id=\"76742ee\" data-element_type=\"widget\" data-e-type=\"widget\" data-widget_type=\"text-editor.default\">\n\t\t\t\t<div class=\"elementor-widget-container\">\n\t\t\t\t\t\t\t\t\t<p><span style=\"font-weight: 400;\">Colombia is one of the most vibrant countries in Latin America: music, dance, exuberant nature and a lively culture.<\/span><\/p><p><span style=\"font-weight: 400;\">On this trip we will travel through some of the most fascinating places in the country while discovering its culture through the <\/span><b>dancing, music and connecting with local people<\/b><span style=\"font-weight: 400;\">.<\/span><\/p><p><span style=\"font-weight: 400;\">We will start in <\/span><b>Bogot\u00e1<\/b><span style=\"font-weight: 400;\">, The Andean capital is full of history and contrasts. We will continue to <\/span><b>Cali<\/b><span style=\"font-weight: 400;\">, We will take a salsa tour to see the most emblematic places of the city's salsa history. Afterwards we will travel to the <\/span><b>Coffee-growing Axis<\/b><span style=\"font-weight: 400;\">, where we will enjoy spectacular landscapes and coffee culture.<\/span><\/p><p dir=\"ltr\"><span style=\"font-weight: 400;\">We will continue to <\/span><b>Medell\u00edn<\/b><span style=\"font-weight: 400;\">, one of the most innovative cities in Latin America, before we head to the <\/span><b>Colombian Caribbean<\/b><span style=\"font-weight: 400;\">, where we will visit the area of the <\/span><b>Tayrona Park<\/b><span style=\"font-weight: 400;\"> and we will finish the trip in <\/span><b>Cartagena de Indias<\/b><span style=\"font-weight: 400;\">, one of the most beautiful colonial cities on the continent.<\/span><\/p><p dir=\"ltr\"><span style=\"font-weight: 400;\">During the trip we will combine:<\/span><\/p><ul><li><span style=\"font-weight: 400;\">Dance classes with local teachers<\/span><\/li><li><span style=\"font-weight: 400;\">Culture and nature<\/span><\/li><li><span style=\"font-weight: 400;\">Authentic experiences<\/span><\/li><li><span style=\"font-weight: 400;\">Dancing nights out<\/span><\/li><\/ul><p dir=\"ltr\"><span style=\"font-weight: 400;\">All this is accompanied by the spirit of <\/span><b>Dance Travelling: travelling, dancing and connecting with local culture.<\/b><\/p>\t\t\t\t\t\t\t\t<\/div>\n\t\t\t\t<\/div>\n\t\t\t\t<div class=\"elementor-element elementor-element-68cabde elementor-widget-divider--view-line elementor-widget elementor-widget-divider\" data-id=\"68cabde\" data-element_type=\"widget\" data-e-type=\"widget\" data-widget_type=\"divider.default\">\n\t\t\t\t<div class=\"elementor-widget-container\">\n\t\t\t\t\t\t\t<div class=\"elementor-divider\">\n\t\t\t<span class=\"elementor-divider-separator\">\n\t\t\t\t\t\t<\/span>\n\t\t<\/div>\n\t\t\t\t\t\t<\/div>\n\t\t\t\t<\/div>\n\t\t\t\t<div class=\"elementor-element elementor-element-02a8500 elementor-widget elementor-widget-heading\" data-id=\"02a8500\" data-element_type=\"widget\" data-e-type=\"widget\" data-widget_type=\"heading.default\">\n\t\t\t\t<div class=\"elementor-widget-container\">\n\t\t\t\t\t<h2 class=\"elementor-heading-title elementor-size-default\">Ideal trip for...<\/h2>\t\t\t\t<\/div>\n\t\t\t\t<\/div>\n\t\t\t\t<div class=\"elementor-element elementor-element-ac024d4 elementor-widget elementor-widget-text-editor\" data-id=\"ac024d4\" data-element_type=\"widget\" data-e-type=\"widget\" data-widget_type=\"text-editor.default\">\n\t\t\t\t<div class=\"elementor-widget-container\">\n\t\t\t\t\t\t\t\t\t<p><span style=\"font-weight: 400;\">This trip is specially designed for people who:<\/span><\/p><p><span style=\"font-weight: 400;\"><img decoding=\"async\" class=\"emoji\" role=\"img\" draggable=\"false\" src=\"https:\/\/s.w.org\/images\/core\/emoji\/17.0.2\/svg\/1f483.svg\" alt=\"\ud83d\udc83\" \/><\/span><span style=\"font-weight: 400;\"> Dance <strong>Cuban salsa<\/strong> and want to improve further.<\/span><span style=\"font-weight: 400;\"><br \/><\/span><span style=\"font-weight: 400;\"><img decoding=\"async\" class=\"emoji\" role=\"img\" draggable=\"false\" src=\"https:\/\/s.w.org\/images\/core\/emoji\/17.0.2\/svg\/1f30e.svg\" alt=\"\ud83c\udf0e\" \/><\/span><span style=\"font-weight: 400;\"> They want to discover <strong>Colombian rhythms<\/strong> authentic.<\/span><span style=\"font-weight: 400;\"><br \/><\/span><span style=\"font-weight: 400;\"><img decoding=\"async\" class=\"emoji\" role=\"img\" draggable=\"false\" src=\"https:\/\/s.w.org\/images\/core\/emoji\/17.0.2\/svg\/1f3b6.svg\" alt=\"\ud83c\udfb6\" \/><\/span><span style=\"font-weight: 400;\"> They enjoy travelling with <strong>music and dance<\/strong>.<\/span><span style=\"font-weight: 400;\"><br \/><\/span><span style=\"font-weight: 400;\"><img decoding=\"async\" class=\"emoji\" role=\"img\" draggable=\"false\" src=\"https:\/\/s.w.org\/images\/core\/emoji\/17.0.2\/svg\/1f46b.svg\" alt=\"\ud83d\udc6b\" \/><\/span><span style=\"font-weight: 400;\"> They want <strong>meet people<\/strong> with the same passion.<\/span><span style=\"font-weight: 400;\"><br \/><\/span><span style=\"font-weight: 400;\"><img decoding=\"async\" class=\"emoji\" role=\"img\" draggable=\"false\" src=\"https:\/\/s.w.org\/images\/core\/emoji\/17.0.2\/svg\/1f334.svg\" alt=\"\ud83c\udf34\" \/><\/span><span style=\"font-weight: 400;\"> They are looking for a <strong>active travel<\/strong> combining culture, nature and festivities.<\/span><\/p><p><span style=\"font-weight: 400;\">It doesn't matter where you come from or how old you are, the important thing is that you like to dance, are willing to travel in a group and want to have a good time.<\/span><\/p><p><span style=\"font-weight: 400;\">You don't need to sign up with anyone, you can come alone, we'll bring your friends. <\/span><span style=\"font-weight: 400;\"><img decoding=\"async\" class=\"emoji\" role=\"img\" draggable=\"false\" src=\"https:\/\/s.w.org\/images\/core\/emoji\/17.0.2\/svg\/1f60a.svg\" alt=\"\ud83d\ude0a\" \/><\/span><\/p><p><span style=\"font-weight: 400;\">For this trip we recommend a <strong>intermediate level of cuban salsa<\/strong>. No knowledge of Colombian dances is necessary.<\/span><\/p>\t\t\t\t\t\t\t\t<\/div>\n\t\t\t\t<\/div>\n\t\t\t\t<div class=\"elementor-element elementor-element-f696152 elementor-widget-divider--view-line elementor-widget elementor-widget-divider\" data-id=\"f696152\" data-element_type=\"widget\" data-e-type=\"widget\" data-widget_type=\"divider.default\">\n\t\t\t\t<div class=\"elementor-widget-container\">\n\t\t\t\t\t\t\t<div class=\"elementor-divider\">\n\t\t\t<span class=\"elementor-divider-separator\">\n\t\t\t\t\t\t<\/span>\n\t\t<\/div>\n\t\t\t\t\t\t<\/div>\n\t\t\t\t<\/div>\n\t\t\t\t<div class=\"elementor-element elementor-element-03a4994 elementor-widget elementor-widget-heading\" data-id=\"03a4994\" data-element_type=\"widget\" data-e-type=\"widget\" data-widget_type=\"heading.default\">\n\t\t\t\t<div class=\"elementor-widget-container\">\n\t\t\t\t\t<h2 class=\"elementor-heading-title elementor-size-default\">What makes this trip unique<\/h2>\t\t\t\t<\/div>\n\t\t\t\t<\/div>\n\t\t\t\t<div class=\"elementor-element elementor-element-b7cb850 elementor-widget elementor-widget-text-editor\" data-id=\"b7cb850\" data-element_type=\"widget\" data-e-type=\"widget\" data-widget_type=\"text-editor.default\">\n\t\t\t\t<div class=\"elementor-widget-container\">\n\t\t\t\t\t\t\t\t\t<ul><li><span style=\"font-weight: 400;\"> 14h of dance classes with local teachers<\/span><\/li><li><span style=\"font-weight: 400;\">Cuban salsa + Colombian rhythms<\/span><\/li><li><span style=\"font-weight: 400;\">Cali: salsa capital of the world<\/span><\/li><li><span style=\"font-weight: 400;\">Coffee experience<\/span><\/li><li><span style=\"font-weight: 400;\">Tayrona Park and Colombian Caribbean<\/span><\/li><li><span style=\"font-weight: 400;\">Dancing nights out in each city<\/span><\/li><li><span style=\"font-weight: 400;\"> International group of travellers<\/span><\/li><\/ul>\t\t\t\t\t\t\t\t<\/div>\n\t\t\t\t<\/div>\n\t\t\t\t<div class=\"elementor-element elementor-element-9977282 elementor-widget-divider--view-line elementor-widget elementor-widget-divider\" data-id=\"9977282\" data-element_type=\"widget\" data-e-type=\"widget\" data-widget_type=\"divider.default\">\n\t\t\t\t<div class=\"elementor-widget-container\">\n\t\t\t\t\t\t\t<div class=\"elementor-divider\">\n\t\t\t<span class=\"elementor-divider-separator\">\n\t\t\t\t\t\t<\/span>\n\t\t<\/div>\n\t\t\t\t\t\t<\/div>\n\t\t\t\t<\/div>\n\t\t\t\t<div class=\"elementor-element elementor-element-267ce60 elementor-widget elementor-widget-heading\" data-id=\"267ce60\" data-element_type=\"widget\" data-e-type=\"widget\" data-widget_type=\"heading.default\">\n\t\t\t\t<div class=\"elementor-widget-container\">\n\t\t\t\t\t<h2 class=\"elementor-heading-title elementor-size-default\">Dance classes included<\/h2>\t\t\t\t<\/div>\n\t\t\t\t<\/div>\n\t\t\t\t<div class=\"elementor-element elementor-element-72dbf3c elementor-widget elementor-widget-text-editor\" data-id=\"72dbf3c\" data-element_type=\"widget\" data-e-type=\"widget\" data-widget_type=\"text-editor.default\">\n\t\t\t\t<div class=\"elementor-widget-container\">\n\t\t\t\t\t\t\t\t\t<p><span style=\"font-weight: 400;\">During the trip we will <\/span><b>14 hours of dance classes<\/b><span style=\"font-weight: 400;\"> with local teachers in different cities.<\/span><\/p><p><span style=\"font-weight: 400;\">Classes will last approximately <\/span><b>2 hours<\/b><span style=\"font-weight: 400;\"> and we will combine Cuban salsa with other original Colombian and local rhythms (salsa cale\u00f1a, salsa choke, champeta...).<\/span><\/p><p><span style=\"font-weight: 400;\">The aim is to <\/span><b>to reinforce our knowledge of Cuban salsa,<\/b> <b>learning local rhythms and understanding the country's culture through dance<\/b><\/p>\t\t\t\t\t\t\t\t<\/div>\n\t\t\t\t<\/div>\n\t\t\t\t<div class=\"elementor-element elementor-element-74562d8 elementor-align-left elementor-widget elementor-widget-button\" data-id=\"74562d8\" data-element_type=\"widget\" data-e-type=\"widget\" data-widget_type=\"button.default\">\n\t\t\t\t<div class=\"elementor-widget-container\">\n\t\t\t\t\t\t\t\t\t<div class=\"elementor-button-wrapper\">\n\t\t\t\t\t<a class=\"elementor-button elementor-button-link elementor-size-sm\" href=\"#info-viaje\">\n\t\t\t\t\t\t<span class=\"elementor-button-content-wrapper\">\n\t\t\t\t\t\t\t\t\t<span class=\"elementor-button-text\">Do you have any questions? Write to us at<\/span>\n\t\t\t\t\t<\/span>\n\t\t\t\t\t<\/a>\n\t\t\t\t<\/div>\n\t\t\t\t\t\t\t\t<\/div>\n\t\t\t\t<\/div>\n\t\t\t\t<div class=\"elementor-element elementor-element-9dae9f6 elementor-widget-divider--view-line elementor-widget elementor-widget-divider\" data-id=\"9dae9f6\" data-element_type=\"widget\" data-e-type=\"widget\" data-widget_type=\"divider.default\">\n\t\t\t\t<div class=\"elementor-widget-container\">\n\t\t\t\t\t\t\t<div class=\"elementor-divider\">\n\t\t\t<span class=\"elementor-divider-separator\">\n\t\t\t\t\t\t<\/span>\n\t\t<\/div>\n\t\t\t\t\t\t<\/div>\n\t\t\t\t<\/div>\n\t\t\t\t<div class=\"elementor-element elementor-element-5e6d80a5 elementor-widget elementor-widget-heading\" data-id=\"5e6d80a5\" data-element_type=\"widget\" data-e-type=\"widget\" data-widget_type=\"heading.default\">\n\t\t\t\t<div class=\"elementor-widget-container\">\n\t\t\t\t\t<h2 class=\"elementor-heading-title elementor-size-default\">Itinerary<\/h2>\t\t\t\t<\/div>\n\t\t\t\t<\/div>\n\t\t\t\t<div class=\"elementor-element elementor-element-6c65d76 elementor-widget elementor-widget-accordion\" data-id=\"6c65d76\" data-element_type=\"widget\" data-e-type=\"widget\" data-widget_type=\"accordion.default\">\n\t\t\t\t<div class=\"elementor-widget-container\">\n\t\t\t\t\t\t\t<div class=\"elementor-accordion\">\n\t\t\t\t\t\t\t<div class=\"elementor-accordion-item\">\n\t\t\t\t\t<div id=\"elementor-tab-title-1131\" class=\"elementor-tab-title\" data-tab=\"1\" role=\"button\" aria-controls=\"elementor-tab-content-1131\" aria-expanded=\"false\">\n\t\t\t\t\t\t\t\t\t\t\t\t\t<span class=\"elementor-accordion-icon elementor-accordion-icon-right\" aria-hidden=\"true\">\n\t\t\t\t\t\t\t\t\t\t\t\t\t\t\t<span class=\"elementor-accordion-icon-closed\"><i class=\"fas fa-plus\"><\/i><\/span>\n\t\t\t\t\t\t\t\t<span class=\"elementor-accordion-icon-opened\"><i class=\"fas fa-minus\"><\/i><\/span>\n\t\t\t\t\t\t\t\t\t\t\t\t\t\t<\/span>\n\t\t\t\t\t\t\t\t\t\t\t\t<a class=\"elementor-accordion-title\" tabindex=\"0\">Day 1: Welcome to Colombia!<\/a>\n\t\t\t\t\t<\/div>\n\t\t\t\t\t<div id=\"elementor-tab-content-1131\" class=\"elementor-tab-content elementor-clearfix\" data-tab=\"1\" role=\"region\" aria-labelledby=\"elementor-tab-title-1131\"><p><span style=\"font-weight: 400;\">The meeting point will be around 19h at the accommodation in Bogot\u00e1.\u00a0<\/span><\/p><p><span style=\"font-weight: 400;\">The transfer to the hotel is at your own expense. We do not include flights to give you more flexibility so that you can travel when and from wherever you want.<\/span><\/p><p><span style=\"font-weight: 400;\">We'll all have dinner together to get to know each other and then why not start enjoying the Colombian night?<\/span><\/p><p><span style=\"font-weight: 400;\">Accommodation in Bogot\u00e1.<\/span><\/p><\/div>\n\t\t\t\t<\/div>\n\t\t\t\t\t\t\t<div class=\"elementor-accordion-item\">\n\t\t\t\t\t<div id=\"elementor-tab-title-1132\" class=\"elementor-tab-title\" data-tab=\"2\" role=\"button\" aria-controls=\"elementor-tab-content-1132\" aria-expanded=\"false\">\n\t\t\t\t\t\t\t\t\t\t\t\t\t<span class=\"elementor-accordion-icon elementor-accordion-icon-right\" aria-hidden=\"true\">\n\t\t\t\t\t\t\t\t\t\t\t\t\t\t\t<span class=\"elementor-accordion-icon-closed\"><i class=\"fas fa-plus\"><\/i><\/span>\n\t\t\t\t\t\t\t\t<span class=\"elementor-accordion-icon-opened\"><i class=\"fas fa-minus\"><\/i><\/span>\n\t\t\t\t\t\t\t\t\t\t\t\t\t\t<\/span>\n\t\t\t\t\t\t\t\t\t\t\t\t<a class=\"elementor-accordion-title\" tabindex=\"0\">Day 2: Bogot\u00e1, the capital of Colombia<\/a>\n\t\t\t\t\t<\/div>\n\t\t\t\t\t<div id=\"elementor-tab-content-1132\" class=\"elementor-tab-content elementor-clearfix\" data-tab=\"2\" role=\"region\" aria-labelledby=\"elementor-tab-title-1132\"><p><span style=\"font-weight: 400;\">After breakfast at the hotel, we will have the day at leisure to explore the city.<\/span><\/p><p><span style=\"font-weight: 400;\">Optionally, we can make a <\/span><b>walking tour of La Candelaria<\/b><span style=\"font-weight: 400;\">, We will visit the historic centre of Bogota, where we will see emblematic places such as the Plaza Bolivar, the Gold Museum and the Botero Museum.<\/span><\/p><p><span style=\"font-weight: 400;\">We will also have our first<\/span><b> Dance class <\/b><span style=\"font-weight: 400;\">(2h) with local teachers.<\/span><\/p><p><span style=\"font-weight: 400;\">In the evening we will go out to experience the nightlife of the city and <\/span><b>dancing in some of the best-known venues<\/b><span style=\"font-weight: 400;\">.<\/span><\/p><p><span style=\"font-weight: 400;\">Accommodation in Bogot\u00e1.<\/span><\/p><\/div>\n\t\t\t\t<\/div>\n\t\t\t\t\t\t\t<div class=\"elementor-accordion-item\">\n\t\t\t\t\t<div id=\"elementor-tab-title-1133\" class=\"elementor-tab-title\" data-tab=\"3\" role=\"button\" aria-controls=\"elementor-tab-content-1133\" aria-expanded=\"false\">\n\t\t\t\t\t\t\t\t\t\t\t\t\t<span class=\"elementor-accordion-icon elementor-accordion-icon-right\" aria-hidden=\"true\">\n\t\t\t\t\t\t\t\t\t\t\t\t\t\t\t<span class=\"elementor-accordion-icon-closed\"><i class=\"fas fa-plus\"><\/i><\/span>\n\t\t\t\t\t\t\t\t<span class=\"elementor-accordion-icon-opened\"><i class=\"fas fa-minus\"><\/i><\/span>\n\t\t\t\t\t\t\t\t\t\t\t\t\t\t<\/span>\n\t\t\t\t\t\t\t\t\t\t\t\t<a class=\"elementor-accordion-title\" tabindex=\"0\">Day 3: Cali, the salsa capital of the world<\/a>\n\t\t\t\t\t<\/div>\n\t\t\t\t\t<div id=\"elementor-tab-content-1133\" class=\"elementor-tab-content elementor-clearfix\" data-tab=\"3\" role=\"region\" aria-labelledby=\"elementor-tab-title-1133\"><p><span style=\"font-weight: 400;\">Today, we will fly to Cali, known as the <\/span><b>salsa capital of the world<\/b><span style=\"font-weight: 400;\">, a city where music and dance are part of everyday life.<\/span><\/p><p><span style=\"font-weight: 400;\">We will have a<\/span><b> DANCE CLASS <\/b><span style=\"font-weight: 400;\">(2h) with local teachers and free time to explore the city.<\/span><\/p><p><span style=\"font-weight: 400;\">In the evening we will go to discover <\/span><b>Cali's famous salsa scene<\/b><span style=\"font-weight: 400;\">.<\/span><\/p><p><span style=\"font-weight: 400;\">Accommodation in Cali.<\/span><\/p><\/div>\n\t\t\t\t<\/div>\n\t\t\t\t\t\t\t<div class=\"elementor-accordion-item\">\n\t\t\t\t\t<div id=\"elementor-tab-title-1134\" class=\"elementor-tab-title\" data-tab=\"4\" role=\"button\" aria-controls=\"elementor-tab-content-1134\" aria-expanded=\"false\">\n\t\t\t\t\t\t\t\t\t\t\t\t\t<span class=\"elementor-accordion-icon elementor-accordion-icon-right\" aria-hidden=\"true\">\n\t\t\t\t\t\t\t\t\t\t\t\t\t\t\t<span class=\"elementor-accordion-icon-closed\"><i class=\"fas fa-plus\"><\/i><\/span>\n\t\t\t\t\t\t\t\t<span class=\"elementor-accordion-icon-opened\"><i class=\"fas fa-minus\"><\/i><\/span>\n\t\t\t\t\t\t\t\t\t\t\t\t\t\t<\/span>\n\t\t\t\t\t\t\t\t\t\t\t\t<a class=\"elementor-accordion-title\" tabindex=\"0\">Day 4: Delving into the history of salsa in Cali<\/a>\n\t\t\t\t\t<\/div>\n\t\t\t\t\t<div id=\"elementor-tab-content-1134\" class=\"elementor-tab-content elementor-clearfix\" data-tab=\"4\" role=\"region\" aria-labelledby=\"elementor-tab-title-1134\"><p><span style=\"font-weight: 400;\">Today we will have a <\/span><b>salsa city tour<\/b><span style=\"font-weight: 400;\">, We will visit emblematic places of the salsa history of the city and we will understand why the city is known worldwide as the capital of salsa.<\/span><\/p><p><span style=\"font-weight: 400;\">In the afternoon, we will have a <\/span><b>DANCE CLASS <\/b><span style=\"font-weight: 400;\">(2h) with local teachers.<\/span><\/p><p><span style=\"font-weight: 400;\">In the evening we will go out again to <\/span><b>dancing on some of the best salsa dance floors in town<\/b><span style=\"font-weight: 400;\">.<\/span><\/p><p><span style=\"font-weight: 400;\">Accommodation in Cali.<\/span><\/p><\/div>\n\t\t\t\t<\/div>\n\t\t\t\t\t\t\t<div class=\"elementor-accordion-item\">\n\t\t\t\t\t<div id=\"elementor-tab-title-1135\" class=\"elementor-tab-title\" data-tab=\"5\" role=\"button\" aria-controls=\"elementor-tab-content-1135\" aria-expanded=\"false\">\n\t\t\t\t\t\t\t\t\t\t\t\t\t<span class=\"elementor-accordion-icon elementor-accordion-icon-right\" aria-hidden=\"true\">\n\t\t\t\t\t\t\t\t\t\t\t\t\t\t\t<span class=\"elementor-accordion-icon-closed\"><i class=\"fas fa-plus\"><\/i><\/span>\n\t\t\t\t\t\t\t\t<span class=\"elementor-accordion-icon-opened\"><i class=\"fas fa-minus\"><\/i><\/span>\n\t\t\t\t\t\t\t\t\t\t\t\t\t\t<\/span>\n\t\t\t\t\t\t\t\t\t\t\t\t<a class=\"elementor-accordion-title\" tabindex=\"0\">Day 5: Free time in Cali<\/a>\n\t\t\t\t\t<\/div>\n\t\t\t\t\t<div id=\"elementor-tab-content-1135\" class=\"elementor-tab-content elementor-clearfix\" data-tab=\"5\" role=\"region\" aria-labelledby=\"elementor-tab-title-1135\"><p><span style=\"font-weight: 400;\">After breakfast, today we will have the day at leisure to continue enjoying the city.<\/span><\/p><p><span style=\"font-weight: 400;\">In the afternoon we will have a <\/span><b>dance class (2h)<\/b><span style=\"font-weight: 400;\"> with local teachers and in the evening we will go out again to enjoy the incredible salsa atmosphere of Cali.<\/span><\/p><p><span style=\"font-weight: 400;\">Accommodation in Cali.<\/span><\/p><\/div>\n\t\t\t\t<\/div>\n\t\t\t\t\t\t\t<div class=\"elementor-accordion-item\">\n\t\t\t\t\t<div id=\"elementor-tab-title-1136\" class=\"elementor-tab-title\" data-tab=\"6\" role=\"button\" aria-controls=\"elementor-tab-content-1136\" aria-expanded=\"false\">\n\t\t\t\t\t\t\t\t\t\t\t\t\t<span class=\"elementor-accordion-icon elementor-accordion-icon-right\" aria-hidden=\"true\">\n\t\t\t\t\t\t\t\t\t\t\t\t\t\t\t<span class=\"elementor-accordion-icon-closed\"><i class=\"fas fa-plus\"><\/i><\/span>\n\t\t\t\t\t\t\t\t<span class=\"elementor-accordion-icon-opened\"><i class=\"fas fa-minus\"><\/i><\/span>\n\t\t\t\t\t\t\t\t\t\t\t\t\t\t<\/span>\n\t\t\t\t\t\t\t\t\t\t\t\t<a class=\"elementor-accordion-title\" tabindex=\"0\">Day 6: Between the coffee plantations of the Eje Cafetero<\/a>\n\t\t\t\t\t<\/div>\n\t\t\t\t\t<div id=\"elementor-tab-content-1136\" class=\"elementor-tab-content elementor-clearfix\" data-tab=\"6\" role=\"region\" aria-labelledby=\"elementor-tab-title-1136\"><p><span style=\"font-weight: 400;\">Today we will travel by road to the <\/span><b>Coffee-growing Axis<\/b><span style=\"font-weight: 400;\"> (approx. 3h). We will arrive at a coffee farm surrounded by nature, where we will stay.<\/span><\/p><p><span style=\"font-weight: 400;\">Optionally we can have a coffee experience where we will learn all about the Colombian coffee production process and taste a delicious coffee.\u00a0<\/span><\/p><p><span style=\"font-weight: 400;\">Accommodation in the Eje Cafetero.<\/span><\/p><\/div>\n\t\t\t\t<\/div>\n\t\t\t\t\t\t\t<div class=\"elementor-accordion-item\">\n\t\t\t\t\t<div id=\"elementor-tab-title-1137\" class=\"elementor-tab-title\" data-tab=\"7\" role=\"button\" aria-controls=\"elementor-tab-content-1137\" aria-expanded=\"false\">\n\t\t\t\t\t\t\t\t\t\t\t\t\t<span class=\"elementor-accordion-icon elementor-accordion-icon-right\" aria-hidden=\"true\">\n\t\t\t\t\t\t\t\t\t\t\t\t\t\t\t<span class=\"elementor-accordion-icon-closed\"><i class=\"fas fa-plus\"><\/i><\/span>\n\t\t\t\t\t\t\t\t<span class=\"elementor-accordion-icon-opened\"><i class=\"fas fa-minus\"><\/i><\/span>\n\t\t\t\t\t\t\t\t\t\t\t\t\t\t<\/span>\n\t\t\t\t\t\t\t\t\t\t\t\t<a class=\"elementor-accordion-title\" tabindex=\"0\">Day 7: The spectacular Cocora Valley<\/a>\n\t\t\t\t\t<\/div>\n\t\t\t\t\t<div id=\"elementor-tab-content-1137\" class=\"elementor-tab-content elementor-clearfix\" data-tab=\"7\" role=\"region\" aria-labelledby=\"elementor-tab-title-1137\"><p><span style=\"font-weight: 400;\">Today we have the option to explore <\/span><b>the Cocora Valley, <\/b><span style=\"font-weight: 400;\">one of the most spectacular landscapes in Colombia, famous for its giant wax palms. Afterwards we can stroll through <\/span><b>Salento<\/b><span style=\"font-weight: 400;\"> and its craft shops, and end the day watching the sunset from a viewpoint.<\/span><\/p><p><span style=\"font-weight: 400;\">Accommodation in the Eje Cafetero.<\/span><\/p><\/div>\n\t\t\t\t<\/div>\n\t\t\t\t\t\t\t<div class=\"elementor-accordion-item\">\n\t\t\t\t\t<div id=\"elementor-tab-title-1138\" class=\"elementor-tab-title\" data-tab=\"8\" role=\"button\" aria-controls=\"elementor-tab-content-1138\" aria-expanded=\"false\">\n\t\t\t\t\t\t\t\t\t\t\t\t\t<span class=\"elementor-accordion-icon elementor-accordion-icon-right\" aria-hidden=\"true\">\n\t\t\t\t\t\t\t\t\t\t\t\t\t\t\t<span class=\"elementor-accordion-icon-closed\"><i class=\"fas fa-plus\"><\/i><\/span>\n\t\t\t\t\t\t\t\t<span class=\"elementor-accordion-icon-opened\"><i class=\"fas fa-minus\"><\/i><\/span>\n\t\t\t\t\t\t\t\t\t\t\t\t\t\t<\/span>\n\t\t\t\t\t\t\t\t\t\t\t\t<a class=\"elementor-accordion-title\" tabindex=\"0\">Day 8: Transfer to the vibrant city of Medell\u00edn<\/a>\n\t\t\t\t\t<\/div>\n\t\t\t\t\t<div id=\"elementor-tab-content-1138\" class=\"elementor-tab-content elementor-clearfix\" data-tab=\"8\" role=\"region\" aria-labelledby=\"elementor-tab-title-1138\"><p><span style=\"font-weight: 400;\">Today we will travel by road to Medell\u00edn (approx. 6h).\u00a0<\/span><\/p><p><span style=\"font-weight: 400;\">Upon arrival, we will have the rest of the day free to explore the city or rest.\u00a0<\/span><\/p><p><span style=\"font-weight: 400;\">In the evening we will go out to discover the <\/span><b>Medell\u00edn's vibrant nightlife<\/b><span style=\"font-weight: 400;\">.<\/span><\/p><p><span style=\"font-weight: 400;\">Accommodation in Medell\u00edn.<\/span><\/p><\/div>\n\t\t\t\t<\/div>\n\t\t\t\t\t\t\t<div class=\"elementor-accordion-item\">\n\t\t\t\t\t<div id=\"elementor-tab-title-1139\" class=\"elementor-tab-title\" data-tab=\"9\" role=\"button\" aria-controls=\"elementor-tab-content-1139\" aria-expanded=\"false\">\n\t\t\t\t\t\t\t\t\t\t\t\t\t<span class=\"elementor-accordion-icon elementor-accordion-icon-right\" aria-hidden=\"true\">\n\t\t\t\t\t\t\t\t\t\t\t\t\t\t\t<span class=\"elementor-accordion-icon-closed\"><i class=\"fas fa-plus\"><\/i><\/span>\n\t\t\t\t\t\t\t\t<span class=\"elementor-accordion-icon-opened\"><i class=\"fas fa-minus\"><\/i><\/span>\n\t\t\t\t\t\t\t\t\t\t\t\t\t\t<\/span>\n\t\t\t\t\t\t\t\t\t\t\t\t<a class=\"elementor-accordion-title\" tabindex=\"0\">Day 9: Medell\u00edn and Comuna 13<\/a>\n\t\t\t\t\t<\/div>\n\t\t\t\t\t<div id=\"elementor-tab-content-1139\" class=\"elementor-tab-content elementor-clearfix\" data-tab=\"9\" role=\"region\" aria-labelledby=\"elementor-tab-title-1139\"><p><span style=\"font-weight: 400;\">Today we will have a <\/span><b>DANCE CLASS <\/b><span style=\"font-weight: 400;\">(2h) with local teachers.<\/span><\/p><p><span style=\"font-weight: 400;\">Optionally, we can take a guided walking tour through the <\/span><b>Commune 13<\/b><span style=\"font-weight: 400;\">, one of the most emblematic neighbourhoods of the city's cultural transformation.<\/span><\/p><p><span style=\"font-weight: 400;\">In the evening we will go out to <\/span><b>dance and enjoy the musical atmosphere of Medell\u00edn.<\/b><span style=\"font-weight: 400;\">.<\/span><\/p><p><span style=\"font-weight: 400;\">Accommodation in Medell\u00edn.<\/span><\/p><\/div>\n\t\t\t\t<\/div>\n\t\t\t\t\t\t\t<div class=\"elementor-accordion-item\">\n\t\t\t\t\t<div id=\"elementor-tab-title-11310\" class=\"elementor-tab-title\" data-tab=\"10\" role=\"button\" aria-controls=\"elementor-tab-content-11310\" aria-expanded=\"false\">\n\t\t\t\t\t\t\t\t\t\t\t\t\t<span class=\"elementor-accordion-icon elementor-accordion-icon-right\" aria-hidden=\"true\">\n\t\t\t\t\t\t\t\t\t\t\t\t\t\t\t<span class=\"elementor-accordion-icon-closed\"><i class=\"fas fa-plus\"><\/i><\/span>\n\t\t\t\t\t\t\t\t<span class=\"elementor-accordion-icon-opened\"><i class=\"fas fa-minus\"><\/i><\/span>\n\t\t\t\t\t\t\t\t\t\t\t\t\t\t<\/span>\n\t\t\t\t\t\t\t\t\t\t\t\t<a class=\"elementor-accordion-title\" tabindex=\"0\">Day 10: Arrival at Tayrona National Park<\/a>\n\t\t\t\t\t<\/div>\n\t\t\t\t\t<div id=\"elementor-tab-content-11310\" class=\"elementor-tab-content elementor-clearfix\" data-tab=\"10\" role=\"region\" aria-labelledby=\"elementor-tab-title-11310\"><p><span style=\"font-weight: 400;\">Today we will take a flight to Santa Marta and have a transfer to the area of the <\/span><b>Tayrona National Park<\/b><span style=\"font-weight: 400;\">. We will arrive at the campsite where we will stay for 2 nights, which will allow us to immerse ourselves in the nature of the park.<\/span><\/p><p><span style=\"font-weight: 400;\">We will have the afternoon free to start enjoying the natural environment.<\/span><\/p><p><span style=\"font-weight: 400;\">At night we can stay in the tents and watch the starry sky.<\/span><\/p><p><span style=\"font-weight: 400;\">Accommodation in Tayrona.<\/span><\/p><\/div>\n\t\t\t\t<\/div>\n\t\t\t\t\t\t\t<div class=\"elementor-accordion-item\">\n\t\t\t\t\t<div id=\"elementor-tab-title-11311\" class=\"elementor-tab-title\" data-tab=\"11\" role=\"button\" aria-controls=\"elementor-tab-content-11311\" aria-expanded=\"false\">\n\t\t\t\t\t\t\t\t\t\t\t\t\t<span class=\"elementor-accordion-icon elementor-accordion-icon-right\" aria-hidden=\"true\">\n\t\t\t\t\t\t\t\t\t\t\t\t\t\t\t<span class=\"elementor-accordion-icon-closed\"><i class=\"fas fa-plus\"><\/i><\/span>\n\t\t\t\t\t\t\t\t<span class=\"elementor-accordion-icon-opened\"><i class=\"fas fa-minus\"><\/i><\/span>\n\t\t\t\t\t\t\t\t\t\t\t\t\t\t<\/span>\n\t\t\t\t\t\t\t\t\t\t\t\t<a class=\"elementor-accordion-title\" tabindex=\"0\">Day 11: Beaches and nature in Tayrona<\/a>\n\t\t\t\t\t<\/div>\n\t\t\t\t\t<div id=\"elementor-tab-content-11311\" class=\"elementor-tab-content elementor-clearfix\" data-tab=\"11\" role=\"region\" aria-labelledby=\"elementor-tab-title-11311\"><p><span style=\"font-weight: 400;\">Today we have the day free to enjoy the park at our leisure. We can hike and\/or enjoy the beaches.<\/span><\/p><p><span style=\"font-weight: 400;\">Accommodation in Tayrona.<\/span><\/p><\/div>\n\t\t\t\t<\/div>\n\t\t\t\t\t\t\t<div class=\"elementor-accordion-item\">\n\t\t\t\t\t<div id=\"elementor-tab-title-11312\" class=\"elementor-tab-title\" data-tab=\"12\" role=\"button\" aria-controls=\"elementor-tab-content-11312\" aria-expanded=\"false\">\n\t\t\t\t\t\t\t\t\t\t\t\t\t<span class=\"elementor-accordion-icon elementor-accordion-icon-right\" aria-hidden=\"true\">\n\t\t\t\t\t\t\t\t\t\t\t\t\t\t\t<span class=\"elementor-accordion-icon-closed\"><i class=\"fas fa-plus\"><\/i><\/span>\n\t\t\t\t\t\t\t\t<span class=\"elementor-accordion-icon-opened\"><i class=\"fas fa-minus\"><\/i><\/span>\n\t\t\t\t\t\t\t\t\t\t\t\t\t\t<\/span>\n\t\t\t\t\t\t\t\t\t\t\t\t<a class=\"elementor-accordion-title\" tabindex=\"0\">Day 12: Arrival in the walled city of Cartagena<\/a>\n\t\t\t\t\t<\/div>\n\t\t\t\t\t<div id=\"elementor-tab-content-11312\" class=\"elementor-tab-content elementor-clearfix\" data-tab=\"12\" role=\"region\" aria-labelledby=\"elementor-tab-title-11312\"><p><span style=\"font-weight: 400;\">Transfer by road to Cartagena (approx. 6h) via the Caribbean Coast, taking in breathtaking coastal scenery, picturesque villages and the thrill of exploring two of Colombia's iconic destinations.\u00a0<\/span><\/p><p><span style=\"font-weight: 400;\">Upon arrival we will have free time and then we will go for an evening stroll through the historic centre.<\/span><\/p><p><span style=\"font-weight: 400;\">Accommodation in Cartagena.<\/span><\/p><\/div>\n\t\t\t\t<\/div>\n\t\t\t\t\t\t\t<div class=\"elementor-accordion-item\">\n\t\t\t\t\t<div id=\"elementor-tab-title-11313\" class=\"elementor-tab-title\" data-tab=\"13\" role=\"button\" aria-controls=\"elementor-tab-content-11313\" aria-expanded=\"false\">\n\t\t\t\t\t\t\t\t\t\t\t\t\t<span class=\"elementor-accordion-icon elementor-accordion-icon-right\" aria-hidden=\"true\">\n\t\t\t\t\t\t\t\t\t\t\t\t\t\t\t<span class=\"elementor-accordion-icon-closed\"><i class=\"fas fa-plus\"><\/i><\/span>\n\t\t\t\t\t\t\t\t<span class=\"elementor-accordion-icon-opened\"><i class=\"fas fa-minus\"><\/i><\/span>\n\t\t\t\t\t\t\t\t\t\t\t\t\t\t<\/span>\n\t\t\t\t\t\t\t\t\t\t\t\t<a class=\"elementor-accordion-title\" tabindex=\"0\">Day 13: Exploring Cartagena<\/a>\n\t\t\t\t\t<\/div>\n\t\t\t\t\t<div id=\"elementor-tab-content-11313\" class=\"elementor-tab-content elementor-clearfix\" data-tab=\"13\" role=\"region\" aria-labelledby=\"elementor-tab-title-11313\"><p><span style=\"font-weight: 400;\">Today we will have our <\/span><b>DANCE CLASS <\/b><span style=\"font-weight: 400;\">(2h) with local teachers.<\/span><\/p><p><span style=\"font-weight: 400;\">Afterwards we will have the day at leisure to explore the city. Optionally we can take a guided tour of the historic centre and\/or in the evening take a catamaran ride.<\/span><\/p><p><span style=\"font-weight: 400;\">In the evening we will go out to enjoy the Caribbean atmosphere of Cartagena.<\/span><\/p><p><span style=\"font-weight: 400;\">Accommodation in Cartagena.<\/span><\/p><\/div>\n\t\t\t\t<\/div>\n\t\t\t\t\t\t\t<div class=\"elementor-accordion-item\">\n\t\t\t\t\t<div id=\"elementor-tab-title-11314\" class=\"elementor-tab-title\" data-tab=\"14\" role=\"button\" aria-controls=\"elementor-tab-content-11314\" aria-expanded=\"false\">\n\t\t\t\t\t\t\t\t\t\t\t\t\t<span class=\"elementor-accordion-icon elementor-accordion-icon-right\" aria-hidden=\"true\">\n\t\t\t\t\t\t\t\t\t\t\t\t\t\t\t<span class=\"elementor-accordion-icon-closed\"><i class=\"fas fa-plus\"><\/i><\/span>\n\t\t\t\t\t\t\t\t<span class=\"elementor-accordion-icon-opened\"><i class=\"fas fa-minus\"><\/i><\/span>\n\t\t\t\t\t\t\t\t\t\t\t\t\t\t<\/span>\n\t\t\t\t\t\t\t\t\t\t\t\t<a class=\"elementor-accordion-title\" tabindex=\"0\">Day 14: Enjoying the Caribbean Beaches<\/a>\n\t\t\t\t\t<\/div>\n\t\t\t\t\t<div id=\"elementor-tab-content-11314\" class=\"elementor-tab-content elementor-clearfix\" data-tab=\"14\" role=\"region\" aria-labelledby=\"elementor-tab-title-11314\"><p><span style=\"font-weight: 400;\">Today we can take an excursion to the Rosario Islands, a Caribbean paradise off Cartagena, where we can spend the day on a white sandy beach surrounded by turquoise waters, relax in hammocks by the sea, swim or snorkel in one of Colombia's most beautiful marine ecosystems.\u00a0<\/span><\/p><p><span style=\"font-weight: 400;\">On our way back to Cartagena, we will have our final <\/span><b>DANCE CLASS <\/b><span style=\"font-weight: 400;\">(2h) with local teachers.<\/span><\/p><p><span style=\"font-weight: 400;\">In the evening, we will celebrate together the last night of the trip. <\/span><b>dancing in the Colombian Caribbean<\/b><span style=\"font-weight: 400;\">.<\/span><\/p><p><span style=\"font-weight: 400;\">Accommodation in Cartagena.<\/span><\/p><\/div>\n\t\t\t\t<\/div>\n\t\t\t\t\t\t\t<div class=\"elementor-accordion-item\">\n\t\t\t\t\t<div id=\"elementor-tab-title-11315\" class=\"elementor-tab-title\" data-tab=\"15\" role=\"button\" aria-controls=\"elementor-tab-content-11315\" aria-expanded=\"false\">\n\t\t\t\t\t\t\t\t\t\t\t\t\t<span class=\"elementor-accordion-icon elementor-accordion-icon-right\" aria-hidden=\"true\">\n\t\t\t\t\t\t\t\t\t\t\t\t\t\t\t<span class=\"elementor-accordion-icon-closed\"><i class=\"fas fa-plus\"><\/i><\/span>\n\t\t\t\t\t\t\t\t<span class=\"elementor-accordion-icon-opened\"><i class=\"fas fa-minus\"><\/i><\/span>\n\t\t\t\t\t\t\t\t\t\t\t\t\t\t<\/span>\n\t\t\t\t\t\t\t\t\t\t\t\t<a class=\"elementor-accordion-title\" tabindex=\"0\">Day 15: Goodbye Colombia<\/a>\n\t\t\t\t\t<\/div>\n\t\t\t\t\t<div id=\"elementor-tab-content-11315\" class=\"elementor-tab-content elementor-clearfix\" data-tab=\"15\" role=\"region\" aria-labelledby=\"elementor-tab-title-11315\"><p><span style=\"font-weight: 400;\">The time has come to say goodbye, today everyone can leave at any time they want from the morning onwards or take advantage of the last day to buy souvenirs.<\/span><\/p><\/div>\n\t\t\t\t<\/div>\n\t\t\t\t\t\t\t\t<\/div>\n\t\t\t\t\t\t<\/div>\n\t\t\t\t<\/div>\n\t\t\t\t<div class=\"elementor-element elementor-element-33e4f83 elementor-widget-divider--view-line elementor-widget elementor-widget-divider\" data-id=\"33e4f83\" data-element_type=\"widget\" data-e-type=\"widget\" data-widget_type=\"divider.default\">\n\t\t\t\t<div class=\"elementor-widget-container\">\n\t\t\t\t\t\t\t<div class=\"elementor-divider\">\n\t\t\t<span class=\"elementor-divider-separator\">\n\t\t\t\t\t\t<\/span>\n\t\t<\/div>\n\t\t\t\t\t\t<\/div>\n\t\t\t\t<\/div>\n\t\t\t\t<div class=\"elementor-element elementor-element-722d932 elementor-widget elementor-widget-heading\" data-id=\"722d932\" data-element_type=\"widget\" data-e-type=\"widget\" data-widget_type=\"heading.default\">\n\t\t\t\t<div class=\"elementor-widget-container\">\n\t\t\t\t\t<h2 class=\"elementor-heading-title elementor-size-default\">Optional activities<\/h2>\t\t\t\t<\/div>\n\t\t\t\t<\/div>\n\t\t\t\t<div class=\"elementor-element elementor-element-c9c4233 elementor-widget elementor-widget-text-editor\" data-id=\"c9c4233\" data-element_type=\"widget\" data-e-type=\"widget\" data-widget_type=\"text-editor.default\">\n\t\t\t\t<div class=\"elementor-widget-container\">\n\t\t\t\t\t\t\t\t\t<p><span style=\"font-weight: 400;\">During the trip there will be different optional activities that we will decide to do as a group, which will be paid for from the common fund that will be collected on the first day of the trip.<\/span><\/p><p><b>Bogot\u00e1<\/b><span style=\"font-weight: 400;\"><br \/><\/span><span style=\"font-weight: 400;\">- Walking tour La Candelaria<\/span><\/p><p><b>Coffee-growing Axis<\/b><span style=\"font-weight: 400;\"><br \/><\/span><span style=\"font-weight: 400;\">- Coffee experience<\/span><span style=\"font-weight: 400;\"><br \/><\/span><span style=\"font-weight: 400;\">- Excursion to the Cocora Valley<\/span><\/p><p><b>Medell\u00edn<\/b><span style=\"font-weight: 400;\"><br \/><\/span><span style=\"font-weight: 400;\">- Comuna 13 Tour<\/span><\/p><p><b>Cartagena<\/b><span style=\"font-weight: 400;\"><br \/><\/span><span style=\"font-weight: 400;\">- Walking tour of the walled city<\/span><span style=\"font-weight: 400;\"><br \/><\/span><span style=\"font-weight: 400;\">- Catamaran at sunset<\/span><span style=\"font-weight: 400;\"><br \/><\/span><span style=\"font-weight: 400;\">- Rosario Islands Excursion<\/span><\/p>\t\t\t\t\t\t\t\t<\/div>\n\t\t\t\t<\/div>\n\t\t\t\t<div class=\"elementor-element elementor-element-f94fc6d elementor-widget-divider--view-line elementor-widget elementor-widget-divider\" data-id=\"f94fc6d\" data-element_type=\"widget\" data-e-type=\"widget\" data-widget_type=\"divider.default\">\n\t\t\t\t<div class=\"elementor-widget-container\">\n\t\t\t\t\t\t\t<div class=\"elementor-divider\">\n\t\t\t<span class=\"elementor-divider-separator\">\n\t\t\t\t\t\t<\/span>\n\t\t<\/div>\n\t\t\t\t\t\t<\/div>\n\t\t\t\t<\/div>\n\t\t\t\t<div class=\"elementor-element elementor-element-bb32e3e elementor-widget elementor-widget-heading\" data-id=\"bb32e3e\" data-element_type=\"widget\" data-e-type=\"widget\" data-widget_type=\"heading.default\">\n\t\t\t\t<div class=\"elementor-widget-container\">\n\t\t\t\t\t<h2 class=\"elementor-heading-title elementor-size-default\">Meeting and farewell<\/h2>\t\t\t\t<\/div>\n\t\t\t\t<\/div>\n\t\t\t\t<div class=\"elementor-element elementor-element-9ff56bf elementor-widget elementor-widget-text-editor\" data-id=\"9ff56bf\" data-element_type=\"widget\" data-e-type=\"widget\" data-widget_type=\"text-editor.default\">\n\t\t\t\t<div class=\"elementor-widget-container\">\n\t\t\t\t\t\t\t\t\t<p><span style=\"font-weight: 400;\">This trip <strong>starts in Bogot\u00e1 and ends in Cartagena<\/strong>.<\/span><\/p><p><span style=\"font-weight: 400;\">On the first day we will meet in Bogota from 19h to start the journey together. <\/span><span style=\"font-weight: 400;\">The last day of the trip will end in Cartagena, from where each traveller will be able to organise their return flight in the morning.<\/span><\/p>\t\t\t\t\t\t\t\t<\/div>\n\t\t\t\t<\/div>\n\t\t\t\t<div class=\"elementor-element elementor-element-271be42 elementor-widget-divider--view-line elementor-widget elementor-widget-divider\" data-id=\"271be42\" data-element_type=\"widget\" data-e-type=\"widget\" data-widget_type=\"divider.default\">\n\t\t\t\t<div class=\"elementor-widget-container\">\n\t\t\t\t\t\t\t<div class=\"elementor-divider\">\n\t\t\t<span class=\"elementor-divider-separator\">\n\t\t\t\t\t\t<\/span>\n\t\t<\/div>\n\t\t\t\t\t\t<\/div>\n\t\t\t\t<\/div>\n\t\t\t\t<div class=\"elementor-element elementor-element-4aa3dc2 elementor-widget elementor-widget-heading\" data-id=\"4aa3dc2\" data-element_type=\"widget\" data-e-type=\"widget\" data-widget_type=\"heading.default\">\n\t\t\t\t<div class=\"elementor-widget-container\">\n\t\t\t\t\t<h2 class=\"elementor-heading-title elementor-size-default\">Included\/Excluded<\/h2>\t\t\t\t<\/div>\n\t\t\t\t<\/div>\n\t\t\t\t<div class=\"elementor-element elementor-element-de9b329 elementor-icon-list--layout-traditional elementor-list-item-link-full_width elementor-widget elementor-widget-icon-list\" data-id=\"de9b329\" data-element_type=\"widget\" data-e-type=\"widget\" data-widget_type=\"icon-list.default\">\n\t\t\t\t<div class=\"elementor-widget-container\">\n\t\t\t\t\t\t\t<ul class=\"elementor-icon-list-items\">\n\t\t\t\t\t\t\t<li class=\"elementor-icon-list-item\">\n\t\t\t\t\t\t\t\t\t\t\t<span class=\"elementor-icon-list-icon\">\n\t\t\t\t\t\t\t<i aria-hidden=\"true\" class=\"fas fa-check\"><\/i>\t\t\t\t\t\t<\/span>\n\t\t\t\t\t\t\t\t\t\t<span class=\"elementor-icon-list-text\">Accommodation in a shared room in a 3-star category.<\/span>\n\t\t\t\t\t\t\t\t\t<\/li>\n\t\t\t\t\t\t\t\t<li class=\"elementor-icon-list-item\">\n\t\t\t\t\t\t\t\t\t\t\t<span class=\"elementor-icon-list-icon\">\n\t\t\t\t\t\t\t<i aria-hidden=\"true\" class=\"fas fa-check\"><\/i>\t\t\t\t\t\t<\/span>\n\t\t\t\t\t\t\t\t\t\t<span class=\"elementor-icon-list-text\">All breakfasts<\/span>\n\t\t\t\t\t\t\t\t\t<\/li>\n\t\t\t\t\t\t\t\t<li class=\"elementor-icon-list-item\">\n\t\t\t\t\t\t\t\t\t\t\t<span class=\"elementor-icon-list-icon\">\n\t\t\t\t\t\t\t<i aria-hidden=\"true\" class=\"fas fa-check\"><\/i>\t\t\t\t\t\t<\/span>\n\t\t\t\t\t\t\t\t\t\t<span class=\"elementor-icon-list-text\">Internal transport between cities (scheduled flights and private road transfers)<\/span>\n\t\t\t\t\t\t\t\t\t<\/li>\n\t\t\t\t\t\t\t\t<li class=\"elementor-icon-list-item\">\n\t\t\t\t\t\t\t\t\t\t\t<span class=\"elementor-icon-list-icon\">\n\t\t\t\t\t\t\t<i aria-hidden=\"true\" class=\"fas fa-check\"><\/i>\t\t\t\t\t\t<\/span>\n\t\t\t\t\t\t\t\t\t\t<span class=\"elementor-icon-list-text\">14 hours of dance classes with local teachers (salsa cubana, cale\u00f1a, choke, champeta).<\/span>\n\t\t\t\t\t\t\t\t\t<\/li>\n\t\t\t\t\t\t\t\t<li class=\"elementor-icon-list-item\">\n\t\t\t\t\t\t\t\t\t\t\t<span class=\"elementor-icon-list-icon\">\n\t\t\t\t\t\t\t<i aria-hidden=\"true\" class=\"fas fa-check\"><\/i>\t\t\t\t\t\t<\/span>\n\t\t\t\t\t\t\t\t\t\t<span class=\"elementor-icon-list-text\">Salsa city tour in Cali<\/span>\n\t\t\t\t\t\t\t\t\t<\/li>\n\t\t\t\t\t\t\t\t<li class=\"elementor-icon-list-item\">\n\t\t\t\t\t\t\t\t\t\t\t<span class=\"elementor-icon-list-icon\">\n\t\t\t\t\t\t\t<i aria-hidden=\"true\" class=\"fas fa-check\"><\/i>\t\t\t\t\t\t<\/span>\n\t\t\t\t\t\t\t\t\t\t<span class=\"elementor-icon-list-text\">Accompaniment and coordination of the trip<\/span>\n\t\t\t\t\t\t\t\t\t<\/li>\n\t\t\t\t\t\t\t\t<li class=\"elementor-icon-list-item\">\n\t\t\t\t\t\t\t\t\t\t\t<span class=\"elementor-icon-list-icon\">\n\t\t\t\t\t\t\t<i aria-hidden=\"true\" class=\"fas fa-check\"><\/i>\t\t\t\t\t\t<\/span>\n\t\t\t\t\t\t\t\t\t\t<span class=\"elementor-icon-list-text\">Cultural and dance experience with Dance Travelling<\/span>\n\t\t\t\t\t\t\t\t\t<\/li>\n\t\t\t\t\t\t\t\t<li class=\"elementor-icon-list-item\">\n\t\t\t\t\t\t\t\t\t\t\t<span class=\"elementor-icon-list-icon\">\n\t\t\t\t\t\t\t<i aria-hidden=\"true\" class=\"fas fa-check\"><\/i>\t\t\t\t\t\t<\/span>\n\t\t\t\t\t\t\t\t\t\t<span class=\"elementor-icon-list-text\">Health insurance<\/span>\n\t\t\t\t\t\t\t\t\t<\/li>\n\t\t\t\t\t\t<\/ul>\n\t\t\t\t\t\t<\/div>\n\t\t\t\t<\/div>\n\t\t\t\t<div class=\"elementor-element elementor-element-528556c elementor-icon-list--layout-traditional elementor-list-item-link-full_width elementor-widget elementor-widget-icon-list\" data-id=\"528556c\" data-element_type=\"widget\" data-e-type=\"widget\" data-widget_type=\"icon-list.default\">\n\t\t\t\t<div class=\"elementor-widget-container\">\n\t\t\t\t\t\t\t<ul class=\"elementor-icon-list-items\">\n\t\t\t\t\t\t\t<li class=\"elementor-icon-list-item\">\n\t\t\t\t\t\t\t\t\t\t\t<span class=\"elementor-icon-list-icon\">\n\t\t\t\t\t\t\t<i aria-hidden=\"true\" class=\"fas fa-times\"><\/i>\t\t\t\t\t\t<\/span>\n\t\t\t\t\t\t\t\t\t\t<span class=\"elementor-icon-list-text\">International flights to Colombia<\/span>\n\t\t\t\t\t\t\t\t\t<\/li>\n\t\t\t\t\t\t\t\t<li class=\"elementor-icon-list-item\">\n\t\t\t\t\t\t\t\t\t\t\t<span class=\"elementor-icon-list-icon\">\n\t\t\t\t\t\t\t<i aria-hidden=\"true\" class=\"fas fa-times\"><\/i>\t\t\t\t\t\t<\/span>\n\t\t\t\t\t\t\t\t\t\t<span class=\"elementor-icon-list-text\">Airport pick-ups or transfers<\/span>\n\t\t\t\t\t\t\t\t\t<\/li>\n\t\t\t\t\t\t\t\t<li class=\"elementor-icon-list-item\">\n\t\t\t\t\t\t\t\t\t\t\t<span class=\"elementor-icon-list-icon\">\n\t\t\t\t\t\t\t<i aria-hidden=\"true\" class=\"fas fa-times\"><\/i>\t\t\t\t\t\t<\/span>\n\t\t\t\t\t\t\t\t\t\t<span class=\"elementor-icon-list-text\">Optional activities<\/span>\n\t\t\t\t\t\t\t\t\t<\/li>\n\t\t\t\t\t\t\t\t<li class=\"elementor-icon-list-item\">\n\t\t\t\t\t\t\t\t\t\t\t<span class=\"elementor-icon-list-icon\">\n\t\t\t\t\t\t\t<i aria-hidden=\"true\" class=\"fas fa-times\"><\/i>\t\t\t\t\t\t<\/span>\n\t\t\t\t\t\t\t\t\t\t<span class=\"elementor-icon-list-text\">Entrance fees to tourist sites<\/span>\n\t\t\t\t\t\t\t\t\t<\/li>\n\t\t\t\t\t\t\t\t<li class=\"elementor-icon-list-item\">\n\t\t\t\t\t\t\t\t\t\t\t<span class=\"elementor-icon-list-icon\">\n\t\t\t\t\t\t\t<i aria-hidden=\"true\" class=\"fas fa-times\"><\/i>\t\t\t\t\t\t<\/span>\n\t\t\t\t\t\t\t\t\t\t<span class=\"elementor-icon-list-text\">Meals and drinks (except breakfast)<\/span>\n\t\t\t\t\t\t\t\t\t<\/li>\n\t\t\t\t\t\t\t\t<li class=\"elementor-icon-list-item\">\n\t\t\t\t\t\t\t\t\t\t\t<span class=\"elementor-icon-list-icon\">\n\t\t\t\t\t\t\t<i aria-hidden=\"true\" class=\"fas fa-times\"><\/i>\t\t\t\t\t\t<\/span>\n\t\t\t\t\t\t\t\t\t\t<span class=\"elementor-icon-list-text\">Tipping<\/span>\n\t\t\t\t\t\t\t\t\t<\/li>\n\t\t\t\t\t\t\t\t<li class=\"elementor-icon-list-item\">\n\t\t\t\t\t\t\t\t\t\t\t<span class=\"elementor-icon-list-icon\">\n\t\t\t\t\t\t\t<i aria-hidden=\"true\" class=\"fas fa-times\"><\/i>\t\t\t\t\t\t<\/span>\n\t\t\t\t\t\t\t\t\t\t<span class=\"elementor-icon-list-text\">Personal expenses<\/span>\n\t\t\t\t\t\t\t\t\t<\/li>\n\t\t\t\t\t\t<\/ul>\n\t\t\t\t\t\t<\/div>\n\t\t\t\t<\/div>\n\t\t\t\t<div class=\"elementor-element elementor-element-d0608fb elementor-widget-divider--view-line elementor-widget elementor-widget-divider\" data-id=\"d0608fb\" data-element_type=\"widget\" data-e-type=\"widget\" data-widget_type=\"divider.default\">\n\t\t\t\t<div class=\"elementor-widget-container\">\n\t\t\t\t\t\t\t<div class=\"elementor-divider\">\n\t\t\t<span class=\"elementor-divider-separator\">\n\t\t\t\t\t\t<\/span>\n\t\t<\/div>\n\t\t\t\t\t\t<\/div>\n\t\t\t\t<\/div>\n\t\t\t\t<div class=\"elementor-element elementor-element-a1d24ce elementor-widget elementor-widget-heading\" data-id=\"a1d24ce\" data-element_type=\"widget\" data-e-type=\"widget\" data-widget_type=\"heading.default\">\n\t\t\t\t<div class=\"elementor-widget-container\">\n\t\t\t\t\t<h2 class=\"elementor-heading-title elementor-size-default\">What do you need to travel to Colombia?<\/h2>\t\t\t\t<\/div>\n\t\t\t\t<\/div>\n\t\t\t\t<div class=\"elementor-element elementor-element-4928531 elementor-widget elementor-widget-text-editor\" data-id=\"4928531\" data-element_type=\"widget\" data-e-type=\"widget\" data-widget_type=\"text-editor.default\">\n\t\t\t\t<div class=\"elementor-widget-container\">\n\t\t\t\t\t\t\t\t\t<ul><li><b>Passport:<\/b><span style=\"font-weight: 400;\"> It must be valid for at least 6 months from the date of entry into the country and have free pages.<\/span><\/li><li><b>Check-Mig Form<\/b><span style=\"font-weight: 400;\">It is compulsory to fill in the immigration form before the trip by clicking on the following link:<\/span><span style=\"font-weight: 400;\"><br \/><\/span><a href=\"https:\/\/apps.migracioncolombia.gov.co\/pre-registro\"><span style=\"font-weight: 400;\">https:\/\/apps.migracioncolombia.gov.co\/pre-registro<\/span><\/a><\/li><li><b>Flights:<\/b><span style=\"font-weight: 400;\"> International flights are not included in the trip. We recommend booking arrival in Bogot\u00e1 and return from Cartagena.<\/span><\/li><li><b>Visa:<\/b><span style=\"font-weight: 400;\"> Visa requirements may vary depending on your nationality. We recommend that you check the latest information at:<\/span><span style=\"font-weight: 400;\"><br \/><\/span><a href=\"https:\/\/www.iatatravelcentre.com\"><span style=\"font-weight: 400;\">https:\/\/www.iatatravelcentre.com<\/span><\/a><\/li><\/ul>\t\t\t\t\t\t\t\t<\/div>\n\t\t\t\t<\/div>\n\t\t\t\t<div class=\"elementor-element elementor-element-66f2d60 elementor-align-left elementor-widget__width-auto elementor-widget elementor-widget-button\" data-id=\"66f2d60\" data-element_type=\"widget\" data-e-type=\"widget\" data-widget_type=\"button.default\">\n\t\t\t\t<div class=\"elementor-widget-container\">\n\t\t\t\t\t\t\t\t\t<div class=\"elementor-button-wrapper\">\n\t\t\t\t\t<a class=\"elementor-button elementor-button-link elementor-size-sm\" href=\"#info-viaje\">\n\t\t\t\t\t\t<span class=\"elementor-button-content-wrapper\">\n\t\t\t\t\t\t\t\t\t<span class=\"elementor-button-text\">Reserve your place<\/span>\n\t\t\t\t\t<\/span>\n\t\t\t\t\t<\/a>\n\t\t\t\t<\/div>\n\t\t\t\t\t\t\t\t<\/div>\n\t\t\t\t<\/div>\n\t\t\t\t<div class=\"elementor-element elementor-element-5a336d7 elementor-align-left elementor-widget__width-auto elementor-widget elementor-widget-button\" data-id=\"5a336d7\" data-element_type=\"widget\" data-e-type=\"widget\" data-widget_type=\"button.default\">\n\t\t\t\t<div class=\"elementor-widget-container\">\n\t\t\t\t\t\t\t\t\t<div class=\"elementor-button-wrapper\">\n\t\t\t\t\t<a class=\"elementor-button elementor-button-link elementor-size-sm\" href=\"https:\/\/wa.link\/tj01ru\" target=\"_blank\">\n\t\t\t\t\t\t<span class=\"elementor-button-content-wrapper\">\n\t\t\t\t\t\t\t\t\t<span class=\"elementor-button-text\">Contact by WhatsApp<\/span>\n\t\t\t\t\t<\/span>\n\t\t\t\t\t<\/a>\n\t\t\t\t<\/div>\n\t\t\t\t\t\t\t\t<\/div>\n\t\t\t\t<\/div>\n\t\t\t\t<div class=\"elementor-element elementor-element-8359baa elementor-widget elementor-widget-heading\" data-id=\"8359baa\" data-element_type=\"widget\" data-e-type=\"widget\" id=\"info-viaje\" data-widget_type=\"heading.default\">\n\t\t\t\t<div class=\"elementor-widget-container\">\n\t\t\t\t\t<h2 class=\"elementor-heading-title elementor-size-default\">Book your place or request more information<\/h2>\t\t\t\t<\/div>\n\t\t\t\t<\/div>\n\t\t\t\t<div class=\"elementor-element elementor-element-65397732 elementor-widget elementor-widget-shortcode\" data-id=\"65397732\" data-element_type=\"widget\" data-e-type=\"widget\" data-widget_type=\"shortcode.default\">\n\t\t\t\t<div class=\"elementor-widget-container\">\n\t\t\t\t\t\t\t<div class=\"elementor-shortcode\">\n<div class=\"wpcf7 no-js\" id=\"wpcf7-f444-o1\" lang=\"en-US\" dir=\"ltr\" data-wpcf7-id=\"444\">\n<div class=\"screen-reader-response\"><p role=\"status\" aria-live=\"polite\" aria-atomic=\"true\"><\/p> <ul><\/ul><\/div>\n<form action=\"\/en\/wp-json\/wp\/v2\/pages\/2335#wpcf7-f444-o1\" method=\"post\" class=\"wpcf7-form init\" aria-label=\"Contact form\" novalidate=\"novalidate\" data-status=\"init\" data-trp-original-action=\"\/en\/wp-json\/wp\/v2\/pages\/2335#wpcf7-f444-o1\">\n<fieldset class=\"hidden-fields-container\"><input type=\"hidden\" name=\"_wpcf7\" value=\"444\" \/><input type=\"hidden\" name=\"_wpcf7_version\" value=\"6.1.5\" \/><input type=\"hidden\" name=\"_wpcf7_locale\" value=\"en_US\" \/><input type=\"hidden\" name=\"_wpcf7_unit_tag\" value=\"wpcf7-f444-o1\" \/><input type=\"hidden\" name=\"_wpcf7_container_post\" value=\"0\" \/><input type=\"hidden\" name=\"_wpcf7_posted_data_hash\" value=\"\" \/>\n<\/fieldset>\n<div class=\"row\">\n   <div class=\"col-sm-6 col-xs-12\">\n     <span class=\"wpcf7-form-control-wrap\" data-name=\"your-name\"><input size=\"40\" maxlength=\"400\" class=\"wpcf7-form-control wpcf7-text wpcf7-validates-as-required\" aria-required=\"true\" aria-invalid=\"false\" placeholder=\"Name\" value=\"\" type=\"text\" name=\"your-name\" \/><\/span>\n   <\/div>\n   <div class=\"col-sm-6 col-xs-12\">\n     <span class=\"wpcf7-form-control-wrap\" data-name=\"your-email\"><input size=\"40\" maxlength=\"400\" class=\"wpcf7-form-control wpcf7-email wpcf7-validates-as-required wpcf7-text wpcf7-validates-as-email\" aria-required=\"true\" aria-invalid=\"false\" placeholder=\"Email\" value=\"\" type=\"email\" name=\"your-email\" \/><\/span>\n   <\/div>\n<\/div>\n<div class=\"row\">\n   <div class=\"col-sm-6 col-xs-12\">\n      <span class=\"wpcf7-form-control-wrap\" data-name=\"tel-671\"><input size=\"40\" maxlength=\"400\" class=\"wpcf7-form-control wpcf7-tel wpcf7-validates-as-required wpcf7-text wpcf7-validates-as-tel\" aria-required=\"true\" aria-invalid=\"false\" placeholder=\"Telephone\" value=\"\" type=\"tel\" name=\"tel-671\" \/><\/span>\n   <\/div>\n   <div class=\"col-sm-6 col-xs-12\">\n      <span class=\"wpcf7-form-control-wrap\" data-name=\"your-subject\"><input size=\"40\" maxlength=\"400\" class=\"wpcf7-form-control wpcf7-text\" aria-invalid=\"false\" placeholder=\"Which trip are you interested in?\" value=\"\" type=\"text\" name=\"your-subject\" \/><\/span>\n   <\/div>\n<\/div>\n<div class=\"row\">\n   <div class=\"col-sm-12 col-xs-12\">\n      <span class=\"wpcf7-form-control-wrap\" data-name=\"your-message\"><textarea cols=\"40\" rows=\"10\" maxlength=\"2000\" class=\"wpcf7-form-control wpcf7-textarea\" aria-invalid=\"false\" placeholder=\"What would you like to know about the trip?\" name=\"your-message\"><\/textarea><\/span>\n   <\/div>\n   <div class=\"col-sm-12 col-xs-12 action text-left\"><span class=\"form-action\"><input class=\"wpcf7-form-control wpcf7-submit has-spinner\" type=\"submit\" value=\"Send\" \/><\/span><\/div>\n<\/div><input type=\"hidden\" id=\"ct_checkjs_cf7_eed5af6add95a9a6f1252739b1ad8c24\" name=\"ct_checkjs_cf7\" value=\"0\" \/><script >setTimeout(function(){var ct_input_name = \"ct_checkjs_cf7_eed5af6add95a9a6f1252739b1ad8c24\";if (document.getElementById(ct_input_name) !== null) {var ct_input_value = document.getElementById(ct_input_name).value;document.getElementById(ct_input_name).value = document.getElementById(ct_input_name).value.replace(ct_input_value, 'd47cf856e43ad0beb36c2b72ce7a9edd848405d26fc87a08faba0986c09f23a0');}}, 1000);<\/script><input\n                    class=\"apbct_special_field apbct_email_id__wp_contact_form_7\"\n                    name=\"apbct__email_id__wp_contact_form_7\"\n                    aria-label=\"apbct__label_id__wp_contact_form_7\"\n                    type=\"text\" size=\"30\" maxlength=\"200\" autocomplete=\"off\"\n                    value=\"\"\n                \/><div class=\"wpcf7-response-output\" aria-hidden=\"true\"><\/div>\n<input\n                    class=\"apbct_special_field apbct_email_id__elementor_form\"\n                    name=\"apbct__email_id__elementor_form\"\n                    aria-label=\"apbct__label_id__elementor_form\"\n                    type=\"text\" size=\"30\" maxlength=\"200\" autocomplete=\"off\"\n                    value=\"\"\n                \/><input type=\"hidden\" name=\"trp-form-language\" value=\"en\"\/><\/form>\n<\/div>\n<\/div>\n\t\t\t\t\t\t<\/div>\n\t\t\t\t<\/div>\n\t\t\t\t\t<\/div>\n\t\t<\/div>\n\t\t\t\t<div class=\"elementor-column elementor-col-50 elementor-top-column elementor-element elementor-element-ccb9bc1\" data-id=\"ccb9bc1\" data-element_type=\"column\" data-e-type=\"column\">\n\t\t\t<div class=\"elementor-widget-wrap elementor-element-populated\">\n\t\t\t\t\t\t<section class=\"elementor-section elementor-inner-section elementor-element elementor-element-7be5c604 elementor-section-boxed elementor-section-height-default elementor-section-height-default\" data-id=\"7be5c604\" data-element_type=\"section\" data-e-type=\"section\">\n\t\t\t\t\t\t<div class=\"elementor-container elementor-column-gap-default\">\n\t\t\t\t\t<div class=\"elementor-column elementor-col-100 elementor-inner-column elementor-element elementor-element-1da9d40f\" data-id=\"1da9d40f\" data-element_type=\"column\" data-e-type=\"column\">\n\t\t\t<div class=\"elementor-widget-wrap elementor-element-populated\">\n\t\t\t\t\t\t<div class=\"elementor-element elementor-element-196a8502 elementor-widget elementor-widget-gva-heading-block\" data-id=\"196a8502\" data-element_type=\"widget\" data-e-type=\"widget\" data-widget_type=\"gva-heading-block.default\">\n\t\t\t\t<div class=\"elementor-widget-container\">\n\t\t\t\t\t<div class=\"gva-element-gva-heading-block gva-element\">   <div class=\"align-left style-1 widget gsc-heading box-align-left auto-responsive\">\r\n      <div class=\"content-inner\">\r\n         \r\n                  \r\n           \r\n         \r\n                     <h2 class=\"title\">\r\n               <span>Information<\/span>\r\n            <\/h2>\r\n                  \r\n         \r\n         \r\n      <\/div>\r\n   <\/div>\r\n<\/div>\t\t\t\t<\/div>\n\t\t\t\t<\/div>\n\t\t\t\t<div class=\"elementor-element elementor-element-7fa4f7ee elementor-position-inline-start elementor-view-default elementor-mobile-position-block-start elementor-widget elementor-widget-icon-box\" data-id=\"7fa4f7ee\" data-element_type=\"widget\" data-e-type=\"widget\" data-widget_type=\"icon-box.default\">\n\t\t\t\t<div class=\"elementor-widget-container\">\n\t\t\t\t\t\t\t<div class=\"elementor-icon-box-wrapper\">\n\n\t\t\t\t\t\t<div class=\"elementor-icon-box-icon\">\n\t\t\t\t<span  class=\"elementor-icon\">\n\t\t\t\t<i aria-hidden=\"true\" class=\"flaticon-calendar\"><\/i>\t\t\t\t<\/span>\n\t\t\t<\/div>\n\t\t\t\n\t\t\t\t\t\t<div class=\"elementor-icon-box-content\">\n\n\t\t\t\t\t\t\t\t\t<h3 class=\"elementor-icon-box-title\">\n\t\t\t\t\t\t<span  >\n\t\t\t\t\t\t\tDates\t\t\t\t\t\t<\/span>\n\t\t\t\t\t<\/h3>\n\t\t\t\t\n\t\t\t\t\t\t\t\t\t<p class=\"elementor-icon-box-description\">\n\t\t\t\t\t\t15 -29 August 2026 <br>(15 days\/14 nights)\t\t\t\t\t<\/p>\n\t\t\t\t\n\t\t\t<\/div>\n\t\t\t\n\t\t<\/div>\n\t\t\t\t\t\t<\/div>\n\t\t\t\t<\/div>\n\t\t\t\t<div class=\"elementor-element elementor-element-201b4052 elementor-position-inline-start elementor-view-default elementor-mobile-position-block-start elementor-widget elementor-widget-icon-box\" data-id=\"201b4052\" data-element_type=\"widget\" data-e-type=\"widget\" data-widget_type=\"icon-box.default\">\n\t\t\t\t<div class=\"elementor-widget-container\">\n\t\t\t\t\t\t\t<div class=\"elementor-icon-box-wrapper\">\n\n\t\t\t\t\t\t<div class=\"elementor-icon-box-icon\">\n\t\t\t\t<span  class=\"elementor-icon\">\n\t\t\t\t<i aria-hidden=\"true\" class=\"flaticon-leadership\"><\/i>\t\t\t\t<\/span>\n\t\t\t<\/div>\n\t\t\t\n\t\t\t\t\t\t<div class=\"elementor-icon-box-content\">\n\n\t\t\t\t\t\t\t\t\t<h3 class=\"elementor-icon-box-title\">\n\t\t\t\t\t\t<span  >\n\t\t\t\t\t\t\tClasses\t\t\t\t\t\t<\/span>\n\t\t\t\t\t<\/h3>\n\t\t\t\t\n\t\t\t\t\t\t\t\t\t<p class=\"elementor-icon-box-description\">\n\t\t\t\t\t\t14 hours of Cuban salsa, salsa cale\u00f1a, salsa choke, champeta and reggaet\u00f3n classes.\t\t\t\t\t<\/p>\n\t\t\t\t\n\t\t\t<\/div>\n\t\t\t\n\t\t<\/div>\n\t\t\t\t\t\t<\/div>\n\t\t\t\t<\/div>\n\t\t\t\t<div class=\"elementor-element elementor-element-dd93219 elementor-position-inline-start elementor-view-default elementor-mobile-position-block-start elementor-widget elementor-widget-icon-box\" data-id=\"dd93219\" data-element_type=\"widget\" data-e-type=\"widget\" data-widget_type=\"icon-box.default\">\n\t\t\t\t<div class=\"elementor-widget-container\">\n\t\t\t\t\t\t\t<div class=\"elementor-icon-box-wrapper\">\n\n\t\t\t\t\t\t<div class=\"elementor-icon-box-icon\">\n\t\t\t\t<span  class=\"elementor-icon\">\n\t\t\t\t<i aria-hidden=\"true\" class=\"las la-certificate\"><\/i>\t\t\t\t<\/span>\n\t\t\t<\/div>\n\t\t\t\n\t\t\t\t\t\t<div class=\"elementor-icon-box-content\">\n\n\t\t\t\t\t\t\t\t\t<h3 class=\"elementor-icon-box-title\">\n\t\t\t\t\t\t<span  >\n\t\t\t\t\t\t\tLevel\t\t\t\t\t\t<\/span>\n\t\t\t\t\t<\/h3>\n\t\t\t\t\n\t\t\t\t\t\t\t\t\t<p class=\"elementor-icon-box-description\">\n\t\t\t\t\t\tIntermediate Cuban Salsa, basics of the other dances\t\t\t\t\t<\/p>\n\t\t\t\t\n\t\t\t<\/div>\n\t\t\t\n\t\t<\/div>\n\t\t\t\t\t\t<\/div>\n\t\t\t\t<\/div>\n\t\t\t\t<div class=\"elementor-element elementor-element-199d85f elementor-position-inline-start elementor-view-default elementor-mobile-position-block-start elementor-widget elementor-widget-icon-box\" data-id=\"199d85f\" data-element_type=\"widget\" data-e-type=\"widget\" data-widget_type=\"icon-box.default\">\n\t\t\t\t<div class=\"elementor-widget-container\">\n\t\t\t\t\t\t\t<div class=\"elementor-icon-box-wrapper\">\n\n\t\t\t\t\t\t<div class=\"elementor-icon-box-icon\">\n\t\t\t\t<span  class=\"elementor-icon\">\n\t\t\t\t<i aria-hidden=\"true\" class=\"las la-clipboard\"><\/i>\t\t\t\t<\/span>\n\t\t\t<\/div>\n\t\t\t\n\t\t\t\t\t\t<div class=\"elementor-icon-box-content\">\n\n\t\t\t\t\t\t\t\t\t<h3 class=\"elementor-icon-box-title\">\n\t\t\t\t\t\t<span  >\n\t\t\t\t\t\t\tCoordinator\t\t\t\t\t\t<\/span>\n\t\t\t\t\t<\/h3>\n\t\t\t\t\n\t\t\t\t\t\t\t\t\t<p class=\"elementor-icon-box-description\">\n\t\t\t\t\t\tS\u00edlvia Segal\u00e9s\t\t\t\t\t<\/p>\n\t\t\t\t\n\t\t\t<\/div>\n\t\t\t\n\t\t<\/div>\n\t\t\t\t\t\t<\/div>\n\t\t\t\t<\/div>\n\t\t\t\t<div class=\"elementor-element elementor-element-69007bf8 elementor-position-inline-start elementor-view-default elementor-mobile-position-block-start elementor-widget elementor-widget-icon-box\" data-id=\"69007bf8\" data-element_type=\"widget\" data-e-type=\"widget\" data-widget_type=\"icon-box.default\">\n\t\t\t\t<div class=\"elementor-widget-container\">\n\t\t\t\t\t\t\t<div class=\"elementor-icon-box-wrapper\">\n\n\t\t\t\t\t\t<div class=\"elementor-icon-box-icon\">\n\t\t\t\t<span  class=\"elementor-icon\">\n\t\t\t\t<i aria-hidden=\"true\" class=\"las la-user-friends\"><\/i>\t\t\t\t<\/span>\n\t\t\t<\/div>\n\t\t\t\n\t\t\t\t\t\t<div class=\"elementor-icon-box-content\">\n\n\t\t\t\t\t\t\t\t\t<h3 class=\"elementor-icon-box-title\">\n\t\t\t\t\t\t<span  >\n\t\t\t\t\t\t\tNo. of places\t\t\t\t\t\t<\/span>\n\t\t\t\t\t<\/h3>\n\t\t\t\t\n\t\t\t\t\t\t\t\t\t<p class=\"elementor-icon-box-description\">\n\t\t\t\t\t\t15\t\t\t\t\t<\/p>\n\t\t\t\t\n\t\t\t<\/div>\n\t\t\t\n\t\t<\/div>\n\t\t\t\t\t\t<\/div>\n\t\t\t\t<\/div>\n\t\t\t\t<div class=\"elementor-element elementor-element-54314b11 elementor-position-inline-start elementor-view-default elementor-mobile-position-block-start elementor-widget elementor-widget-icon-box\" data-id=\"54314b11\" data-element_type=\"widget\" data-e-type=\"widget\" data-widget_type=\"icon-box.default\">\n\t\t\t\t<div class=\"elementor-widget-container\">\n\t\t\t\t\t\t\t<div class=\"elementor-icon-box-wrapper\">\n\n\t\t\t\t\t\t<div class=\"elementor-icon-box-icon\">\n\t\t\t\t<span  class=\"elementor-icon\">\n\t\t\t\t<i aria-hidden=\"true\" class=\"flaticon-maternity\"><\/i>\t\t\t\t<\/span>\n\t\t\t<\/div>\n\t\t\t\n\t\t\t\t\t\t<div class=\"elementor-icon-box-content\">\n\n\t\t\t\t\t\t\t\t\t<h3 class=\"elementor-icon-box-title\">\n\t\t\t\t\t\t<span  >\n\t\t\t\t\t\t\tMinimum age\t\t\t\t\t\t<\/span>\n\t\t\t\t\t<\/h3>\n\t\t\t\t\n\t\t\t\t\t\t\t\t\t<p class=\"elementor-icon-box-description\">\n\t\t\t\t\t\t18 years\t\t\t\t\t<\/p>\n\t\t\t\t\n\t\t\t<\/div>\n\t\t\t\n\t\t<\/div>\n\t\t\t\t\t\t<\/div>\n\t\t\t\t<\/div>\n\t\t\t\t\t<\/div>\n\t\t<\/div>\n\t\t\t\t\t<\/div>\n\t\t<\/section>\n\t\t\t\t<section class=\"elementor-section elementor-inner-section elementor-element elementor-element-511d4557 elementor-section-boxed elementor-section-height-default elementor-section-height-default\" data-id=\"511d4557\" data-element_type=\"section\" data-e-type=\"section\">\n\t\t\t\t\t\t<div class=\"elementor-container elementor-column-gap-default\">\n\t\t\t\t\t<div class=\"elementor-column elementor-col-100 elementor-inner-column elementor-element elementor-element-3004b06d\" data-id=\"3004b06d\" data-element_type=\"column\" data-e-type=\"column\">\n\t\t\t<div class=\"elementor-widget-wrap elementor-element-populated\">\n\t\t\t\t\t\t<div class=\"elementor-element elementor-element-df49903 elementor-widget elementor-widget-gva-heading-block\" data-id=\"df49903\" data-element_type=\"widget\" data-e-type=\"widget\" data-widget_type=\"gva-heading-block.default\">\n\t\t\t\t<div class=\"elementor-widget-container\">\n\t\t\t\t\t<div class=\"gva-element-gva-heading-block gva-element\">   <div class=\"align-left style-1 widget gsc-heading box-align-left auto-responsive\">\r\n      <div class=\"content-inner\">\r\n         \r\n                  \r\n           \r\n         \r\n                     <h2 class=\"title\">\r\n               <span>Terms of payment<\/span>\r\n            <\/h2>\r\n                  \r\n         \r\n         \r\n      <\/div>\r\n   <\/div>\r\n<\/div>\t\t\t\t<\/div>\n\t\t\t\t<\/div>\n\t\t\t\t<div class=\"elementor-element elementor-element-4ecb0985 elementor-position-inline-start elementor-view-default elementor-mobile-position-block-start elementor-widget elementor-widget-icon-box\" data-id=\"4ecb0985\" data-element_type=\"widget\" data-e-type=\"widget\" data-widget_type=\"icon-box.default\">\n\t\t\t\t<div class=\"elementor-widget-container\">\n\t\t\t\t\t\t\t<div class=\"elementor-icon-box-wrapper\">\n\n\t\t\t\t\t\t<div class=\"elementor-icon-box-icon\">\n\t\t\t\t<span  class=\"elementor-icon\">\n\t\t\t\t<i aria-hidden=\"true\" class=\"gwflaticon-best-price\"><\/i>\t\t\t\t<\/span>\n\t\t\t<\/div>\n\t\t\t\n\t\t\t\t\t\t<div class=\"elementor-icon-box-content\">\n\n\t\t\t\t\t\t\t\t\t<h3 class=\"elementor-icon-box-title\">\n\t\t\t\t\t\t<span  >\n\t\t\t\t\t\t\tPrice\t\t\t\t\t\t<\/span>\n\t\t\t\t\t<\/h3>\n\t\t\t\t\n\t\t\t\t\t\t\t\t\t<p class=\"elementor-icon-box-description\">\n\t\t\t\t\t\tUp to 30\/04: \u20ac1690<br>\nUntil 31\/05: 1790\u20ac.<br>\nFrom 01\/06: \u20ac1890\t\t\t\t\t<\/p>\n\t\t\t\t\n\t\t\t<\/div>\n\t\t\t\n\t\t<\/div>\n\t\t\t\t\t\t<\/div>\n\t\t\t\t<\/div>\n\t\t\t\t<div class=\"elementor-element elementor-element-1bbe7336 elementor-position-inline-start elementor-view-default elementor-mobile-position-block-start elementor-widget elementor-widget-icon-box\" data-id=\"1bbe7336\" data-element_type=\"widget\" data-e-type=\"widget\" data-widget_type=\"icon-box.default\">\n\t\t\t\t<div class=\"elementor-widget-container\">\n\t\t\t\t\t\t\t<div class=\"elementor-icon-box-wrapper\">\n\n\t\t\t\t\t\t<div class=\"elementor-icon-box-icon\">\n\t\t\t\t<span  class=\"elementor-icon\">\n\t\t\t\t<i aria-hidden=\"true\" class=\"las la-money-bill-wave\"><\/i>\t\t\t\t<\/span>\n\t\t\t<\/div>\n\t\t\t\n\t\t\t\t\t\t<div class=\"elementor-icon-box-content\">\n\n\t\t\t\t\t\t\t\t\t<h3 class=\"elementor-icon-box-title\">\n\t\t\t\t\t\t<span  >\n\t\t\t\t\t\t\tPayments\t\t\t\t\t\t<\/span>\n\t\t\t\t\t<\/h3>\n\t\t\t\t\n\t\t\t\t\t\t\t\t\t<p class=\"elementor-icon-box-description\">\n\t\t\t\t\t\tReservation: 300\u20ac (Non refundable)<br>\nRemaining in 2 instalments: 50% before 31\/05 and 50% before 15\/07\n\t\t\t\t\t<\/p>\n\t\t\t\t\n\t\t\t<\/div>\n\t\t\t\n\t\t<\/div>\n\t\t\t\t\t\t<\/div>\n\t\t\t\t<\/div>\n\t\t\t\t<div class=\"elementor-element elementor-element-5714cb8e elementor-position-inline-start elementor-view-default elementor-mobile-position-block-start elementor-widget elementor-widget-icon-box\" data-id=\"5714cb8e\" data-element_type=\"widget\" data-e-type=\"widget\" data-widget_type=\"icon-box.default\">\n\t\t\t\t<div class=\"elementor-widget-container\">\n\t\t\t\t\t\t\t<div class=\"elementor-icon-box-wrapper\">\n\n\t\t\t\t\t\t<div class=\"elementor-icon-box-icon\">\n\t\t\t\t<span  class=\"elementor-icon\">\n\t\t\t\t<i aria-hidden=\"true\" class=\"la la-bank\"><\/i>\t\t\t\t<\/span>\n\t\t\t<\/div>\n\t\t\t\n\t\t\t\t\t\t<div class=\"elementor-icon-box-content\">\n\n\t\t\t\t\t\t\t\t\t<h3 class=\"elementor-icon-box-title\">\n\t\t\t\t\t\t<span  >\n\t\t\t\t\t\t\tBank account\t\t\t\t\t\t<\/span>\n\t\t\t\t\t<\/h3>\n\t\t\t\t\n\t\t\t\t\t\t\t\t\t<p class=\"elementor-icon-box-description\">\n\t\t\t\t\t\tName: Silvia Segales\n<br>IBAN: ES22 2100 0809 6102 0129 0427\n<br>Concept: your full name and trip\t\t\t\t\t<\/p>\n\t\t\t\t\n\t\t\t<\/div>\n\t\t\t\n\t\t<\/div>\n\t\t\t\t\t\t<\/div>\n\t\t\t\t<\/div>\n\t\t\t\t<div class=\"elementor-element elementor-element-fc5a2c6 elementor-position-inline-start elementor-view-default elementor-mobile-position-block-start elementor-widget elementor-widget-icon-box\" data-id=\"fc5a2c6\" data-element_type=\"widget\" data-e-type=\"widget\" data-widget_type=\"icon-box.default\">\n\t\t\t\t<div class=\"elementor-widget-container\">\n\t\t\t\t\t\t\t<div class=\"elementor-icon-box-wrapper\">\n\n\t\t\t\t\t\t<div class=\"elementor-icon-box-icon\">\n\t\t\t\t<span  class=\"elementor-icon\">\n\t\t\t\t<i aria-hidden=\"true\" class=\"la la-bank\"><\/i>\t\t\t\t<\/span>\n\t\t\t<\/div>\n\t\t\t\n\t\t\t\t\t\t<div class=\"elementor-icon-box-content\">\n\n\t\t\t\t\t\t\t\t\t<h3 class=\"elementor-icon-box-title\">\n\t\t\t\t\t\t<span  >\n\t\t\t\t\t\t\tCancellation policy\t\t\t\t\t\t<\/span>\n\t\t\t\t\t<\/h3>\n\t\t\t\t\n\t\t\t\t\t\t\t\t\t<p class=\"elementor-icon-box-description\">\n\t\t\t\t\t\tNon-refundable reservation<br>\nRemainder of payment refundable up to 30 days prior to travel\n\t\t\t\t\t<\/p>\n\t\t\t\t\n\t\t\t<\/div>\n\t\t\t\n\t\t<\/div>\n\t\t\t\t\t\t<\/div>\n\t\t\t\t<\/div>\n\t\t\t\t<div class=\"elementor-element elementor-element-bbb4989 elementor-align-left elementor-widget elementor-widget-button\" data-id=\"bbb4989\" data-element_type=\"widget\" data-e-type=\"widget\" data-widget_type=\"button.default\">\n\t\t\t\t<div class=\"elementor-widget-container\">\n\t\t\t\t\t\t\t\t\t<div class=\"elementor-button-wrapper\">\n\t\t\t\t\t<a class=\"elementor-button elementor-button-link elementor-size-sm\" href=\"#info-viaje\">\n\t\t\t\t\t\t<span class=\"elementor-button-content-wrapper\">\n\t\t\t\t\t\t\t\t\t<span class=\"elementor-button-text\">Book your place now<\/span>\n\t\t\t\t\t<\/span>\n\t\t\t\t\t<\/a>\n\t\t\t\t<\/div>\n\t\t\t\t\t\t\t\t<\/div>\n\t\t\t\t<\/div>\n\t\t\t\t\t<\/div>\n\t\t<\/div>\n\t\t\t\t\t<\/div>\n\t\t<\/section>\n\t\t\t\t\t<\/div>\n\t\t<\/div>\n\t\t\t\t\t<\/div>\n\t\t<\/section>\n\t\t\t\t<\/div>","protected":false},"excerpt":{"rendered":"<p>Colombia: Salsa, Cultura y Naturaleza Reserva tu plaza Colombia: Salsa, Cultura y Naturaleza Descripci\u00f3n del viaje Colombia es uno de los pa\u00edses m\u00e1s vibrantes de Am\u00e9rica Latina: m\u00fasica, baile, naturaleza [&hellip;]<\/p>\n","protected":false},"author":1,"featured_media":2370,"parent":0,"menu_order":0,"comment_status":"closed","ping_status":"closed","template":"","meta":{"footnotes":""},"class_list":["post-2335","page","type-page","status-publish","has-post-thumbnail","hentry"],"aioseo_notices":[],"yoast_head":"<!-- This site is optimized with the Yoast SEO plugin v27.4 - https:\/\/yoast.com\/product\/yoast-seo-wordpress\/ -->\n<title>Viajes de salsa a Colombia en grupo | Dance Travelling<\/title>\n<meta name=\"description\" content=\"Viaje de salsa a Colombia en grupo internacional, con clases, cultura y naturaleza. Descubre Cali, Medell\u00edn y Cartagena bailando como un local.\" \/>\n<meta name=\"robots\" content=\"index, follow, max-snippet:-1, max-image-preview:large, max-video-preview:-1\" \/>\n<link rel=\"canonical\" href=\"https:\/\/dancetravelling.com\/en\/colombia-salsa-cultura-y-naturaleza\/\" \/>\n<meta property=\"og:locale\" content=\"en_GB\" \/>\n<meta property=\"og:type\" content=\"article\" \/>\n<meta property=\"og:title\" content=\"Viajes de salsa a Colombia en grupo | Dance Travelling\" \/>\n<meta property=\"og:description\" content=\"Viaje de salsa a Colombia en grupo internacional, con clases, cultura y naturaleza. Descubre Cali, Medell\u00edn y Cartagena bailando como un local.\" \/>\n<meta property=\"og:url\" content=\"https:\/\/dancetravelling.com\/en\/colombia-salsa-cultura-y-naturaleza\/\" \/>\n<meta property=\"og:site_name\" content=\"Dance Travelling\" \/>\n<meta property=\"article:modified_time\" content=\"2026-04-19T21:22:41+00:00\" \/>\n<meta property=\"og:image\" content=\"https:\/\/dancetravelling.com\/wp-content\/uploads\/2026\/03\/viaje-colombia-salsa-1.webp\" \/>\n\t<meta property=\"og:image:width\" content=\"1200\" \/>\n\t<meta property=\"og:image:height\" content=\"779\" \/>\n\t<meta property=\"og:image:type\" content=\"image\/webp\" \/>\n<meta name=\"twitter:card\" content=\"summary_large_image\" \/>\n<meta name=\"twitter:label1\" content=\"Estimated reading time\" \/>\n\t<meta name=\"twitter:data1\" content=\"14 minutes\" \/>\n<script type=\"application\/ld+json\" class=\"yoast-schema-graph\">{\"@context\":\"https:\\\/\\\/schema.org\",\"@graph\":[{\"@type\":\"WebPage\",\"@id\":\"https:\\\/\\\/dancetravelling.com\\\/colombia-salsa-cultura-y-naturaleza\\\/\",\"url\":\"https:\\\/\\\/dancetravelling.com\\\/colombia-salsa-cultura-y-naturaleza\\\/\",\"name\":\"Viajes de salsa a Colombia en grupo | Dance Travelling\",\"isPartOf\":{\"@id\":\"https:\\\/\\\/dancetravelling.com\\\/#website\"},\"primaryImageOfPage\":{\"@id\":\"https:\\\/\\\/dancetravelling.com\\\/colombia-salsa-cultura-y-naturaleza\\\/#primaryimage\"},\"image\":{\"@id\":\"https:\\\/\\\/dancetravelling.com\\\/colombia-salsa-cultura-y-naturaleza\\\/#primaryimage\"},\"thumbnailUrl\":\"https:\\\/\\\/dancetravelling.com\\\/wp-content\\\/uploads\\\/2026\\\/03\\\/viaje-colombia-salsa-1.webp\",\"datePublished\":\"2026-03-16T13:31:24+00:00\",\"dateModified\":\"2026-04-19T21:22:41+00:00\",\"description\":\"Viaje de salsa a Colombia en grupo internacional, con clases, cultura y naturaleza. Descubre Cali, Medell\u00edn y Cartagena bailando como un local.\",\"breadcrumb\":{\"@id\":\"https:\\\/\\\/dancetravelling.com\\\/colombia-salsa-cultura-y-naturaleza\\\/#breadcrumb\"},\"inLanguage\":\"en-GB\",\"potentialAction\":[{\"@type\":\"ReadAction\",\"target\":[\"https:\\\/\\\/dancetravelling.com\\\/colombia-salsa-cultura-y-naturaleza\\\/\"]}]},{\"@type\":\"ImageObject\",\"inLanguage\":\"en-GB\",\"@id\":\"https:\\\/\\\/dancetravelling.com\\\/colombia-salsa-cultura-y-naturaleza\\\/#primaryimage\",\"url\":\"https:\\\/\\\/dancetravelling.com\\\/wp-content\\\/uploads\\\/2026\\\/03\\\/viaje-colombia-salsa-1.webp\",\"contentUrl\":\"https:\\\/\\\/dancetravelling.com\\\/wp-content\\\/uploads\\\/2026\\\/03\\\/viaje-colombia-salsa-1.webp\",\"width\":1200,\"height\":779},{\"@type\":\"BreadcrumbList\",\"@id\":\"https:\\\/\\\/dancetravelling.com\\\/colombia-salsa-cultura-y-naturaleza\\\/#breadcrumb\",\"itemListElement\":[{\"@type\":\"ListItem\",\"position\":1,\"name\":\"Portada\",\"item\":\"https:\\\/\\\/dancetravelling.com\\\/\"},{\"@type\":\"ListItem\",\"position\":2,\"name\":\"Colombia: Salsa, Cultura y Naturaleza\"}]},{\"@type\":\"WebSite\",\"@id\":\"https:\\\/\\\/dancetravelling.com\\\/#website\",\"url\":\"https:\\\/\\\/dancetravelling.com\\\/\",\"name\":\"Dance Travelling\",\"description\":\"Baila y viaja en Cuba\",\"publisher\":{\"@id\":\"https:\\\/\\\/dancetravelling.com\\\/#organization\"},\"alternateName\":\"Dance Travelling\",\"potentialAction\":[{\"@type\":\"SearchAction\",\"target\":{\"@type\":\"EntryPoint\",\"urlTemplate\":\"https:\\\/\\\/dancetravelling.com\\\/?s={search_term_string}\"},\"query-input\":{\"@type\":\"PropertyValueSpecification\",\"valueRequired\":true,\"valueName\":\"search_term_string\"}}],\"inLanguage\":\"en-GB\"},{\"@type\":\"Organization\",\"@id\":\"https:\\\/\\\/dancetravelling.com\\\/#organization\",\"name\":\"Dance Travelling\",\"alternateName\":\"Dance Travelling\",\"url\":\"https:\\\/\\\/dancetravelling.com\\\/\",\"logo\":{\"@type\":\"ImageObject\",\"inLanguage\":\"en-GB\",\"@id\":\"https:\\\/\\\/dancetravelling.com\\\/#\\\/schema\\\/logo\\\/image\\\/\",\"url\":\"https:\\\/\\\/dancetravelling.com\\\/wp-content\\\/uploads\\\/2023\\\/01\\\/Captura-de-pantalla-2024-06-11-a-las-18.20.34.png\",\"contentUrl\":\"https:\\\/\\\/dancetravelling.com\\\/wp-content\\\/uploads\\\/2023\\\/01\\\/Captura-de-pantalla-2024-06-11-a-las-18.20.34.png\",\"width\":581,\"height\":226,\"caption\":\"Dance Travelling\"},\"image\":{\"@id\":\"https:\\\/\\\/dancetravelling.com\\\/#\\\/schema\\\/logo\\\/image\\\/\"},\"sameAs\":[\"https:\\\/\\\/www.instagram.com\\\/dancetravelling\\\/\"]}]}<\/script>\n<!-- \/ Yoast SEO plugin. -->","yoast_head_json":{"title":"Viajes de salsa a Colombia en grupo | Dance Travelling","description":"Viaje de salsa a Colombia en grupo internacional, con clases, cultura y naturaleza. Descubre Cali, Medell\u00edn y Cartagena bailando como un local.","robots":{"index":"index","follow":"follow","max-snippet":"max-snippet:-1","max-image-preview":"max-image-preview:large","max-video-preview":"max-video-preview:-1"},"canonical":"https:\/\/dancetravelling.com\/en\/colombia-salsa-cultura-y-naturaleza\/","og_locale":"en_GB","og_type":"article","og_title":"Viajes de salsa a Colombia en grupo | Dance Travelling","og_description":"Viaje de salsa a Colombia en grupo internacional, con clases, cultura y naturaleza. Descubre Cali, Medell\u00edn y Cartagena bailando como un local.","og_url":"https:\/\/dancetravelling.com\/en\/colombia-salsa-cultura-y-naturaleza\/","og_site_name":"Dance Travelling","article_modified_time":"2026-04-19T21:22:41+00:00","og_image":[{"width":1200,"height":779,"url":"https:\/\/dancetravelling.com\/wp-content\/uploads\/2026\/03\/viaje-colombia-salsa-1.webp","type":"image\/webp"}],"twitter_card":"summary_large_image","twitter_misc":{"Estimated reading time":"14 minutes"},"schema":{"@context":"https:\/\/schema.org","@graph":[{"@type":"WebPage","@id":"https:\/\/dancetravelling.com\/colombia-salsa-cultura-y-naturaleza\/","url":"https:\/\/dancetravelling.com\/colombia-salsa-cultura-y-naturaleza\/","name":"Viajes de salsa a Colombia en grupo | Dance Travelling","isPartOf":{"@id":"https:\/\/dancetravelling.com\/#website"},"primaryImageOfPage":{"@id":"https:\/\/dancetravelling.com\/colombia-salsa-cultura-y-naturaleza\/#primaryimage"},"image":{"@id":"https:\/\/dancetravelling.com\/colombia-salsa-cultura-y-naturaleza\/#primaryimage"},"thumbnailUrl":"https:\/\/dancetravelling.com\/wp-content\/uploads\/2026\/03\/viaje-colombia-salsa-1.webp","datePublished":"2026-03-16T13:31:24+00:00","dateModified":"2026-04-19T21:22:41+00:00","description":"Viaje de salsa a Colombia en grupo internacional, con clases, cultura y naturaleza. Descubre Cali, Medell\u00edn y Cartagena bailando como un local.","breadcrumb":{"@id":"https:\/\/dancetravelling.com\/colombia-salsa-cultura-y-naturaleza\/#breadcrumb"},"inLanguage":"en-GB","potentialAction":[{"@type":"ReadAction","target":["https:\/\/dancetravelling.com\/colombia-salsa-cultura-y-naturaleza\/"]}]},{"@type":"ImageObject","inLanguage":"en-GB","@id":"https:\/\/dancetravelling.com\/colombia-salsa-cultura-y-naturaleza\/#primaryimage","url":"https:\/\/dancetravelling.com\/wp-content\/uploads\/2026\/03\/viaje-colombia-salsa-1.webp","contentUrl":"https:\/\/dancetravelling.com\/wp-content\/uploads\/2026\/03\/viaje-colombia-salsa-1.webp","width":1200,"height":779},{"@type":"BreadcrumbList","@id":"https:\/\/dancetravelling.com\/colombia-salsa-cultura-y-naturaleza\/#breadcrumb","itemListElement":[{"@type":"ListItem","position":1,"name":"Portada","item":"https:\/\/dancetravelling.com\/"},{"@type":"ListItem","position":2,"name":"Colombia: Salsa, Cultura y Naturaleza"}]},{"@type":"WebSite","@id":"https:\/\/dancetravelling.com\/#website","url":"https:\/\/dancetravelling.com\/","name":"Dance Travelling","description":"Dance and travel in Cuba","publisher":{"@id":"https:\/\/dancetravelling.com\/#organization"},"alternateName":"Dance Travelling","potentialAction":[{"@type":"SearchAction","target":{"@type":"EntryPoint","urlTemplate":"https:\/\/dancetravelling.com\/?s={search_term_string}"},"query-input":{"@type":"PropertyValueSpecification","valueRequired":true,"valueName":"search_term_string"}}],"inLanguage":"en-GB"},{"@type":"Organization","@id":"https:\/\/dancetravelling.com\/#organization","name":"Dance Travelling","alternateName":"Dance Travelling","url":"https:\/\/dancetravelling.com\/","logo":{"@type":"ImageObject","inLanguage":"en-GB","@id":"https:\/\/dancetravelling.com\/#\/schema\/logo\/image\/","url":"https:\/\/dancetravelling.com\/wp-content\/uploads\/2023\/01\/Captura-de-pantalla-2024-06-11-a-las-18.20.34.png","contentUrl":"https:\/\/dancetravelling.com\/wp-content\/uploads\/2023\/01\/Captura-de-pantalla-2024-06-11-a-las-18.20.34.png","width":581,"height":226,"caption":"Dance Travelling"},"image":{"@id":"https:\/\/dancetravelling.com\/#\/schema\/logo\/image\/"},"sameAs":["https:\/\/www.instagram.com\/dancetravelling\/"]}]}},"_links":{"self":[{"href":"https:\/\/dancetravelling.com\/en\/wp-json\/wp\/v2\/pages\/2335","targetHints":{"allow":["GET"]}}],"collection":[{"href":"https:\/\/dancetravelling.com\/en\/wp-json\/wp\/v2\/pages"}],"about":[{"href":"https:\/\/dancetravelling.com\/en\/wp-json\/wp\/v2\/types\/page"}],"author":[{"embeddable":true,"href":"https:\/\/dancetravelling.com\/en\/wp-json\/wp\/v2\/users\/1"}],"replies":[{"embeddable":true,"href":"https:\/\/dancetravelling.com\/en\/wp-json\/wp\/v2\/comments?post=2335"}],"version-history":[{"count":103,"href":"https:\/\/dancetravelling.com\/en\/wp-json\/wp\/v2\/pages\/2335\/revisions"}],"predecessor-version":[{"id":2905,"href":"https:\/\/dancetravelling.com\/en\/wp-json\/wp\/v2\/pages\/2335\/revisions\/2905"}],"wp:featuredmedia":[{"embeddable":true,"href":"https:\/\/dancetravelling.com\/en\/wp-json\/wp\/v2\/media\/2370"}],"wp:attachment":[{"href":"https:\/\/dancetravelling.com\/en\/wp-json\/wp\/v2\/media?parent=2335"}],"curies":[{"name":"wp","href":"https:\/\/api.w.org\/{rel}","templated":true}]}}