{"id":2335,"date":"2026-03-16T14:31:24","date_gmt":"2026-03-16T13:31:24","guid":{"rendered":"https:\/\/dancetravelling.com\/?page_id=2335"},"modified":"2026-04-19T23:22:41","modified_gmt":"2026-04-19T21:22:41","slug":"colombia-salsa-cultura-y-naturaleza","status":"publish","type":"page","link":"https:\/\/dancetravelling.com\/fr\/colombia-salsa-cultura-y-naturaleza\/","title":{"rendered":"Colombie : Salsa, culture et nature"},"content":{"rendered":"<div data-elementor-type=\"wp-page\" data-elementor-id=\"2335\" class=\"elementor elementor-2335\">\n\t\t\t\t\t\t<section class=\"elementor-section elementor-top-section elementor-element elementor-element-703c51bb elementor-section-boxed elementor-section-height-default elementor-section-height-default\" data-id=\"703c51bb\" data-element_type=\"section\" data-e-type=\"section\" id=\"nosotros\" data-settings=\"{&quot;background_background&quot;:&quot;classic&quot;}\">\n\t\t\t\t\t\t<div class=\"elementor-container elementor-column-gap-default\">\n\t\t\t\t\t<div class=\"elementor-column elementor-col-100 elementor-top-column elementor-element elementor-element-184625df\" data-id=\"184625df\" data-element_type=\"column\" data-e-type=\"column\" data-settings=\"{&quot;background_background&quot;:&quot;classic&quot;}\">\n\t\t\t<div class=\"elementor-widget-wrap elementor-element-populated\">\n\t\t\t\t\t\t<div class=\"elementor-element elementor-element-3bd4e84 elementor-widget elementor-widget-gva-heading-block\" data-id=\"3bd4e84\" data-element_type=\"widget\" data-e-type=\"widget\" data-widget_type=\"gva-heading-block.default\">\n\t\t\t\t<div class=\"elementor-widget-container\">\n\t\t\t\t\t<div class=\"gva-element-gva-heading-block gva-element\">   <div class=\"align-center style-1 widget gsc-heading box-align-center auto-responsive\">\r\n      <div class=\"content-inner\">\r\n         \r\n                  \r\n           \r\n         \r\n                     <h1 class=\"title\">\r\n               <span>Colombie : Salsa, culture et nature<\/span>\r\n            <\/h1>\r\n                  \r\n         \r\n         \r\n      <\/div>\r\n   <\/div>\r\n<\/div>\t\t\t\t<\/div>\n\t\t\t\t<\/div>\n\t\t\t\t<div class=\"elementor-element elementor-element-af7759c elementor-align-center elementor-widget elementor-widget-button\" data-id=\"af7759c\" data-element_type=\"widget\" data-e-type=\"widget\" data-widget_type=\"button.default\">\n\t\t\t\t<div class=\"elementor-widget-container\">\n\t\t\t\t\t\t\t\t\t<div class=\"elementor-button-wrapper\">\n\t\t\t\t\t<a class=\"elementor-button elementor-button-link elementor-size-sm\" href=\"#info-viaje\">\n\t\t\t\t\t\t<span class=\"elementor-button-content-wrapper\">\n\t\t\t\t\t\t\t\t\t<span class=\"elementor-button-text\">R\u00e9servez votre place<\/span>\n\t\t\t\t\t<\/span>\n\t\t\t\t\t<\/a>\n\t\t\t\t<\/div>\n\t\t\t\t\t\t\t\t<\/div>\n\t\t\t\t<\/div>\n\t\t\t\t<div class=\"elementor-element elementor-element-9eae2f7 elementor-widget elementor-widget-gva-gallery\" data-id=\"9eae2f7\" data-element_type=\"widget\" data-e-type=\"widget\" data-widget_type=\"gva-gallery.default\">\n\t\t\t\t<div class=\"elementor-widget-container\">\n\t\t\t\t\t<div class=\"gva-element-gva-gallery gva-element\">\r\n<div class=\"gva-gallery-carousel swiper-slider-wrapper style-1\">\r\n\t<div class=\"swiper-content-inner\">\r\n   \t<div class=\"init-carousel-swiper swiper\" data-carousel=\"{&quot;items&quot;:3,&quot;items_lg&quot;:3,&quot;items_md&quot;:3,&quot;items_sm&quot;:2,&quot;items_xs&quot;:1,&quot;items_xx&quot;:1,&quot;effect&quot;:&quot;slide&quot;,&quot;space_between&quot;:30,&quot;loop&quot;:1,&quot;speed&quot;:1200,&quot;autoplay&quot;:1,&quot;autoplay_delay&quot;:5000,&quot;autoplay_hover&quot;:1,&quot;navigation&quot;:1,&quot;pagination&quot;:0,&quot;dynamic_bullets&quot;:0,&quot;pagination_type&quot;:&quot;bullets&quot;}\">\r\n      \t<div class=\"swiper-wrapper\">\r\n\t\t\t\t<div class=\"swiper-slide item\"><div class=\"gallery-one__single\"><div class=\"gallery-one__image\"><img decoding=\"async\" src=\"https:\/\/dancetravelling.com\/wp-content\/uploads\/2026\/03\/bailar-salsa-en-colombia-8-500x500.webp\" alt=\"\" \/><\/div><a class=\"gallery-one__photo photo-gallery\" href=\"https:\/\/dancetravelling.com\/wp-content\/uploads\/2026\/03\/bailar-salsa-en-colombia-8.webp\" data-elementor-lightbox-slideshow=\"gallery-c05e\"><\/a><div class=\"gallery-one__content\"><div class=\"gallery-one__content-inner\"><span class=\"gallery-one__icon\"><i class=\"fas fa-plus\"><\/i><\/span><\/div><\/div><\/div><\/div><div class=\"swiper-slide item\"><div class=\"gallery-one__single\"><div class=\"gallery-one__image\"><img decoding=\"async\" src=\"https:\/\/dancetravelling.com\/wp-content\/uploads\/2026\/03\/bailar-salsa-en-colombia-9-500x500.webp\" alt=\"\" \/><\/div><a class=\"gallery-one__photo photo-gallery\" href=\"https:\/\/dancetravelling.com\/wp-content\/uploads\/2026\/03\/bailar-salsa-en-colombia-9.webp\" data-elementor-lightbox-slideshow=\"gallery-c05e\"><\/a><div class=\"gallery-one__content\"><div class=\"gallery-one__content-inner\"><span class=\"gallery-one__icon\"><i class=\"fas fa-plus\"><\/i><\/span><\/div><\/div><\/div><\/div><div class=\"swiper-slide item\"><div class=\"gallery-one__single\"><div class=\"gallery-one__image\"><img decoding=\"async\" src=\"https:\/\/dancetravelling.com\/wp-content\/uploads\/2026\/03\/bailar-salsa-en-colombia-6-500x500.webp\" alt=\"\" \/><\/div><a class=\"gallery-one__photo photo-gallery\" href=\"https:\/\/dancetravelling.com\/wp-content\/uploads\/2026\/03\/bailar-salsa-en-colombia-6.webp\" data-elementor-lightbox-slideshow=\"gallery-c05e\"><\/a><div class=\"gallery-one__content\"><div class=\"gallery-one__content-inner\"><span class=\"gallery-one__icon\"><i class=\"fas fa-plus\"><\/i><\/span><\/div><\/div><\/div><\/div><div class=\"swiper-slide item\"><div class=\"gallery-one__single\"><div class=\"gallery-one__image\"><img decoding=\"async\" src=\"https:\/\/dancetravelling.com\/wp-content\/uploads\/2026\/03\/bailar-salsa-en-colombia-3-500x500.webp\" alt=\"\" \/><\/div><a class=\"gallery-one__photo photo-gallery\" href=\"https:\/\/dancetravelling.com\/wp-content\/uploads\/2026\/03\/bailar-salsa-en-colombia-3.webp\" data-elementor-lightbox-slideshow=\"gallery-c05e\"><\/a><div class=\"gallery-one__content\"><div class=\"gallery-one__content-inner\"><span class=\"gallery-one__icon\"><i class=\"fas fa-plus\"><\/i><\/span><\/div><\/div><\/div><\/div><div class=\"swiper-slide item\"><div class=\"gallery-one__single\"><div class=\"gallery-one__image\"><img decoding=\"async\" src=\"https:\/\/dancetravelling.com\/wp-content\/uploads\/2026\/03\/bailar-salsa-en-colombia-2-500x500.webp\" alt=\"\" \/><\/div><a class=\"gallery-one__photo photo-gallery\" href=\"https:\/\/dancetravelling.com\/wp-content\/uploads\/2026\/03\/bailar-salsa-en-colombia-2.webp\" data-elementor-lightbox-slideshow=\"gallery-c05e\"><\/a><div class=\"gallery-one__content\"><div class=\"gallery-one__content-inner\"><span class=\"gallery-one__icon\"><i class=\"fas fa-plus\"><\/i><\/span><\/div><\/div><\/div><\/div><div class=\"swiper-slide item\"><div class=\"gallery-one__single\"><div class=\"gallery-one__image\"><img decoding=\"async\" src=\"https:\/\/dancetravelling.com\/wp-content\/uploads\/2026\/03\/bailar-salsa-en-colombia-4-500x500.webp\" alt=\"\" \/><\/div><a class=\"gallery-one__photo photo-gallery\" href=\"https:\/\/dancetravelling.com\/wp-content\/uploads\/2026\/03\/bailar-salsa-en-colombia-4.webp\" data-elementor-lightbox-slideshow=\"gallery-c05e\"><\/a><div class=\"gallery-one__content\"><div class=\"gallery-one__content-inner\"><span class=\"gallery-one__icon\"><i class=\"fas fa-plus\"><\/i><\/span><\/div><\/div><\/div><\/div><div class=\"swiper-slide item\"><div class=\"gallery-one__single\"><div class=\"gallery-one__image\"><img decoding=\"async\" src=\"https:\/\/dancetravelling.com\/wp-content\/uploads\/2026\/03\/bailar-salsa-en-colombia-5-500x500.webp\" alt=\"\" \/><\/div><a class=\"gallery-one__photo photo-gallery\" href=\"https:\/\/dancetravelling.com\/wp-content\/uploads\/2026\/03\/bailar-salsa-en-colombia-5.webp\" data-elementor-lightbox-slideshow=\"gallery-c05e\"><\/a><div class=\"gallery-one__content\"><div class=\"gallery-one__content-inner\"><span class=\"gallery-one__icon\"><i class=\"fas fa-plus\"><\/i><\/span><\/div><\/div><\/div><\/div><div class=\"swiper-slide item\"><div class=\"gallery-one__single\"><div class=\"gallery-one__image\"><img decoding=\"async\" src=\"https:\/\/dancetravelling.com\/wp-content\/uploads\/2026\/03\/bailar-salsa-en-colombia-7-500x500.webp\" alt=\"\" \/><\/div><a class=\"gallery-one__photo photo-gallery\" href=\"https:\/\/dancetravelling.com\/wp-content\/uploads\/2026\/03\/bailar-salsa-en-colombia-7.webp\" data-elementor-lightbox-slideshow=\"gallery-c05e\"><\/a><div class=\"gallery-one__content\"><div class=\"gallery-one__content-inner\"><span class=\"gallery-one__icon\"><i class=\"fas fa-plus\"><\/i><\/span><\/div><\/div><\/div><\/div><div class=\"swiper-slide item\"><div class=\"gallery-one__single\"><div class=\"gallery-one__image\"><img decoding=\"async\" src=\"https:\/\/dancetravelling.com\/wp-content\/uploads\/2026\/03\/bailar-salsa-en-colombia-11-500x500.webp\" alt=\"\" \/><\/div><a class=\"gallery-one__photo photo-gallery\" href=\"https:\/\/dancetravelling.com\/wp-content\/uploads\/2026\/03\/bailar-salsa-en-colombia-11.webp\" data-elementor-lightbox-slideshow=\"gallery-c05e\"><\/a><div class=\"gallery-one__content\"><div class=\"gallery-one__content-inner\"><span class=\"gallery-one__icon\"><i class=\"fas fa-plus\"><\/i><\/span><\/div><\/div><\/div><\/div><div class=\"swiper-slide item\"><div class=\"gallery-one__single\"><div class=\"gallery-one__image\"><img decoding=\"async\" src=\"https:\/\/dancetravelling.com\/wp-content\/uploads\/2026\/03\/bailar-salsa-en-colombia-10-500x500.webp\" alt=\"\" \/><\/div><a class=\"gallery-one__photo photo-gallery\" href=\"https:\/\/dancetravelling.com\/wp-content\/uploads\/2026\/03\/bailar-salsa-en-colombia-10.webp\" data-elementor-lightbox-slideshow=\"gallery-c05e\"><\/a><div class=\"gallery-one__content\"><div class=\"gallery-one__content-inner\"><span class=\"gallery-one__icon\"><i class=\"fas fa-plus\"><\/i><\/span><\/div><\/div><\/div><\/div><div class=\"swiper-slide item\"><div class=\"gallery-one__single\"><div class=\"gallery-one__image\"><img decoding=\"async\" src=\"https:\/\/dancetravelling.com\/wp-content\/uploads\/2026\/03\/bailar-salsa-en-colombia-12-500x500.webp\" alt=\"\" \/><\/div><a class=\"gallery-one__photo photo-gallery\" href=\"https:\/\/dancetravelling.com\/wp-content\/uploads\/2026\/03\/bailar-salsa-en-colombia-12.webp\" data-elementor-lightbox-slideshow=\"gallery-c05e\"><\/a><div class=\"gallery-one__content\"><div class=\"gallery-one__content-inner\"><span class=\"gallery-one__icon\"><i class=\"fas fa-plus\"><\/i><\/span><\/div><\/div><\/div><\/div><div class=\"swiper-slide item\"><div class=\"gallery-one__single\"><div class=\"gallery-one__image\"><img decoding=\"async\" src=\"https:\/\/dancetravelling.com\/wp-content\/uploads\/2026\/03\/bailar-salsa-en-colombia-13-500x500.webp\" alt=\"\" \/><\/div><a class=\"gallery-one__photo photo-gallery\" href=\"https:\/\/dancetravelling.com\/wp-content\/uploads\/2026\/03\/bailar-salsa-en-colombia-13.webp\" data-elementor-lightbox-slideshow=\"gallery-c05e\"><\/a><div class=\"gallery-one__content\"><div class=\"gallery-one__content-inner\"><span class=\"gallery-one__icon\"><i class=\"fas fa-plus\"><\/i><\/span><\/div><\/div><\/div><\/div><div class=\"swiper-slide item\"><div class=\"gallery-one__single\"><div class=\"gallery-one__image\"><img decoding=\"async\" src=\"https:\/\/dancetravelling.com\/wp-content\/uploads\/2026\/03\/bailar-salsa-en-colombia-15-500x500.jpg\" alt=\"\" \/><\/div><a class=\"gallery-one__photo photo-gallery\" href=\"https:\/\/dancetravelling.com\/wp-content\/uploads\/2026\/03\/bailar-salsa-en-colombia-15.jpg\" data-elementor-lightbox-slideshow=\"gallery-c05e\"><\/a><div class=\"gallery-one__content\"><div class=\"gallery-one__content-inner\"><span class=\"gallery-one__icon\"><i class=\"fas fa-plus\"><\/i><\/span><\/div><\/div><\/div><\/div><div class=\"swiper-slide item\"><div class=\"gallery-one__single\"><div class=\"gallery-one__image\"><img decoding=\"async\" src=\"https:\/\/dancetravelling.com\/wp-content\/uploads\/2026\/03\/bailar-salsa-en-colombia-14-500x500.webp\" alt=\"\" \/><\/div><a class=\"gallery-one__photo photo-gallery\" href=\"https:\/\/dancetravelling.com\/wp-content\/uploads\/2026\/03\/bailar-salsa-en-colombia-14.webp\" data-elementor-lightbox-slideshow=\"gallery-c05e\"><\/a><div class=\"gallery-one__content\"><div class=\"gallery-one__content-inner\"><span class=\"gallery-one__icon\"><i class=\"fas fa-plus\"><\/i><\/span><\/div><\/div><\/div><\/div><div class=\"swiper-slide item\"><div class=\"gallery-one__single\"><div class=\"gallery-one__image\"><img decoding=\"async\" src=\"https:\/\/dancetravelling.com\/wp-content\/uploads\/2026\/03\/bailar-salsa-en-colombia-16-500x500.jpg\" alt=\"\" \/><\/div><a class=\"gallery-one__photo photo-gallery\" href=\"https:\/\/dancetravelling.com\/wp-content\/uploads\/2026\/03\/bailar-salsa-en-colombia-16.jpg\" data-elementor-lightbox-slideshow=\"gallery-c05e\"><\/a><div class=\"gallery-one__content\"><div class=\"gallery-one__content-inner\"><span class=\"gallery-one__icon\"><i class=\"fas fa-plus\"><\/i><\/span><\/div><\/div><\/div><\/div><div class=\"swiper-slide item\"><div class=\"gallery-one__single\"><div class=\"gallery-one__image\"><img decoding=\"async\" src=\"https:\/\/dancetravelling.com\/wp-content\/uploads\/2026\/03\/bailar-salsa-en-colombia-17-500x500.jpg\" alt=\"\" \/><\/div><a class=\"gallery-one__photo photo-gallery\" href=\"https:\/\/dancetravelling.com\/wp-content\/uploads\/2026\/03\/bailar-salsa-en-colombia-17.jpg\" data-elementor-lightbox-slideshow=\"gallery-c05e\"><\/a><div class=\"gallery-one__content\"><div class=\"gallery-one__content-inner\"><span class=\"gallery-one__icon\"><i class=\"fas fa-plus\"><\/i><\/span><\/div><\/div><\/div><\/div><div class=\"swiper-slide item\"><div class=\"gallery-one__single\"><div class=\"gallery-one__image\"><img decoding=\"async\" src=\"https:\/\/dancetravelling.com\/wp-content\/uploads\/2026\/03\/bailar-salsa-en-colombia-18-500x500.jpg\" alt=\"\" \/><\/div><a class=\"gallery-one__photo photo-gallery\" href=\"https:\/\/dancetravelling.com\/wp-content\/uploads\/2026\/03\/bailar-salsa-en-colombia-18.jpg\" data-elementor-lightbox-slideshow=\"gallery-c05e\"><\/a><div class=\"gallery-one__content\"><div class=\"gallery-one__content-inner\"><span class=\"gallery-one__icon\"><i class=\"fas fa-plus\"><\/i><\/span><\/div><\/div><\/div><\/div><div class=\"swiper-slide item\"><div class=\"gallery-one__single\"><div class=\"gallery-one__image\"><img decoding=\"async\" src=\"https:\/\/dancetravelling.com\/wp-content\/uploads\/2026\/03\/bailar-salsa-en-colombia-19-500x500.jpg\" alt=\"\" \/><\/div><a class=\"gallery-one__photo photo-gallery\" href=\"https:\/\/dancetravelling.com\/wp-content\/uploads\/2026\/03\/bailar-salsa-en-colombia-19.jpg\" data-elementor-lightbox-slideshow=\"gallery-c05e\"><\/a><div class=\"gallery-one__content\"><div class=\"gallery-one__content-inner\"><span class=\"gallery-one__icon\"><i class=\"fas fa-plus\"><\/i><\/span><\/div><\/div><\/div><\/div><div class=\"swiper-slide item\"><div class=\"gallery-one__single\"><div class=\"gallery-one__image\"><img decoding=\"async\" src=\"https:\/\/dancetravelling.com\/wp-content\/uploads\/2026\/03\/bailar-salsa-en-colombia-1-500x500.jpg\" alt=\"\" \/><\/div><a class=\"gallery-one__photo photo-gallery\" href=\"https:\/\/dancetravelling.com\/wp-content\/uploads\/2026\/03\/bailar-salsa-en-colombia-1.jpg\" data-elementor-lightbox-slideshow=\"gallery-c05e\"><\/a><div class=\"gallery-one__content\"><div class=\"gallery-one__content-inner\"><span class=\"gallery-one__icon\"><i class=\"fas fa-plus\"><\/i><\/span><\/div><\/div><\/div><\/div>\t\t\t<\/div>\r\n\t\t<\/div>\r\n\t<\/div>\r\n\t<div class=\"swiper-pagination\"><\/div>   <div class=\"swiper-nav-next\"><\/div><div class=\"swiper-nav-prev\"><\/div><\/div>\r\n<\/div>\t\t\t\t<\/div>\n\t\t\t\t<\/div>\n\t\t\t\t\t<\/div>\n\t\t<\/div>\n\t\t\t\t\t<\/div>\n\t\t<\/section>\n\t\t\t\t<section class=\"elementor-section elementor-top-section elementor-element elementor-element-3fdfcc91 elementor-section-boxed elementor-section-height-default elementor-section-height-default\" data-id=\"3fdfcc91\" data-element_type=\"section\" data-e-type=\"section\">\n\t\t\t\t\t\t<div class=\"elementor-container elementor-column-gap-default\">\n\t\t\t\t\t<div class=\"elementor-column elementor-col-50 elementor-top-column elementor-element elementor-element-1e860b4e\" data-id=\"1e860b4e\" data-element_type=\"column\" data-e-type=\"column\">\n\t\t\t<div class=\"elementor-widget-wrap elementor-element-populated\">\n\t\t\t\t\t\t<div class=\"elementor-element elementor-element-af52673 elementor-widget elementor-widget-gva-heading-block\" data-id=\"af52673\" data-element_type=\"widget\" data-e-type=\"widget\" data-widget_type=\"gva-heading-block.default\">\n\t\t\t\t<div class=\"elementor-widget-container\">\n\t\t\t\t\t<div class=\"gva-element-gva-heading-block gva-element\">   <div class=\"align-left style-1 widget gsc-heading box-align-left auto-responsive\">\r\n      <div class=\"content-inner\">\r\n         \r\n                  \r\n           \r\n         \r\n                     <p class=\"title\">\r\n               <span>Colombie : Salsa, culture et nature<\/span>\r\n            <\/p>\r\n                  \r\n         \r\n         \r\n      <\/div>\r\n   <\/div>\r\n<\/div>\t\t\t\t<\/div>\n\t\t\t\t<\/div>\n\t\t\t\t<div class=\"elementor-element elementor-element-9f1ddbf elementor-widget elementor-widget-heading\" data-id=\"9f1ddbf\" data-element_type=\"widget\" data-e-type=\"widget\" data-widget_type=\"heading.default\">\n\t\t\t\t<div class=\"elementor-widget-container\">\n\t\t\t\t\t<h2 class=\"elementor-heading-title elementor-size-default\">Description du voyage<\/h2>\t\t\t\t<\/div>\n\t\t\t\t<\/div>\n\t\t\t\t<div class=\"elementor-element elementor-element-76742ee elementor-widget elementor-widget-text-editor\" data-id=\"76742ee\" data-element_type=\"widget\" data-e-type=\"widget\" data-widget_type=\"text-editor.default\">\n\t\t\t\t<div class=\"elementor-widget-container\">\n\t\t\t\t\t\t\t\t\t<p><span style=\"font-weight: 400;\">La Colombie est l'un des pays les plus dynamiques d'Am\u00e9rique latine : musique, danse, nature exub\u00e9rante et culture vivante.<\/span><\/p><p><span style=\"font-weight: 400;\">Au cours de ce voyage, nous traverserons certains des endroits les plus fascinants du pays tout en d\u00e9couvrant sa culture \u00e0 travers les <\/span><b>la danse, la musique et la rencontre avec la population locale<\/b><span style=\"font-weight: 400;\">.<\/span><\/p><p><span style=\"font-weight: 400;\">Nous commencerons par <\/span><b>Bogota<\/b><span style=\"font-weight: 400;\">, La capitale andine, pleine d'histoire et de contrastes. Nous continuerons \u00e0 <\/span><b>Cali<\/b><span style=\"font-weight: 400;\">, Nous ferons un tour de salsa pour voir les lieux les plus embl\u00e9matiques de l'histoire de la salsa de la ville. Nous nous rendrons ensuite au <\/span><b>Axe de la culture du caf\u00e9<\/b><span style=\"font-weight: 400;\">, o\u00f9 nous appr\u00e9cierons les paysages spectaculaires et la culture du caf\u00e9.<\/span><\/p><p dir=\"ltr\"><span style=\"font-weight: 400;\">Nous continuerons \u00e0 <\/span><b>Medell\u00edn<\/b><span style=\"font-weight: 400;\">, l'une des villes les plus innovantes d'Am\u00e9rique latine, avant de nous rendre \u00e0 la <\/span><b>Cara\u00efbes colombiennes<\/b><span style=\"font-weight: 400;\">, o\u00f9 nous visiterons la r\u00e9gion de la <\/span><b>Parc Tayrona<\/b><span style=\"font-weight: 400;\"> et nous terminerons le voyage en <\/span><b>Cartagena de Indias<\/b><span style=\"font-weight: 400;\">, l'une des plus belles villes coloniales du continent.<\/span><\/p><p dir=\"ltr\"><span style=\"font-weight: 400;\">Pendant le voyage, nous combinerons :<\/span><\/p><ul><li><span style=\"font-weight: 400;\">Cours de danse avec des professeurs locaux<\/span><\/li><li><span style=\"font-weight: 400;\">Culture et nature<\/span><\/li><li><span style=\"font-weight: 400;\">Exp\u00e9riences authentiques<\/span><\/li><li><span style=\"font-weight: 400;\">Soir\u00e9es dansantes<\/span><\/li><\/ul><p dir=\"ltr\"><span style=\"font-weight: 400;\">Tout cela s'accompagne de l'esprit de <\/span><b>Dance Travelling : voyager, danser et se connecter \u00e0 la culture locale.<\/b><\/p>\t\t\t\t\t\t\t\t<\/div>\n\t\t\t\t<\/div>\n\t\t\t\t<div class=\"elementor-element elementor-element-68cabde elementor-widget-divider--view-line elementor-widget elementor-widget-divider\" data-id=\"68cabde\" data-element_type=\"widget\" data-e-type=\"widget\" data-widget_type=\"divider.default\">\n\t\t\t\t<div class=\"elementor-widget-container\">\n\t\t\t\t\t\t\t<div class=\"elementor-divider\">\n\t\t\t<span class=\"elementor-divider-separator\">\n\t\t\t\t\t\t<\/span>\n\t\t<\/div>\n\t\t\t\t\t\t<\/div>\n\t\t\t\t<\/div>\n\t\t\t\t<div class=\"elementor-element elementor-element-02a8500 elementor-widget elementor-widget-heading\" data-id=\"02a8500\" data-element_type=\"widget\" data-e-type=\"widget\" data-widget_type=\"heading.default\">\n\t\t\t\t<div class=\"elementor-widget-container\">\n\t\t\t\t\t<h2 class=\"elementor-heading-title elementor-size-default\">Voyage id\u00e9al pour...<\/h2>\t\t\t\t<\/div>\n\t\t\t\t<\/div>\n\t\t\t\t<div class=\"elementor-element elementor-element-ac024d4 elementor-widget elementor-widget-text-editor\" data-id=\"ac024d4\" data-element_type=\"widget\" data-e-type=\"widget\" data-widget_type=\"text-editor.default\">\n\t\t\t\t<div class=\"elementor-widget-container\">\n\t\t\t\t\t\t\t\t\t<p><span style=\"font-weight: 400;\">Ce voyage est sp\u00e9cialement con\u00e7u pour les personnes qui :<\/span><\/p><p><span style=\"font-weight: 400;\"><img decoding=\"async\" class=\"emoji\" role=\"img\" draggable=\"false\" src=\"https:\/\/s.w.org\/images\/core\/emoji\/17.0.2\/svg\/1f483.svg\" alt=\"\ud83d\udc83\" \/><\/span><span style=\"font-weight: 400;\"> La danse <strong>Salsa cubaine<\/strong> et veulent encore s'am\u00e9liorer.<\/span><span style=\"font-weight: 400;\"><br \/><\/span><span style=\"font-weight: 400;\"><img decoding=\"async\" class=\"emoji\" role=\"img\" draggable=\"false\" src=\"https:\/\/s.w.org\/images\/core\/emoji\/17.0.2\/svg\/1f30e.svg\" alt=\"\ud83c\udf0e\" \/><\/span><span style=\"font-weight: 400;\"> Ils veulent d\u00e9couvrir <strong>Rythmes colombiens<\/strong> authentiques.<\/span><span style=\"font-weight: 400;\"><br \/><\/span><span style=\"font-weight: 400;\"><img decoding=\"async\" class=\"emoji\" role=\"img\" draggable=\"false\" src=\"https:\/\/s.w.org\/images\/core\/emoji\/17.0.2\/svg\/1f3b6.svg\" alt=\"\ud83c\udfb6\" \/><\/span><span style=\"font-weight: 400;\"> Ils aiment voyager avec <strong>la musique et la danse<\/strong>.<\/span><span style=\"font-weight: 400;\"><br \/><\/span><span style=\"font-weight: 400;\"><img decoding=\"async\" class=\"emoji\" role=\"img\" draggable=\"false\" src=\"https:\/\/s.w.org\/images\/core\/emoji\/17.0.2\/svg\/1f46b.svg\" alt=\"\ud83d\udc6b\" \/><\/span><span style=\"font-weight: 400;\"> Ils veulent <strong>rencontrer des gens<\/strong> avec la m\u00eame passion.<\/span><span style=\"font-weight: 400;\"><br \/><\/span><span style=\"font-weight: 400;\"><img decoding=\"async\" class=\"emoji\" role=\"img\" draggable=\"false\" src=\"https:\/\/s.w.org\/images\/core\/emoji\/17.0.2\/svg\/1f334.svg\" alt=\"\ud83c\udf34\" \/><\/span><span style=\"font-weight: 400;\"> Ils recherchent un <strong>voyage actif<\/strong> alliant culture, nature et festivit\u00e9s.<\/span><\/p><p><span style=\"font-weight: 400;\">Peu importe votre origine ou votre \u00e2ge, l'important est que vous aimiez danser, que vous soyez pr\u00eat \u00e0 voyager en groupe et que vous ayez envie de vous amuser.<\/span><\/p><p><span style=\"font-weight: 400;\">Vous n'avez pas besoin de vous inscrire avec quelqu'un, vous pouvez venir seul, nous am\u00e8nerons vos amis. <\/span><span style=\"font-weight: 400;\"><img decoding=\"async\" class=\"emoji\" role=\"img\" draggable=\"false\" src=\"https:\/\/s.w.org\/images\/core\/emoji\/17.0.2\/svg\/1f60a.svg\" alt=\"\ud83d\ude0a\" \/><\/span><\/p><p><span style=\"font-weight: 400;\">Pour ce voyage, nous recommandons un <strong>niveau interm\u00e9diaire de la salsa cubaine<\/strong>. Aucune connaissance des danses colombiennes n'est n\u00e9cessaire.<\/span><\/p>\t\t\t\t\t\t\t\t<\/div>\n\t\t\t\t<\/div>\n\t\t\t\t<div class=\"elementor-element elementor-element-f696152 elementor-widget-divider--view-line elementor-widget elementor-widget-divider\" data-id=\"f696152\" data-element_type=\"widget\" data-e-type=\"widget\" data-widget_type=\"divider.default\">\n\t\t\t\t<div class=\"elementor-widget-container\">\n\t\t\t\t\t\t\t<div class=\"elementor-divider\">\n\t\t\t<span class=\"elementor-divider-separator\">\n\t\t\t\t\t\t<\/span>\n\t\t<\/div>\n\t\t\t\t\t\t<\/div>\n\t\t\t\t<\/div>\n\t\t\t\t<div class=\"elementor-element elementor-element-03a4994 elementor-widget elementor-widget-heading\" data-id=\"03a4994\" data-element_type=\"widget\" data-e-type=\"widget\" data-widget_type=\"heading.default\">\n\t\t\t\t<div class=\"elementor-widget-container\">\n\t\t\t\t\t<h2 class=\"elementor-heading-title elementor-size-default\">Ce qui rend ce voyage unique<\/h2>\t\t\t\t<\/div>\n\t\t\t\t<\/div>\n\t\t\t\t<div class=\"elementor-element elementor-element-b7cb850 elementor-widget elementor-widget-text-editor\" data-id=\"b7cb850\" data-element_type=\"widget\" data-e-type=\"widget\" data-widget_type=\"text-editor.default\">\n\t\t\t\t<div class=\"elementor-widget-container\">\n\t\t\t\t\t\t\t\t\t<ul><li><span style=\"font-weight: 400;\"> 14h de cours de danse avec des professeurs locaux<\/span><\/li><li><span style=\"font-weight: 400;\">Salsa cubaine + rythmes colombiens<\/span><\/li><li><span style=\"font-weight: 400;\">Cali : capitale mondiale de la salsa<\/span><\/li><li><span style=\"font-weight: 400;\">Exp\u00e9rience du caf\u00e9<\/span><\/li><li><span style=\"font-weight: 400;\">Parc Tayrona et Cara\u00efbes colombiennes<\/span><\/li><li><span style=\"font-weight: 400;\">Soir\u00e9es dansantes dans chaque ville<\/span><\/li><li><span style=\"font-weight: 400;\"> Groupe international de voyageurs<\/span><\/li><\/ul>\t\t\t\t\t\t\t\t<\/div>\n\t\t\t\t<\/div>\n\t\t\t\t<div class=\"elementor-element elementor-element-9977282 elementor-widget-divider--view-line elementor-widget elementor-widget-divider\" data-id=\"9977282\" data-element_type=\"widget\" data-e-type=\"widget\" data-widget_type=\"divider.default\">\n\t\t\t\t<div class=\"elementor-widget-container\">\n\t\t\t\t\t\t\t<div class=\"elementor-divider\">\n\t\t\t<span class=\"elementor-divider-separator\">\n\t\t\t\t\t\t<\/span>\n\t\t<\/div>\n\t\t\t\t\t\t<\/div>\n\t\t\t\t<\/div>\n\t\t\t\t<div class=\"elementor-element elementor-element-267ce60 elementor-widget elementor-widget-heading\" data-id=\"267ce60\" data-element_type=\"widget\" data-e-type=\"widget\" data-widget_type=\"heading.default\">\n\t\t\t\t<div class=\"elementor-widget-container\">\n\t\t\t\t\t<h2 class=\"elementor-heading-title elementor-size-default\">Cours de danse inclus<\/h2>\t\t\t\t<\/div>\n\t\t\t\t<\/div>\n\t\t\t\t<div class=\"elementor-element elementor-element-72dbf3c elementor-widget elementor-widget-text-editor\" data-id=\"72dbf3c\" data-element_type=\"widget\" data-e-type=\"widget\" data-widget_type=\"text-editor.default\">\n\t\t\t\t<div class=\"elementor-widget-container\">\n\t\t\t\t\t\t\t\t\t<p><span style=\"font-weight: 400;\">Pendant le voyage, nous <\/span><b>14 heures de cours de danse<\/b><span style=\"font-weight: 400;\"> avec des enseignants locaux dans diff\u00e9rentes villes.<\/span><\/p><p><span style=\"font-weight: 400;\">Les cours dureront environ <\/span><b>2 heures<\/b><span style=\"font-weight: 400;\"> et nous combinerons la salsa cubaine avec d'autres rythmes colombiens et locaux originaux (salsa cale\u00f1a, salsa choke, champeta...).<\/span><\/p><p><span style=\"font-weight: 400;\">L'objectif est de <\/span><b>pour renforcer notre connaissance de la salsa cubaine,<\/b> <b>apprendre les rythmes locaux et comprendre la culture du pays \u00e0 travers la danse<\/b><\/p>\t\t\t\t\t\t\t\t<\/div>\n\t\t\t\t<\/div>\n\t\t\t\t<div class=\"elementor-element elementor-element-74562d8 elementor-align-left elementor-widget elementor-widget-button\" data-id=\"74562d8\" data-element_type=\"widget\" data-e-type=\"widget\" data-widget_type=\"button.default\">\n\t\t\t\t<div class=\"elementor-widget-container\">\n\t\t\t\t\t\t\t\t\t<div class=\"elementor-button-wrapper\">\n\t\t\t\t\t<a class=\"elementor-button elementor-button-link elementor-size-sm\" href=\"#info-viaje\">\n\t\t\t\t\t\t<span class=\"elementor-button-content-wrapper\">\n\t\t\t\t\t\t\t\t\t<span class=\"elementor-button-text\">Vous avez des questions ? Ecrivez-nous \u00e0 l'adresse suivante<\/span>\n\t\t\t\t\t<\/span>\n\t\t\t\t\t<\/a>\n\t\t\t\t<\/div>\n\t\t\t\t\t\t\t\t<\/div>\n\t\t\t\t<\/div>\n\t\t\t\t<div class=\"elementor-element elementor-element-9dae9f6 elementor-widget-divider--view-line elementor-widget elementor-widget-divider\" data-id=\"9dae9f6\" data-element_type=\"widget\" data-e-type=\"widget\" data-widget_type=\"divider.default\">\n\t\t\t\t<div class=\"elementor-widget-container\">\n\t\t\t\t\t\t\t<div class=\"elementor-divider\">\n\t\t\t<span class=\"elementor-divider-separator\">\n\t\t\t\t\t\t<\/span>\n\t\t<\/div>\n\t\t\t\t\t\t<\/div>\n\t\t\t\t<\/div>\n\t\t\t\t<div class=\"elementor-element elementor-element-5e6d80a5 elementor-widget elementor-widget-heading\" data-id=\"5e6d80a5\" data-element_type=\"widget\" data-e-type=\"widget\" data-widget_type=\"heading.default\">\n\t\t\t\t<div class=\"elementor-widget-container\">\n\t\t\t\t\t<h2 class=\"elementor-heading-title elementor-size-default\">Itin\u00e9raire<\/h2>\t\t\t\t<\/div>\n\t\t\t\t<\/div>\n\t\t\t\t<div class=\"elementor-element elementor-element-6c65d76 elementor-widget elementor-widget-accordion\" data-id=\"6c65d76\" data-element_type=\"widget\" data-e-type=\"widget\" data-widget_type=\"accordion.default\">\n\t\t\t\t<div class=\"elementor-widget-container\">\n\t\t\t\t\t\t\t<div class=\"elementor-accordion\">\n\t\t\t\t\t\t\t<div class=\"elementor-accordion-item\">\n\t\t\t\t\t<div id=\"elementor-tab-title-1131\" class=\"elementor-tab-title\" data-tab=\"1\" role=\"button\" aria-controls=\"elementor-tab-content-1131\" aria-expanded=\"false\">\n\t\t\t\t\t\t\t\t\t\t\t\t\t<span class=\"elementor-accordion-icon elementor-accordion-icon-right\" aria-hidden=\"true\">\n\t\t\t\t\t\t\t\t\t\t\t\t\t\t\t<span class=\"elementor-accordion-icon-closed\"><i class=\"fas fa-plus\"><\/i><\/span>\n\t\t\t\t\t\t\t\t<span class=\"elementor-accordion-icon-opened\"><i class=\"fas fa-minus\"><\/i><\/span>\n\t\t\t\t\t\t\t\t\t\t\t\t\t\t<\/span>\n\t\t\t\t\t\t\t\t\t\t\t\t<a class=\"elementor-accordion-title\" tabindex=\"0\">Jour 1 : Bienvenue en Colombie !<\/a>\n\t\t\t\t\t<\/div>\n\t\t\t\t\t<div id=\"elementor-tab-content-1131\" class=\"elementor-tab-content elementor-clearfix\" data-tab=\"1\" role=\"region\" aria-labelledby=\"elementor-tab-title-1131\"><p><span style=\"font-weight: 400;\">Le point de rencontre se fera vers 19h \u00e0 l'h\u00e9bergement \u00e0 Bogot\u00e1.\u00a0<\/span><\/p><p><span style=\"font-weight: 400;\">Le transfert \u00e0 l'h\u00f4tel est \u00e0 votre charge. Nous n'incluons pas les vols pour vous donner plus de flexibilit\u00e9 et vous permettre de voyager quand et d'o\u00f9 vous voulez.<\/span><\/p><p><span style=\"font-weight: 400;\">Nous d\u00eenerons tous ensemble pour faire connaissance, puis pourquoi ne pas commencer \u00e0 profiter de la nuit colombienne ?<\/span><\/p><p><span style=\"font-weight: 400;\">H\u00e9bergement \u00e0 Bogota.<\/span><\/p><\/div>\n\t\t\t\t<\/div>\n\t\t\t\t\t\t\t<div class=\"elementor-accordion-item\">\n\t\t\t\t\t<div id=\"elementor-tab-title-1132\" class=\"elementor-tab-title\" data-tab=\"2\" role=\"button\" aria-controls=\"elementor-tab-content-1132\" aria-expanded=\"false\">\n\t\t\t\t\t\t\t\t\t\t\t\t\t<span class=\"elementor-accordion-icon elementor-accordion-icon-right\" aria-hidden=\"true\">\n\t\t\t\t\t\t\t\t\t\t\t\t\t\t\t<span class=\"elementor-accordion-icon-closed\"><i class=\"fas fa-plus\"><\/i><\/span>\n\t\t\t\t\t\t\t\t<span class=\"elementor-accordion-icon-opened\"><i class=\"fas fa-minus\"><\/i><\/span>\n\t\t\t\t\t\t\t\t\t\t\t\t\t\t<\/span>\n\t\t\t\t\t\t\t\t\t\t\t\t<a class=\"elementor-accordion-title\" tabindex=\"0\">Jour 2 : Bogota, la capitale de la Colombie<\/a>\n\t\t\t\t\t<\/div>\n\t\t\t\t\t<div id=\"elementor-tab-content-1132\" class=\"elementor-tab-content elementor-clearfix\" data-tab=\"2\" role=\"region\" aria-labelledby=\"elementor-tab-title-1132\"><p><span style=\"font-weight: 400;\">Apr\u00e8s le petit-d\u00e9jeuner \u00e0 l'h\u00f4tel, nous aurons une journ\u00e9e libre pour explorer la ville.<\/span><\/p><p><span style=\"font-weight: 400;\">En option, nous pouvons cr\u00e9er un <\/span><b>visite \u00e0 pied de La Candelaria<\/b><span style=\"font-weight: 400;\">, Nous visiterons le centre historique de Bogota, o\u00f9 nous verrons des lieux embl\u00e9matiques tels que la Plaza Bolivar, le Mus\u00e9e de l'or et le Mus\u00e9e Botero.<\/span><\/p><p><span style=\"font-weight: 400;\">Nous aurons \u00e9galement notre premi\u00e8re<\/span><b> Cours de danse <\/b><span style=\"font-weight: 400;\">(2h) avec des enseignants locaux.<\/span><\/p><p><span style=\"font-weight: 400;\">Le soir, nous sortirons pour d\u00e9couvrir la vie nocturne de la ville. <\/span><b>la danse dans certains des lieux les plus connus<\/b><span style=\"font-weight: 400;\">.<\/span><\/p><p><span style=\"font-weight: 400;\">H\u00e9bergement \u00e0 Bogota.<\/span><\/p><\/div>\n\t\t\t\t<\/div>\n\t\t\t\t\t\t\t<div class=\"elementor-accordion-item\">\n\t\t\t\t\t<div id=\"elementor-tab-title-1133\" class=\"elementor-tab-title\" data-tab=\"3\" role=\"button\" aria-controls=\"elementor-tab-content-1133\" aria-expanded=\"false\">\n\t\t\t\t\t\t\t\t\t\t\t\t\t<span class=\"elementor-accordion-icon elementor-accordion-icon-right\" aria-hidden=\"true\">\n\t\t\t\t\t\t\t\t\t\t\t\t\t\t\t<span class=\"elementor-accordion-icon-closed\"><i class=\"fas fa-plus\"><\/i><\/span>\n\t\t\t\t\t\t\t\t<span class=\"elementor-accordion-icon-opened\"><i class=\"fas fa-minus\"><\/i><\/span>\n\t\t\t\t\t\t\t\t\t\t\t\t\t\t<\/span>\n\t\t\t\t\t\t\t\t\t\t\t\t<a class=\"elementor-accordion-title\" tabindex=\"0\">Jour 3 : Cali, capitale mondiale de la salsa<\/a>\n\t\t\t\t\t<\/div>\n\t\t\t\t\t<div id=\"elementor-tab-content-1133\" class=\"elementor-tab-content elementor-clearfix\" data-tab=\"3\" role=\"region\" aria-labelledby=\"elementor-tab-title-1133\"><p><span style=\"font-weight: 400;\">Aujourd'hui, nous nous envolerons pour Cali, connue comme la <\/span><b>capitale mondiale de la salsa<\/b><span style=\"font-weight: 400;\">, une ville o\u00f9 la musique et la danse font partie de la vie quotidienne.<\/span><\/p><p><span style=\"font-weight: 400;\">Nous aurons un<\/span><b> COURS DE DANSE <\/b><span style=\"font-weight: 400;\">(2h) avec des enseignants locaux et temps libre pour explorer la ville.<\/span><\/p><p><span style=\"font-weight: 400;\">Le soir, nous partirons \u00e0 la d\u00e9couverte <\/span><b>La c\u00e9l\u00e8bre salsa de Cali<\/b><span style=\"font-weight: 400;\">.<\/span><\/p><p><span style=\"font-weight: 400;\">H\u00e9bergement \u00e0 Cali.<\/span><\/p><\/div>\n\t\t\t\t<\/div>\n\t\t\t\t\t\t\t<div class=\"elementor-accordion-item\">\n\t\t\t\t\t<div id=\"elementor-tab-title-1134\" class=\"elementor-tab-title\" data-tab=\"4\" role=\"button\" aria-controls=\"elementor-tab-content-1134\" aria-expanded=\"false\">\n\t\t\t\t\t\t\t\t\t\t\t\t\t<span class=\"elementor-accordion-icon elementor-accordion-icon-right\" aria-hidden=\"true\">\n\t\t\t\t\t\t\t\t\t\t\t\t\t\t\t<span class=\"elementor-accordion-icon-closed\"><i class=\"fas fa-plus\"><\/i><\/span>\n\t\t\t\t\t\t\t\t<span class=\"elementor-accordion-icon-opened\"><i class=\"fas fa-minus\"><\/i><\/span>\n\t\t\t\t\t\t\t\t\t\t\t\t\t\t<\/span>\n\t\t\t\t\t\t\t\t\t\t\t\t<a class=\"elementor-accordion-title\" tabindex=\"0\">Jour 4 : L'histoire de la salsa \u00e0 Cali<\/a>\n\t\t\t\t\t<\/div>\n\t\t\t\t\t<div id=\"elementor-tab-content-1134\" class=\"elementor-tab-content elementor-clearfix\" data-tab=\"4\" role=\"region\" aria-labelledby=\"elementor-tab-title-1134\"><p><span style=\"font-weight: 400;\">Aujourd'hui, nous aurons une <\/span><b>visite de la ville de la salsa<\/b><span style=\"font-weight: 400;\">, Nous visiterons des lieux embl\u00e9matiques de l'histoire de la salsa de la ville et nous comprendrons pourquoi la ville est connue dans le monde entier comme la capitale de la salsa.<\/span><\/p><p><span style=\"font-weight: 400;\">Dans l'apr\u00e8s-midi, nous aurons une <\/span><b>COURS DE DANSE <\/b><span style=\"font-weight: 400;\">(2h) avec des enseignants locaux.<\/span><\/p><p><span style=\"font-weight: 400;\">Le soir, nous sortirons \u00e0 nouveau pour <\/span><b>danser sur certaines des meilleures pistes de salsa de la ville<\/b><span style=\"font-weight: 400;\">.<\/span><\/p><p><span style=\"font-weight: 400;\">H\u00e9bergement \u00e0 Cali.<\/span><\/p><\/div>\n\t\t\t\t<\/div>\n\t\t\t\t\t\t\t<div class=\"elementor-accordion-item\">\n\t\t\t\t\t<div id=\"elementor-tab-title-1135\" class=\"elementor-tab-title\" data-tab=\"5\" role=\"button\" aria-controls=\"elementor-tab-content-1135\" aria-expanded=\"false\">\n\t\t\t\t\t\t\t\t\t\t\t\t\t<span class=\"elementor-accordion-icon elementor-accordion-icon-right\" aria-hidden=\"true\">\n\t\t\t\t\t\t\t\t\t\t\t\t\t\t\t<span class=\"elementor-accordion-icon-closed\"><i class=\"fas fa-plus\"><\/i><\/span>\n\t\t\t\t\t\t\t\t<span class=\"elementor-accordion-icon-opened\"><i class=\"fas fa-minus\"><\/i><\/span>\n\t\t\t\t\t\t\t\t\t\t\t\t\t\t<\/span>\n\t\t\t\t\t\t\t\t\t\t\t\t<a class=\"elementor-accordion-title\" tabindex=\"0\">Jour 5 : Temps libre \u00e0 Cali<\/a>\n\t\t\t\t\t<\/div>\n\t\t\t\t\t<div id=\"elementor-tab-content-1135\" class=\"elementor-tab-content elementor-clearfix\" data-tab=\"5\" role=\"region\" aria-labelledby=\"elementor-tab-title-1135\"><p><span style=\"font-weight: 400;\">Apr\u00e8s le petit-d\u00e9jeuner, nous aurons la journ\u00e9e libre pour continuer \u00e0 profiter de la ville.<\/span><\/p><p><span style=\"font-weight: 400;\">Dans l'apr\u00e8s-midi, nous aurons une <\/span><b>cours de danse (2h)<\/b><span style=\"font-weight: 400;\"> Le soir, nous sortirons \u00e0 nouveau pour profiter de l'incroyable atmosph\u00e8re de salsa de Cali.<\/span><\/p><p><span style=\"font-weight: 400;\">H\u00e9bergement \u00e0 Cali.<\/span><\/p><\/div>\n\t\t\t\t<\/div>\n\t\t\t\t\t\t\t<div class=\"elementor-accordion-item\">\n\t\t\t\t\t<div id=\"elementor-tab-title-1136\" class=\"elementor-tab-title\" data-tab=\"6\" role=\"button\" aria-controls=\"elementor-tab-content-1136\" aria-expanded=\"false\">\n\t\t\t\t\t\t\t\t\t\t\t\t\t<span class=\"elementor-accordion-icon elementor-accordion-icon-right\" aria-hidden=\"true\">\n\t\t\t\t\t\t\t\t\t\t\t\t\t\t\t<span class=\"elementor-accordion-icon-closed\"><i class=\"fas fa-plus\"><\/i><\/span>\n\t\t\t\t\t\t\t\t<span class=\"elementor-accordion-icon-opened\"><i class=\"fas fa-minus\"><\/i><\/span>\n\t\t\t\t\t\t\t\t\t\t\t\t\t\t<\/span>\n\t\t\t\t\t\t\t\t\t\t\t\t<a class=\"elementor-accordion-title\" tabindex=\"0\">Jour 6 : Entre les plantations de caf\u00e9 de l'Eje Cafetero<\/a>\n\t\t\t\t\t<\/div>\n\t\t\t\t\t<div id=\"elementor-tab-content-1136\" class=\"elementor-tab-content elementor-clearfix\" data-tab=\"6\" role=\"region\" aria-labelledby=\"elementor-tab-title-1136\"><p><span style=\"font-weight: 400;\">Aujourd'hui, nous nous rendrons par la route au <\/span><b>Axe de la culture du caf\u00e9<\/b><span style=\"font-weight: 400;\"> (environ 3h). Nous arriverons \u00e0 une ferme de caf\u00e9 entour\u00e9e de nature, o\u00f9 nous logerons.<\/span><\/p><p><span style=\"font-weight: 400;\">En option, nous pouvons faire une exp\u00e9rience de caf\u00e9 o\u00f9 nous apprendrons tout sur le processus de production du caf\u00e9 colombien et d\u00e9gusterons un d\u00e9licieux caf\u00e9.\u00a0<\/span><\/p><p><span style=\"font-weight: 400;\">H\u00e9bergement dans l'Eje Cafetero.<\/span><\/p><\/div>\n\t\t\t\t<\/div>\n\t\t\t\t\t\t\t<div class=\"elementor-accordion-item\">\n\t\t\t\t\t<div id=\"elementor-tab-title-1137\" class=\"elementor-tab-title\" data-tab=\"7\" role=\"button\" aria-controls=\"elementor-tab-content-1137\" aria-expanded=\"false\">\n\t\t\t\t\t\t\t\t\t\t\t\t\t<span class=\"elementor-accordion-icon elementor-accordion-icon-right\" aria-hidden=\"true\">\n\t\t\t\t\t\t\t\t\t\t\t\t\t\t\t<span class=\"elementor-accordion-icon-closed\"><i class=\"fas fa-plus\"><\/i><\/span>\n\t\t\t\t\t\t\t\t<span class=\"elementor-accordion-icon-opened\"><i class=\"fas fa-minus\"><\/i><\/span>\n\t\t\t\t\t\t\t\t\t\t\t\t\t\t<\/span>\n\t\t\t\t\t\t\t\t\t\t\t\t<a class=\"elementor-accordion-title\" tabindex=\"0\">Jour 7 : La spectaculaire vall\u00e9e de Cocora<\/a>\n\t\t\t\t\t<\/div>\n\t\t\t\t\t<div id=\"elementor-tab-content-1137\" class=\"elementor-tab-content elementor-clearfix\" data-tab=\"7\" role=\"region\" aria-labelledby=\"elementor-tab-title-1137\"><p><span style=\"font-weight: 400;\">Aujourd'hui, nous avons la possibilit\u00e9 d'explorer <\/span><b>la vall\u00e9e de Cocora, <\/b><span style=\"font-weight: 400;\">l'un des paysages les plus spectaculaires de Colombie, c\u00e9l\u00e8bre pour ses palmiers \u00e0 cire g\u00e9ants. Ensuite, nous nous prom\u00e8nerons dans <\/span><b>Salento<\/b><span style=\"font-weight: 400;\"> et ses boutiques d'artisanat, et terminer la journ\u00e9e en regardant le coucher de soleil depuis un point de vue.<\/span><\/p><p><span style=\"font-weight: 400;\">H\u00e9bergement dans l'Eje Cafetero.<\/span><\/p><\/div>\n\t\t\t\t<\/div>\n\t\t\t\t\t\t\t<div class=\"elementor-accordion-item\">\n\t\t\t\t\t<div id=\"elementor-tab-title-1138\" class=\"elementor-tab-title\" data-tab=\"8\" role=\"button\" aria-controls=\"elementor-tab-content-1138\" aria-expanded=\"false\">\n\t\t\t\t\t\t\t\t\t\t\t\t\t<span class=\"elementor-accordion-icon elementor-accordion-icon-right\" aria-hidden=\"true\">\n\t\t\t\t\t\t\t\t\t\t\t\t\t\t\t<span class=\"elementor-accordion-icon-closed\"><i class=\"fas fa-plus\"><\/i><\/span>\n\t\t\t\t\t\t\t\t<span class=\"elementor-accordion-icon-opened\"><i class=\"fas fa-minus\"><\/i><\/span>\n\t\t\t\t\t\t\t\t\t\t\t\t\t\t<\/span>\n\t\t\t\t\t\t\t\t\t\t\t\t<a class=\"elementor-accordion-title\" tabindex=\"0\">Jour 8 : Transfert vers la ville anim\u00e9e de Medell\u00edn<\/a>\n\t\t\t\t\t<\/div>\n\t\t\t\t\t<div id=\"elementor-tab-content-1138\" class=\"elementor-tab-content elementor-clearfix\" data-tab=\"8\" role=\"region\" aria-labelledby=\"elementor-tab-title-1138\"><p><span style=\"font-weight: 400;\">Aujourd'hui, nous voyagerons par la route jusqu'\u00e0 Medell\u00edn (environ 6h).\u00a0<\/span><\/p><p><span style=\"font-weight: 400;\">\u00c0 l'arriv\u00e9e, nous aurons le reste de la journ\u00e9e libre pour explorer la ville ou nous reposer.\u00a0<\/span><\/p><p><span style=\"font-weight: 400;\">Le soir, nous partirons \u00e0 la d\u00e9couverte des <\/span><b>La vie nocturne anim\u00e9e de Medell\u00edn<\/b><span style=\"font-weight: 400;\">.<\/span><\/p><p><span style=\"font-weight: 400;\">H\u00e9bergement \u00e0 Medell\u00edn.<\/span><\/p><\/div>\n\t\t\t\t<\/div>\n\t\t\t\t\t\t\t<div class=\"elementor-accordion-item\">\n\t\t\t\t\t<div id=\"elementor-tab-title-1139\" class=\"elementor-tab-title\" data-tab=\"9\" role=\"button\" aria-controls=\"elementor-tab-content-1139\" aria-expanded=\"false\">\n\t\t\t\t\t\t\t\t\t\t\t\t\t<span class=\"elementor-accordion-icon elementor-accordion-icon-right\" aria-hidden=\"true\">\n\t\t\t\t\t\t\t\t\t\t\t\t\t\t\t<span class=\"elementor-accordion-icon-closed\"><i class=\"fas fa-plus\"><\/i><\/span>\n\t\t\t\t\t\t\t\t<span class=\"elementor-accordion-icon-opened\"><i class=\"fas fa-minus\"><\/i><\/span>\n\t\t\t\t\t\t\t\t\t\t\t\t\t\t<\/span>\n\t\t\t\t\t\t\t\t\t\t\t\t<a class=\"elementor-accordion-title\" tabindex=\"0\">Jour 9 : Medell\u00edn et Comuna 13<\/a>\n\t\t\t\t\t<\/div>\n\t\t\t\t\t<div id=\"elementor-tab-content-1139\" class=\"elementor-tab-content elementor-clearfix\" data-tab=\"9\" role=\"region\" aria-labelledby=\"elementor-tab-title-1139\"><p><span style=\"font-weight: 400;\">Aujourd'hui, nous aurons une <\/span><b>COURS DE DANSE <\/b><span style=\"font-weight: 400;\">(2h) avec des enseignants locaux.<\/span><\/p><p><span style=\"font-weight: 400;\">En option, nous pouvons faire une visite guid\u00e9e \u00e0 pied de la ville. <\/span><b>Commune 13<\/b><span style=\"font-weight: 400;\">, l'un des quartiers les plus embl\u00e9matiques de la transformation culturelle de la ville.<\/span><\/p><p><span style=\"font-weight: 400;\">Le soir, nous sortirons pour <\/span><b>danser et profiter de l'atmosph\u00e8re musicale de Medell\u00edn.<\/b><span style=\"font-weight: 400;\">.<\/span><\/p><p><span style=\"font-weight: 400;\">H\u00e9bergement \u00e0 Medell\u00edn.<\/span><\/p><\/div>\n\t\t\t\t<\/div>\n\t\t\t\t\t\t\t<div class=\"elementor-accordion-item\">\n\t\t\t\t\t<div id=\"elementor-tab-title-11310\" class=\"elementor-tab-title\" data-tab=\"10\" role=\"button\" aria-controls=\"elementor-tab-content-11310\" aria-expanded=\"false\">\n\t\t\t\t\t\t\t\t\t\t\t\t\t<span class=\"elementor-accordion-icon elementor-accordion-icon-right\" aria-hidden=\"true\">\n\t\t\t\t\t\t\t\t\t\t\t\t\t\t\t<span class=\"elementor-accordion-icon-closed\"><i class=\"fas fa-plus\"><\/i><\/span>\n\t\t\t\t\t\t\t\t<span class=\"elementor-accordion-icon-opened\"><i class=\"fas fa-minus\"><\/i><\/span>\n\t\t\t\t\t\t\t\t\t\t\t\t\t\t<\/span>\n\t\t\t\t\t\t\t\t\t\t\t\t<a class=\"elementor-accordion-title\" tabindex=\"0\">Jour 10 : Arriv\u00e9e au parc national de Tayrona<\/a>\n\t\t\t\t\t<\/div>\n\t\t\t\t\t<div id=\"elementor-tab-content-11310\" class=\"elementor-tab-content elementor-clearfix\" data-tab=\"10\" role=\"region\" aria-labelledby=\"elementor-tab-title-11310\"><p><span style=\"font-weight: 400;\">Aujourd'hui, nous prendrons un vol pour Santa Marta et nous serons transf\u00e9r\u00e9s dans la zone de l'a\u00e9roport de Santa Marta. <\/span><b>Parc national de Tayrona<\/b><span style=\"font-weight: 400;\">. Nous arriverons au camping o\u00f9 nous passerons deux nuits, ce qui nous permettra de nous immerger dans la nature du parc.<\/span><\/p><p><span style=\"font-weight: 400;\">Nous aurons l'apr\u00e8s-midi libre pour commencer \u00e0 profiter de l'environnement naturel.<\/span><\/p><p><span style=\"font-weight: 400;\">La nuit, nous pouvons rester dans les tentes et observer le ciel \u00e9toil\u00e9.<\/span><\/p><p><span style=\"font-weight: 400;\">H\u00e9bergement \u00e0 Tayrona.<\/span><\/p><\/div>\n\t\t\t\t<\/div>\n\t\t\t\t\t\t\t<div class=\"elementor-accordion-item\">\n\t\t\t\t\t<div id=\"elementor-tab-title-11311\" class=\"elementor-tab-title\" data-tab=\"11\" role=\"button\" aria-controls=\"elementor-tab-content-11311\" aria-expanded=\"false\">\n\t\t\t\t\t\t\t\t\t\t\t\t\t<span class=\"elementor-accordion-icon elementor-accordion-icon-right\" aria-hidden=\"true\">\n\t\t\t\t\t\t\t\t\t\t\t\t\t\t\t<span class=\"elementor-accordion-icon-closed\"><i class=\"fas fa-plus\"><\/i><\/span>\n\t\t\t\t\t\t\t\t<span class=\"elementor-accordion-icon-opened\"><i class=\"fas fa-minus\"><\/i><\/span>\n\t\t\t\t\t\t\t\t\t\t\t\t\t\t<\/span>\n\t\t\t\t\t\t\t\t\t\t\t\t<a class=\"elementor-accordion-title\" tabindex=\"0\">Jour 11 : Plages et nature \u00e0 Tayrona<\/a>\n\t\t\t\t\t<\/div>\n\t\t\t\t\t<div id=\"elementor-tab-content-11311\" class=\"elementor-tab-content elementor-clearfix\" data-tab=\"11\" role=\"region\" aria-labelledby=\"elementor-tab-title-11311\"><p><span style=\"font-weight: 400;\">Aujourd'hui, nous avons la journ\u00e9e libre pour profiter du parc \u00e0 notre guise. Nous pouvons faire des randonn\u00e9es et\/ou profiter des plages.<\/span><\/p><p><span style=\"font-weight: 400;\">H\u00e9bergement \u00e0 Tayrona.<\/span><\/p><\/div>\n\t\t\t\t<\/div>\n\t\t\t\t\t\t\t<div class=\"elementor-accordion-item\">\n\t\t\t\t\t<div id=\"elementor-tab-title-11312\" class=\"elementor-tab-title\" data-tab=\"12\" role=\"button\" aria-controls=\"elementor-tab-content-11312\" aria-expanded=\"false\">\n\t\t\t\t\t\t\t\t\t\t\t\t\t<span class=\"elementor-accordion-icon elementor-accordion-icon-right\" aria-hidden=\"true\">\n\t\t\t\t\t\t\t\t\t\t\t\t\t\t\t<span class=\"elementor-accordion-icon-closed\"><i class=\"fas fa-plus\"><\/i><\/span>\n\t\t\t\t\t\t\t\t<span class=\"elementor-accordion-icon-opened\"><i class=\"fas fa-minus\"><\/i><\/span>\n\t\t\t\t\t\t\t\t\t\t\t\t\t\t<\/span>\n\t\t\t\t\t\t\t\t\t\t\t\t<a class=\"elementor-accordion-title\" tabindex=\"0\">Jour 12 : Arriv\u00e9e dans la ville fortifi\u00e9e de Cartagena<\/a>\n\t\t\t\t\t<\/div>\n\t\t\t\t\t<div id=\"elementor-tab-content-11312\" class=\"elementor-tab-content elementor-clearfix\" data-tab=\"12\" role=\"region\" aria-labelledby=\"elementor-tab-title-11312\"><p><span style=\"font-weight: 400;\">Transfert par la route vers Carthag\u00e8ne (environ 6h) via la c\u00f4te cara\u00efbe, avec des paysages c\u00f4tiers \u00e0 couper le souffle, des villages pittoresques et l'\u00e9motion d'explorer deux des destinations embl\u00e9matiques de la Colombie.\u00a0<\/span><\/p><p><span style=\"font-weight: 400;\">\u00c0 l'arriv\u00e9e, nous aurons du temps libre, puis nous ferons une promenade nocturne dans le centre historique.<\/span><\/p><p><span style=\"font-weight: 400;\">H\u00e9bergement \u00e0 Cartagena.<\/span><\/p><\/div>\n\t\t\t\t<\/div>\n\t\t\t\t\t\t\t<div class=\"elementor-accordion-item\">\n\t\t\t\t\t<div id=\"elementor-tab-title-11313\" class=\"elementor-tab-title\" data-tab=\"13\" role=\"button\" aria-controls=\"elementor-tab-content-11313\" aria-expanded=\"false\">\n\t\t\t\t\t\t\t\t\t\t\t\t\t<span class=\"elementor-accordion-icon elementor-accordion-icon-right\" aria-hidden=\"true\">\n\t\t\t\t\t\t\t\t\t\t\t\t\t\t\t<span class=\"elementor-accordion-icon-closed\"><i class=\"fas fa-plus\"><\/i><\/span>\n\t\t\t\t\t\t\t\t<span class=\"elementor-accordion-icon-opened\"><i class=\"fas fa-minus\"><\/i><\/span>\n\t\t\t\t\t\t\t\t\t\t\t\t\t\t<\/span>\n\t\t\t\t\t\t\t\t\t\t\t\t<a class=\"elementor-accordion-title\" tabindex=\"0\">Jour 13 : D\u00e9couverte de Carthag\u00e8ne<\/a>\n\t\t\t\t\t<\/div>\n\t\t\t\t\t<div id=\"elementor-tab-content-11313\" class=\"elementor-tab-content elementor-clearfix\" data-tab=\"13\" role=\"region\" aria-labelledby=\"elementor-tab-title-11313\"><p><span style=\"font-weight: 400;\">Aujourd'hui, nous aurons notre <\/span><b>COURS DE DANSE <\/b><span style=\"font-weight: 400;\">(2h) avec des enseignants locaux.<\/span><\/p><p><span style=\"font-weight: 400;\">Nous aurons ensuite une journ\u00e9e libre pour explorer la ville. En option, nous pouvons faire une visite guid\u00e9e du centre historique et\/ou, dans la soir\u00e9e, faire une promenade en catamaran.<\/span><\/p><p><span style=\"font-weight: 400;\">Le soir, nous sortirons pour profiter de l'atmosph\u00e8re carib\u00e9enne de Carthag\u00e8ne.<\/span><\/p><p><span style=\"font-weight: 400;\">H\u00e9bergement \u00e0 Cartagena.<\/span><\/p><\/div>\n\t\t\t\t<\/div>\n\t\t\t\t\t\t\t<div class=\"elementor-accordion-item\">\n\t\t\t\t\t<div id=\"elementor-tab-title-11314\" class=\"elementor-tab-title\" data-tab=\"14\" role=\"button\" aria-controls=\"elementor-tab-content-11314\" aria-expanded=\"false\">\n\t\t\t\t\t\t\t\t\t\t\t\t\t<span class=\"elementor-accordion-icon elementor-accordion-icon-right\" aria-hidden=\"true\">\n\t\t\t\t\t\t\t\t\t\t\t\t\t\t\t<span class=\"elementor-accordion-icon-closed\"><i class=\"fas fa-plus\"><\/i><\/span>\n\t\t\t\t\t\t\t\t<span class=\"elementor-accordion-icon-opened\"><i class=\"fas fa-minus\"><\/i><\/span>\n\t\t\t\t\t\t\t\t\t\t\t\t\t\t<\/span>\n\t\t\t\t\t\t\t\t\t\t\t\t<a class=\"elementor-accordion-title\" tabindex=\"0\">Jour 14 : Profiter des plages des Cara\u00efbes<\/a>\n\t\t\t\t\t<\/div>\n\t\t\t\t\t<div id=\"elementor-tab-content-11314\" class=\"elementor-tab-content elementor-clearfix\" data-tab=\"14\" role=\"region\" aria-labelledby=\"elementor-tab-title-11314\"><p><span style=\"font-weight: 400;\">Aujourd'hui, nous pouvons faire une excursion aux \u00eeles Rosario, un paradis carib\u00e9en au large de Carthag\u00e8ne, o\u00f9 nous pouvons passer la journ\u00e9e sur une plage de sable blanc entour\u00e9e d'eaux turquoise, nous d\u00e9tendre dans des hamacs au bord de la mer, nager ou faire de la plong\u00e9e avec masque et tuba dans l'un des plus beaux \u00e9cosyst\u00e8mes marins de la Colombie.\u00a0<\/span><\/p><p><span style=\"font-weight: 400;\">Sur le chemin du retour \u00e0 Carthag\u00e8ne, nous aurons notre dernier <\/span><b>COURS DE DANSE <\/b><span style=\"font-weight: 400;\">(2h) avec des enseignants locaux.<\/span><\/p><p><span style=\"font-weight: 400;\">Le soir, nous f\u00eaterons ensemble la derni\u00e8re nuit du voyage. <\/span><b>la danse dans les Cara\u00efbes colombiennes<\/b><span style=\"font-weight: 400;\">.<\/span><\/p><p><span style=\"font-weight: 400;\">H\u00e9bergement \u00e0 Cartagena.<\/span><\/p><\/div>\n\t\t\t\t<\/div>\n\t\t\t\t\t\t\t<div class=\"elementor-accordion-item\">\n\t\t\t\t\t<div id=\"elementor-tab-title-11315\" class=\"elementor-tab-title\" data-tab=\"15\" role=\"button\" aria-controls=\"elementor-tab-content-11315\" aria-expanded=\"false\">\n\t\t\t\t\t\t\t\t\t\t\t\t\t<span class=\"elementor-accordion-icon elementor-accordion-icon-right\" aria-hidden=\"true\">\n\t\t\t\t\t\t\t\t\t\t\t\t\t\t\t<span class=\"elementor-accordion-icon-closed\"><i class=\"fas fa-plus\"><\/i><\/span>\n\t\t\t\t\t\t\t\t<span class=\"elementor-accordion-icon-opened\"><i class=\"fas fa-minus\"><\/i><\/span>\n\t\t\t\t\t\t\t\t\t\t\t\t\t\t<\/span>\n\t\t\t\t\t\t\t\t\t\t\t\t<a class=\"elementor-accordion-title\" tabindex=\"0\">Jour 15 : Au revoir la Colombie<\/a>\n\t\t\t\t\t<\/div>\n\t\t\t\t\t<div id=\"elementor-tab-content-11315\" class=\"elementor-tab-content elementor-clearfix\" data-tab=\"15\" role=\"region\" aria-labelledby=\"elementor-tab-title-11315\"><p><span style=\"font-weight: 400;\">Le moment est venu de se dire au revoir, aujourd'hui chacun peut partir \u00e0 l'heure qu'il veut d\u00e8s le matin ou profiter du dernier jour pour acheter des souvenirs.<\/span><\/p><\/div>\n\t\t\t\t<\/div>\n\t\t\t\t\t\t\t\t<\/div>\n\t\t\t\t\t\t<\/div>\n\t\t\t\t<\/div>\n\t\t\t\t<div class=\"elementor-element elementor-element-33e4f83 elementor-widget-divider--view-line elementor-widget elementor-widget-divider\" data-id=\"33e4f83\" data-element_type=\"widget\" data-e-type=\"widget\" data-widget_type=\"divider.default\">\n\t\t\t\t<div class=\"elementor-widget-container\">\n\t\t\t\t\t\t\t<div class=\"elementor-divider\">\n\t\t\t<span class=\"elementor-divider-separator\">\n\t\t\t\t\t\t<\/span>\n\t\t<\/div>\n\t\t\t\t\t\t<\/div>\n\t\t\t\t<\/div>\n\t\t\t\t<div class=\"elementor-element elementor-element-722d932 elementor-widget elementor-widget-heading\" data-id=\"722d932\" data-element_type=\"widget\" data-e-type=\"widget\" data-widget_type=\"heading.default\">\n\t\t\t\t<div class=\"elementor-widget-container\">\n\t\t\t\t\t<h2 class=\"elementor-heading-title elementor-size-default\">Activit\u00e9s facultatives<\/h2>\t\t\t\t<\/div>\n\t\t\t\t<\/div>\n\t\t\t\t<div class=\"elementor-element elementor-element-c9c4233 elementor-widget elementor-widget-text-editor\" data-id=\"c9c4233\" data-element_type=\"widget\" data-e-type=\"widget\" data-widget_type=\"text-editor.default\">\n\t\t\t\t<div class=\"elementor-widget-container\">\n\t\t\t\t\t\t\t\t\t<p><span style=\"font-weight: 400;\">Pendant le voyage, il y aura diff\u00e9rentes activit\u00e9s optionnelles que nous d\u00e9ciderons de faire en tant que groupe et qui seront pay\u00e9es par le fonds commun qui sera collect\u00e9 le premier jour du voyage.<\/span><\/p><p><b>Bogota<\/b><span style=\"font-weight: 400;\"><br \/><\/span><span style=\"font-weight: 400;\">- Visite \u00e0 pied de La Candelaria<\/span><\/p><p><b>Axe de la culture du caf\u00e9<\/b><span style=\"font-weight: 400;\"><br \/><\/span><span style=\"font-weight: 400;\">- Exp\u00e9rience du caf\u00e9<\/span><span style=\"font-weight: 400;\"><br \/><\/span><span style=\"font-weight: 400;\">- Excursion dans la vall\u00e9e de Cocora<\/span><\/p><p><b>Medell\u00edn<\/b><span style=\"font-weight: 400;\"><br \/><\/span><span style=\"font-weight: 400;\">- Tour de la Comuna 13<\/span><\/p><p><b>Carthag\u00e8ne<\/b><span style=\"font-weight: 400;\"><br \/><\/span><span style=\"font-weight: 400;\">- Visite \u00e0 pied de la ville fortifi\u00e9e<\/span><span style=\"font-weight: 400;\"><br \/><\/span><span style=\"font-weight: 400;\">- Catamaran au coucher du soleil<\/span><span style=\"font-weight: 400;\"><br \/><\/span><span style=\"font-weight: 400;\">- Excursion dans les \u00eeles Rosario<\/span><\/p>\t\t\t\t\t\t\t\t<\/div>\n\t\t\t\t<\/div>\n\t\t\t\t<div class=\"elementor-element elementor-element-f94fc6d elementor-widget-divider--view-line elementor-widget elementor-widget-divider\" data-id=\"f94fc6d\" data-element_type=\"widget\" data-e-type=\"widget\" data-widget_type=\"divider.default\">\n\t\t\t\t<div class=\"elementor-widget-container\">\n\t\t\t\t\t\t\t<div class=\"elementor-divider\">\n\t\t\t<span class=\"elementor-divider-separator\">\n\t\t\t\t\t\t<\/span>\n\t\t<\/div>\n\t\t\t\t\t\t<\/div>\n\t\t\t\t<\/div>\n\t\t\t\t<div class=\"elementor-element elementor-element-bb32e3e elementor-widget elementor-widget-heading\" data-id=\"bb32e3e\" data-element_type=\"widget\" data-e-type=\"widget\" data-widget_type=\"heading.default\">\n\t\t\t\t<div class=\"elementor-widget-container\">\n\t\t\t\t\t<h2 class=\"elementor-heading-title elementor-size-default\">Rencontre et adieu<\/h2>\t\t\t\t<\/div>\n\t\t\t\t<\/div>\n\t\t\t\t<div class=\"elementor-element elementor-element-9ff56bf elementor-widget elementor-widget-text-editor\" data-id=\"9ff56bf\" data-element_type=\"widget\" data-e-type=\"widget\" data-widget_type=\"text-editor.default\">\n\t\t\t\t<div class=\"elementor-widget-container\">\n\t\t\t\t\t\t\t\t\t<p><span style=\"font-weight: 400;\">Ce voyage <strong>commence \u00e0 Bogota et se termine \u00e0 Carthag\u00e8ne<\/strong>.<\/span><\/p><p><span style=\"font-weight: 400;\">Le premier jour, nous nous retrouverons \u00e0 Bogota \u00e0 partir de 19h pour commencer le voyage ensemble. <\/span><span style=\"font-weight: 400;\">Le dernier jour du voyage se terminera \u00e0 Carthag\u00e8ne, d'o\u00f9 chaque voyageur pourra organiser son vol de retour dans la matin\u00e9e.<\/span><\/p>\t\t\t\t\t\t\t\t<\/div>\n\t\t\t\t<\/div>\n\t\t\t\t<div class=\"elementor-element elementor-element-271be42 elementor-widget-divider--view-line elementor-widget elementor-widget-divider\" data-id=\"271be42\" data-element_type=\"widget\" data-e-type=\"widget\" data-widget_type=\"divider.default\">\n\t\t\t\t<div class=\"elementor-widget-container\">\n\t\t\t\t\t\t\t<div class=\"elementor-divider\">\n\t\t\t<span class=\"elementor-divider-separator\">\n\t\t\t\t\t\t<\/span>\n\t\t<\/div>\n\t\t\t\t\t\t<\/div>\n\t\t\t\t<\/div>\n\t\t\t\t<div class=\"elementor-element elementor-element-4aa3dc2 elementor-widget elementor-widget-heading\" data-id=\"4aa3dc2\" data-element_type=\"widget\" data-e-type=\"widget\" data-widget_type=\"heading.default\">\n\t\t\t\t<div class=\"elementor-widget-container\">\n\t\t\t\t\t<h2 class=\"elementor-heading-title elementor-size-default\">Inclus\/Exclus<\/h2>\t\t\t\t<\/div>\n\t\t\t\t<\/div>\n\t\t\t\t<div class=\"elementor-element elementor-element-de9b329 elementor-icon-list--layout-traditional elementor-list-item-link-full_width elementor-widget elementor-widget-icon-list\" data-id=\"de9b329\" data-element_type=\"widget\" data-e-type=\"widget\" data-widget_type=\"icon-list.default\">\n\t\t\t\t<div class=\"elementor-widget-container\">\n\t\t\t\t\t\t\t<ul class=\"elementor-icon-list-items\">\n\t\t\t\t\t\t\t<li class=\"elementor-icon-list-item\">\n\t\t\t\t\t\t\t\t\t\t\t<span class=\"elementor-icon-list-icon\">\n\t\t\t\t\t\t\t<i aria-hidden=\"true\" class=\"fas fa-check\"><\/i>\t\t\t\t\t\t<\/span>\n\t\t\t\t\t\t\t\t\t\t<span class=\"elementor-icon-list-text\">H\u00e9bergement en chambre partag\u00e9e dans une cat\u00e9gorie 3 \u00e9toiles.<\/span>\n\t\t\t\t\t\t\t\t\t<\/li>\n\t\t\t\t\t\t\t\t<li class=\"elementor-icon-list-item\">\n\t\t\t\t\t\t\t\t\t\t\t<span class=\"elementor-icon-list-icon\">\n\t\t\t\t\t\t\t<i aria-hidden=\"true\" class=\"fas fa-check\"><\/i>\t\t\t\t\t\t<\/span>\n\t\t\t\t\t\t\t\t\t\t<span class=\"elementor-icon-list-text\">Tous les petits d\u00e9jeuners<\/span>\n\t\t\t\t\t\t\t\t\t<\/li>\n\t\t\t\t\t\t\t\t<li class=\"elementor-icon-list-item\">\n\t\t\t\t\t\t\t\t\t\t\t<span class=\"elementor-icon-list-icon\">\n\t\t\t\t\t\t\t<i aria-hidden=\"true\" class=\"fas fa-check\"><\/i>\t\t\t\t\t\t<\/span>\n\t\t\t\t\t\t\t\t\t\t<span class=\"elementor-icon-list-text\">Transport interne entre les villes (vols r\u00e9guliers et transferts routiers priv\u00e9s)<\/span>\n\t\t\t\t\t\t\t\t\t<\/li>\n\t\t\t\t\t\t\t\t<li class=\"elementor-icon-list-item\">\n\t\t\t\t\t\t\t\t\t\t\t<span class=\"elementor-icon-list-icon\">\n\t\t\t\t\t\t\t<i aria-hidden=\"true\" class=\"fas fa-check\"><\/i>\t\t\t\t\t\t<\/span>\n\t\t\t\t\t\t\t\t\t\t<span class=\"elementor-icon-list-text\">14 heures de cours de danse avec des professeurs locaux (salsa cubaine, cale\u00f1a, choke, champeta).<\/span>\n\t\t\t\t\t\t\t\t\t<\/li>\n\t\t\t\t\t\t\t\t<li class=\"elementor-icon-list-item\">\n\t\t\t\t\t\t\t\t\t\t\t<span class=\"elementor-icon-list-icon\">\n\t\t\t\t\t\t\t<i aria-hidden=\"true\" class=\"fas fa-check\"><\/i>\t\t\t\t\t\t<\/span>\n\t\t\t\t\t\t\t\t\t\t<span class=\"elementor-icon-list-text\">Tour de ville de la salsa \u00e0 Cali<\/span>\n\t\t\t\t\t\t\t\t\t<\/li>\n\t\t\t\t\t\t\t\t<li class=\"elementor-icon-list-item\">\n\t\t\t\t\t\t\t\t\t\t\t<span class=\"elementor-icon-list-icon\">\n\t\t\t\t\t\t\t<i aria-hidden=\"true\" class=\"fas fa-check\"><\/i>\t\t\t\t\t\t<\/span>\n\t\t\t\t\t\t\t\t\t\t<span class=\"elementor-icon-list-text\">Accompagnement et coordination du voyage<\/span>\n\t\t\t\t\t\t\t\t\t<\/li>\n\t\t\t\t\t\t\t\t<li class=\"elementor-icon-list-item\">\n\t\t\t\t\t\t\t\t\t\t\t<span class=\"elementor-icon-list-icon\">\n\t\t\t\t\t\t\t<i aria-hidden=\"true\" class=\"fas fa-check\"><\/i>\t\t\t\t\t\t<\/span>\n\t\t\t\t\t\t\t\t\t\t<span class=\"elementor-icon-list-text\">Exp\u00e9rience culturelle et de danse avec Dance Travelling<\/span>\n\t\t\t\t\t\t\t\t\t<\/li>\n\t\t\t\t\t\t\t\t<li class=\"elementor-icon-list-item\">\n\t\t\t\t\t\t\t\t\t\t\t<span class=\"elementor-icon-list-icon\">\n\t\t\t\t\t\t\t<i aria-hidden=\"true\" class=\"fas fa-check\"><\/i>\t\t\t\t\t\t<\/span>\n\t\t\t\t\t\t\t\t\t\t<span class=\"elementor-icon-list-text\">Assurance maladie<\/span>\n\t\t\t\t\t\t\t\t\t<\/li>\n\t\t\t\t\t\t<\/ul>\n\t\t\t\t\t\t<\/div>\n\t\t\t\t<\/div>\n\t\t\t\t<div class=\"elementor-element elementor-element-528556c elementor-icon-list--layout-traditional elementor-list-item-link-full_width elementor-widget elementor-widget-icon-list\" data-id=\"528556c\" data-element_type=\"widget\" data-e-type=\"widget\" data-widget_type=\"icon-list.default\">\n\t\t\t\t<div class=\"elementor-widget-container\">\n\t\t\t\t\t\t\t<ul class=\"elementor-icon-list-items\">\n\t\t\t\t\t\t\t<li class=\"elementor-icon-list-item\">\n\t\t\t\t\t\t\t\t\t\t\t<span class=\"elementor-icon-list-icon\">\n\t\t\t\t\t\t\t<i aria-hidden=\"true\" class=\"fas fa-times\"><\/i>\t\t\t\t\t\t<\/span>\n\t\t\t\t\t\t\t\t\t\t<span class=\"elementor-icon-list-text\">Vols internationaux vers la Colombie<\/span>\n\t\t\t\t\t\t\t\t\t<\/li>\n\t\t\t\t\t\t\t\t<li class=\"elementor-icon-list-item\">\n\t\t\t\t\t\t\t\t\t\t\t<span class=\"elementor-icon-list-icon\">\n\t\t\t\t\t\t\t<i aria-hidden=\"true\" class=\"fas fa-times\"><\/i>\t\t\t\t\t\t<\/span>\n\t\t\t\t\t\t\t\t\t\t<span class=\"elementor-icon-list-text\">Prise en charge ou transfert \u00e0 l'a\u00e9roport<\/span>\n\t\t\t\t\t\t\t\t\t<\/li>\n\t\t\t\t\t\t\t\t<li class=\"elementor-icon-list-item\">\n\t\t\t\t\t\t\t\t\t\t\t<span class=\"elementor-icon-list-icon\">\n\t\t\t\t\t\t\t<i aria-hidden=\"true\" class=\"fas fa-times\"><\/i>\t\t\t\t\t\t<\/span>\n\t\t\t\t\t\t\t\t\t\t<span class=\"elementor-icon-list-text\">Activit\u00e9s facultatives<\/span>\n\t\t\t\t\t\t\t\t\t<\/li>\n\t\t\t\t\t\t\t\t<li class=\"elementor-icon-list-item\">\n\t\t\t\t\t\t\t\t\t\t\t<span class=\"elementor-icon-list-icon\">\n\t\t\t\t\t\t\t<i aria-hidden=\"true\" class=\"fas fa-times\"><\/i>\t\t\t\t\t\t<\/span>\n\t\t\t\t\t\t\t\t\t\t<span class=\"elementor-icon-list-text\">Frais d'entr\u00e9e dans les sites touristiques<\/span>\n\t\t\t\t\t\t\t\t\t<\/li>\n\t\t\t\t\t\t\t\t<li class=\"elementor-icon-list-item\">\n\t\t\t\t\t\t\t\t\t\t\t<span class=\"elementor-icon-list-icon\">\n\t\t\t\t\t\t\t<i aria-hidden=\"true\" class=\"fas fa-times\"><\/i>\t\t\t\t\t\t<\/span>\n\t\t\t\t\t\t\t\t\t\t<span class=\"elementor-icon-list-text\">Repas et boissons (sauf petit-d\u00e9jeuner)<\/span>\n\t\t\t\t\t\t\t\t\t<\/li>\n\t\t\t\t\t\t\t\t<li class=\"elementor-icon-list-item\">\n\t\t\t\t\t\t\t\t\t\t\t<span class=\"elementor-icon-list-icon\">\n\t\t\t\t\t\t\t<i aria-hidden=\"true\" class=\"fas fa-times\"><\/i>\t\t\t\t\t\t<\/span>\n\t\t\t\t\t\t\t\t\t\t<span class=\"elementor-icon-list-text\">Pourboire<\/span>\n\t\t\t\t\t\t\t\t\t<\/li>\n\t\t\t\t\t\t\t\t<li class=\"elementor-icon-list-item\">\n\t\t\t\t\t\t\t\t\t\t\t<span class=\"elementor-icon-list-icon\">\n\t\t\t\t\t\t\t<i aria-hidden=\"true\" class=\"fas fa-times\"><\/i>\t\t\t\t\t\t<\/span>\n\t\t\t\t\t\t\t\t\t\t<span class=\"elementor-icon-list-text\">D\u00e9penses personnelles<\/span>\n\t\t\t\t\t\t\t\t\t<\/li>\n\t\t\t\t\t\t<\/ul>\n\t\t\t\t\t\t<\/div>\n\t\t\t\t<\/div>\n\t\t\t\t<div class=\"elementor-element elementor-element-d0608fb elementor-widget-divider--view-line elementor-widget elementor-widget-divider\" data-id=\"d0608fb\" data-element_type=\"widget\" data-e-type=\"widget\" data-widget_type=\"divider.default\">\n\t\t\t\t<div class=\"elementor-widget-container\">\n\t\t\t\t\t\t\t<div class=\"elementor-divider\">\n\t\t\t<span class=\"elementor-divider-separator\">\n\t\t\t\t\t\t<\/span>\n\t\t<\/div>\n\t\t\t\t\t\t<\/div>\n\t\t\t\t<\/div>\n\t\t\t\t<div class=\"elementor-element elementor-element-a1d24ce elementor-widget elementor-widget-heading\" data-id=\"a1d24ce\" data-element_type=\"widget\" data-e-type=\"widget\" data-widget_type=\"heading.default\">\n\t\t\t\t<div class=\"elementor-widget-container\">\n\t\t\t\t\t<h2 class=\"elementor-heading-title elementor-size-default\">De quoi avez-vous besoin pour voyager en Colombie ?<\/h2>\t\t\t\t<\/div>\n\t\t\t\t<\/div>\n\t\t\t\t<div class=\"elementor-element elementor-element-4928531 elementor-widget elementor-widget-text-editor\" data-id=\"4928531\" data-element_type=\"widget\" data-e-type=\"widget\" data-widget_type=\"text-editor.default\">\n\t\t\t\t<div class=\"elementor-widget-container\">\n\t\t\t\t\t\t\t\t\t<ul><li><b>Passeport :<\/b><span style=\"font-weight: 400;\"> Il doit \u00eatre valable au moins 6 mois \u00e0 compter de la date d'entr\u00e9e dans le pays et comporter des pages libres.<\/span><\/li><li><b>Formulaire Check-Mig<\/b><span style=\"font-weight: 400;\">Il est obligatoire de remplir le formulaire d'immigration avant le voyage en cliquant sur le lien suivant :<\/span><span style=\"font-weight: 400;\"><br \/><\/span><a href=\"https:\/\/apps.migracioncolombia.gov.co\/pre-registro\"><span style=\"font-weight: 400;\">https:\/\/apps.migracioncolombia.gov.co\/pre-registro<\/span><\/a><\/li><li><b>Vols :<\/b><span style=\"font-weight: 400;\"> Les vols internationaux ne sont pas inclus dans le voyage. Nous recommandons de r\u00e9server l'arriv\u00e9e \u00e0 Bogota et le retour \u00e0 Carthag\u00e8ne.<\/span><\/li><li><b>Visa :<\/b><span style=\"font-weight: 400;\"> Les exigences en mati\u00e8re de visa peuvent varier en fonction de votre nationalit\u00e9. Nous vous recommandons de v\u00e9rifier les informations les plus r\u00e9centes \u00e0 l'adresse suivante :<\/span><span style=\"font-weight: 400;\"><br \/><\/span><a href=\"https:\/\/www.iatatravelcentre.com\"><span style=\"font-weight: 400;\">https:\/\/www.iatatravelcentre.com<\/span><\/a><\/li><\/ul>\t\t\t\t\t\t\t\t<\/div>\n\t\t\t\t<\/div>\n\t\t\t\t<div class=\"elementor-element elementor-element-66f2d60 elementor-align-left elementor-widget__width-auto elementor-widget elementor-widget-button\" data-id=\"66f2d60\" data-element_type=\"widget\" data-e-type=\"widget\" data-widget_type=\"button.default\">\n\t\t\t\t<div class=\"elementor-widget-container\">\n\t\t\t\t\t\t\t\t\t<div class=\"elementor-button-wrapper\">\n\t\t\t\t\t<a class=\"elementor-button elementor-button-link elementor-size-sm\" href=\"#info-viaje\">\n\t\t\t\t\t\t<span class=\"elementor-button-content-wrapper\">\n\t\t\t\t\t\t\t\t\t<span class=\"elementor-button-text\">R\u00e9servez votre place<\/span>\n\t\t\t\t\t<\/span>\n\t\t\t\t\t<\/a>\n\t\t\t\t<\/div>\n\t\t\t\t\t\t\t\t<\/div>\n\t\t\t\t<\/div>\n\t\t\t\t<div class=\"elementor-element elementor-element-5a336d7 elementor-align-left elementor-widget__width-auto elementor-widget elementor-widget-button\" data-id=\"5a336d7\" data-element_type=\"widget\" data-e-type=\"widget\" data-widget_type=\"button.default\">\n\t\t\t\t<div class=\"elementor-widget-container\">\n\t\t\t\t\t\t\t\t\t<div class=\"elementor-button-wrapper\">\n\t\t\t\t\t<a class=\"elementor-button elementor-button-link elementor-size-sm\" href=\"https:\/\/wa.link\/tj01ru\" target=\"_blank\">\n\t\t\t\t\t\t<span class=\"elementor-button-content-wrapper\">\n\t\t\t\t\t\t\t\t\t<span class=\"elementor-button-text\">Contact par WhatsApp<\/span>\n\t\t\t\t\t<\/span>\n\t\t\t\t\t<\/a>\n\t\t\t\t<\/div>\n\t\t\t\t\t\t\t\t<\/div>\n\t\t\t\t<\/div>\n\t\t\t\t<div class=\"elementor-element elementor-element-8359baa elementor-widget elementor-widget-heading\" data-id=\"8359baa\" data-element_type=\"widget\" data-e-type=\"widget\" id=\"info-viaje\" data-widget_type=\"heading.default\">\n\t\t\t\t<div class=\"elementor-widget-container\">\n\t\t\t\t\t<h2 class=\"elementor-heading-title elementor-size-default\">R\u00e9servez votre place ou demandez plus d'informations<\/h2>\t\t\t\t<\/div>\n\t\t\t\t<\/div>\n\t\t\t\t<div class=\"elementor-element elementor-element-65397732 elementor-widget elementor-widget-shortcode\" data-id=\"65397732\" data-element_type=\"widget\" data-e-type=\"widget\" data-widget_type=\"shortcode.default\">\n\t\t\t\t<div class=\"elementor-widget-container\">\n\t\t\t\t\t\t\t<div class=\"elementor-shortcode\">\n<div class=\"wpcf7 no-js\" id=\"wpcf7-f444-o1\" lang=\"en-US\" dir=\"ltr\" data-wpcf7-id=\"444\">\n<div class=\"screen-reader-response\"><p role=\"status\" aria-live=\"polite\" aria-atomic=\"true\"><\/p> <ul><\/ul><\/div>\n<form action=\"\/fr\/wp-json\/wp\/v2\/pages\/2335#wpcf7-f444-o1\" method=\"post\" class=\"wpcf7-form init\" aria-label=\"Contact form\" novalidate=\"novalidate\" data-status=\"init\" data-trp-original-action=\"\/fr\/wp-json\/wp\/v2\/pages\/2335#wpcf7-f444-o1\">\n<fieldset class=\"hidden-fields-container\"><input type=\"hidden\" name=\"_wpcf7\" value=\"444\" \/><input type=\"hidden\" name=\"_wpcf7_version\" value=\"6.1.5\" \/><input type=\"hidden\" name=\"_wpcf7_locale\" value=\"en_US\" \/><input type=\"hidden\" name=\"_wpcf7_unit_tag\" value=\"wpcf7-f444-o1\" \/><input type=\"hidden\" name=\"_wpcf7_container_post\" value=\"0\" \/><input type=\"hidden\" name=\"_wpcf7_posted_data_hash\" value=\"\" \/>\n<\/fieldset>\n<div class=\"row\">\n   <div class=\"col-sm-6 col-xs-12\">\n     <span class=\"wpcf7-form-control-wrap\" data-name=\"your-name\"><input size=\"40\" maxlength=\"400\" class=\"wpcf7-form-control wpcf7-text wpcf7-validates-as-required\" aria-required=\"true\" aria-invalid=\"false\" placeholder=\"Nom\" value=\"\" type=\"text\" name=\"your-name\" \/><\/span>\n   <\/div>\n   <div class=\"col-sm-6 col-xs-12\">\n     <span class=\"wpcf7-form-control-wrap\" data-name=\"your-email\"><input size=\"40\" maxlength=\"400\" class=\"wpcf7-form-control wpcf7-email wpcf7-validates-as-required wpcf7-text wpcf7-validates-as-email\" aria-required=\"true\" aria-invalid=\"false\" placeholder=\"Courriel\" value=\"\" type=\"email\" name=\"your-email\" \/><\/span>\n   <\/div>\n<\/div>\n<div class=\"row\">\n   <div class=\"col-sm-6 col-xs-12\">\n      <span class=\"wpcf7-form-control-wrap\" data-name=\"tel-671\"><input size=\"40\" maxlength=\"400\" class=\"wpcf7-form-control wpcf7-tel wpcf7-validates-as-required wpcf7-text wpcf7-validates-as-tel\" aria-required=\"true\" aria-invalid=\"false\" placeholder=\"T\u00e9l\u00e9phone\" value=\"\" type=\"tel\" name=\"tel-671\" \/><\/span>\n   <\/div>\n   <div class=\"col-sm-6 col-xs-12\">\n      <span class=\"wpcf7-form-control-wrap\" data-name=\"your-subject\"><input size=\"40\" maxlength=\"400\" class=\"wpcf7-form-control wpcf7-text\" aria-invalid=\"false\" placeholder=\"Quel voyage vous int\u00e9resse ?\" value=\"\" type=\"text\" name=\"your-subject\" \/><\/span>\n   <\/div>\n<\/div>\n<div class=\"row\">\n   <div class=\"col-sm-12 col-xs-12\">\n      <span class=\"wpcf7-form-control-wrap\" data-name=\"your-message\"><textarea cols=\"40\" rows=\"10\" maxlength=\"2000\" class=\"wpcf7-form-control wpcf7-textarea\" aria-invalid=\"false\" placeholder=\"Qu&#039;aimeriez-vous savoir sur le voyage ?\" name=\"your-message\"><\/textarea><\/span>\n   <\/div>\n   <div class=\"col-sm-12 col-xs-12 action text-left\"><span class=\"form-action\"><input class=\"wpcf7-form-control wpcf7-submit has-spinner\" type=\"submit\" value=\"Envoyer\" \/><\/span><\/div>\n<\/div><input type=\"hidden\" id=\"ct_checkjs_cf7_65b9eea6e1cc6bb9f0cd2a47751a186f\" name=\"ct_checkjs_cf7\" value=\"0\" \/><script >setTimeout(function(){var ct_input_name = \"ct_checkjs_cf7_65b9eea6e1cc6bb9f0cd2a47751a186f\";if (document.getElementById(ct_input_name) !== null) {var ct_input_value = document.getElementById(ct_input_name).value;document.getElementById(ct_input_name).value = document.getElementById(ct_input_name).value.replace(ct_input_value, 'd47cf856e43ad0beb36c2b72ce7a9edd848405d26fc87a08faba0986c09f23a0');}}, 1000);<\/script><input\n                    class=\"apbct_special_field apbct_email_id__wp_contact_form_7\"\n                    name=\"apbct__email_id__wp_contact_form_7\"\n                    aria-label=\"apbct__label_id__wp_contact_form_7\"\n                    type=\"text\" size=\"30\" maxlength=\"200\" autocomplete=\"off\"\n                    value=\"\"\n                \/><div class=\"wpcf7-response-output\" aria-hidden=\"true\"><\/div>\n<input\n                    class=\"apbct_special_field apbct_email_id__elementor_form\"\n                    name=\"apbct__email_id__elementor_form\"\n                    aria-label=\"apbct__label_id__elementor_form\"\n                    type=\"text\" size=\"30\" maxlength=\"200\" autocomplete=\"off\"\n                    value=\"\"\n                \/><input type=\"hidden\" name=\"trp-form-language\" value=\"fr\"\/><\/form>\n<\/div>\n<\/div>\n\t\t\t\t\t\t<\/div>\n\t\t\t\t<\/div>\n\t\t\t\t\t<\/div>\n\t\t<\/div>\n\t\t\t\t<div class=\"elementor-column elementor-col-50 elementor-top-column elementor-element elementor-element-ccb9bc1\" data-id=\"ccb9bc1\" data-element_type=\"column\" data-e-type=\"column\">\n\t\t\t<div class=\"elementor-widget-wrap elementor-element-populated\">\n\t\t\t\t\t\t<section class=\"elementor-section elementor-inner-section elementor-element elementor-element-7be5c604 elementor-section-boxed elementor-section-height-default elementor-section-height-default\" data-id=\"7be5c604\" data-element_type=\"section\" data-e-type=\"section\">\n\t\t\t\t\t\t<div class=\"elementor-container elementor-column-gap-default\">\n\t\t\t\t\t<div class=\"elementor-column elementor-col-100 elementor-inner-column elementor-element elementor-element-1da9d40f\" data-id=\"1da9d40f\" data-element_type=\"column\" data-e-type=\"column\">\n\t\t\t<div class=\"elementor-widget-wrap elementor-element-populated\">\n\t\t\t\t\t\t<div class=\"elementor-element elementor-element-196a8502 elementor-widget elementor-widget-gva-heading-block\" data-id=\"196a8502\" data-element_type=\"widget\" data-e-type=\"widget\" data-widget_type=\"gva-heading-block.default\">\n\t\t\t\t<div class=\"elementor-widget-container\">\n\t\t\t\t\t<div class=\"gva-element-gva-heading-block gva-element\">   <div class=\"align-left style-1 widget gsc-heading box-align-left auto-responsive\">\r\n      <div class=\"content-inner\">\r\n         \r\n                  \r\n           \r\n         \r\n                     <h2 class=\"title\">\r\n               <span>Informations<\/span>\r\n            <\/h2>\r\n                  \r\n         \r\n         \r\n      <\/div>\r\n   <\/div>\r\n<\/div>\t\t\t\t<\/div>\n\t\t\t\t<\/div>\n\t\t\t\t<div class=\"elementor-element elementor-element-7fa4f7ee elementor-position-inline-start elementor-view-default elementor-mobile-position-block-start elementor-widget elementor-widget-icon-box\" data-id=\"7fa4f7ee\" data-element_type=\"widget\" data-e-type=\"widget\" data-widget_type=\"icon-box.default\">\n\t\t\t\t<div class=\"elementor-widget-container\">\n\t\t\t\t\t\t\t<div class=\"elementor-icon-box-wrapper\">\n\n\t\t\t\t\t\t<div class=\"elementor-icon-box-icon\">\n\t\t\t\t<span  class=\"elementor-icon\">\n\t\t\t\t<i aria-hidden=\"true\" class=\"flaticon-calendar\"><\/i>\t\t\t\t<\/span>\n\t\t\t<\/div>\n\t\t\t\n\t\t\t\t\t\t<div class=\"elementor-icon-box-content\">\n\n\t\t\t\t\t\t\t\t\t<h3 class=\"elementor-icon-box-title\">\n\t\t\t\t\t\t<span  >\n\t\t\t\t\t\t\tDates\t\t\t\t\t\t<\/span>\n\t\t\t\t\t<\/h3>\n\t\t\t\t\n\t\t\t\t\t\t\t\t\t<p class=\"elementor-icon-box-description\">\n\t\t\t\t\t\t15 -29 ao\u00fbt 2026 <br>(15 jours\/14 nuits)\t\t\t\t\t<\/p>\n\t\t\t\t\n\t\t\t<\/div>\n\t\t\t\n\t\t<\/div>\n\t\t\t\t\t\t<\/div>\n\t\t\t\t<\/div>\n\t\t\t\t<div class=\"elementor-element elementor-element-201b4052 elementor-position-inline-start elementor-view-default elementor-mobile-position-block-start elementor-widget elementor-widget-icon-box\" data-id=\"201b4052\" data-element_type=\"widget\" data-e-type=\"widget\" data-widget_type=\"icon-box.default\">\n\t\t\t\t<div class=\"elementor-widget-container\">\n\t\t\t\t\t\t\t<div class=\"elementor-icon-box-wrapper\">\n\n\t\t\t\t\t\t<div class=\"elementor-icon-box-icon\">\n\t\t\t\t<span  class=\"elementor-icon\">\n\t\t\t\t<i aria-hidden=\"true\" class=\"flaticon-leadership\"><\/i>\t\t\t\t<\/span>\n\t\t\t<\/div>\n\t\t\t\n\t\t\t\t\t\t<div class=\"elementor-icon-box-content\">\n\n\t\t\t\t\t\t\t\t\t<h3 class=\"elementor-icon-box-title\">\n\t\t\t\t\t\t<span  >\n\t\t\t\t\t\t\tClasses\t\t\t\t\t\t<\/span>\n\t\t\t\t\t<\/h3>\n\t\t\t\t\n\t\t\t\t\t\t\t\t\t<p class=\"elementor-icon-box-description\">\n\t\t\t\t\t\t14 heures de cours de salsa cubaine, salsa cale\u00f1a, salsa choke, champeta et reggaet\u00f3n.\t\t\t\t\t<\/p>\n\t\t\t\t\n\t\t\t<\/div>\n\t\t\t\n\t\t<\/div>\n\t\t\t\t\t\t<\/div>\n\t\t\t\t<\/div>\n\t\t\t\t<div class=\"elementor-element elementor-element-dd93219 elementor-position-inline-start elementor-view-default elementor-mobile-position-block-start elementor-widget elementor-widget-icon-box\" data-id=\"dd93219\" data-element_type=\"widget\" data-e-type=\"widget\" data-widget_type=\"icon-box.default\">\n\t\t\t\t<div class=\"elementor-widget-container\">\n\t\t\t\t\t\t\t<div class=\"elementor-icon-box-wrapper\">\n\n\t\t\t\t\t\t<div class=\"elementor-icon-box-icon\">\n\t\t\t\t<span  class=\"elementor-icon\">\n\t\t\t\t<i aria-hidden=\"true\" class=\"las la-certificate\"><\/i>\t\t\t\t<\/span>\n\t\t\t<\/div>\n\t\t\t\n\t\t\t\t\t\t<div class=\"elementor-icon-box-content\">\n\n\t\t\t\t\t\t\t\t\t<h3 class=\"elementor-icon-box-title\">\n\t\t\t\t\t\t<span  >\n\t\t\t\t\t\t\tNiveau\t\t\t\t\t\t<\/span>\n\t\t\t\t\t<\/h3>\n\t\t\t\t\n\t\t\t\t\t\t\t\t\t<p class=\"elementor-icon-box-description\">\n\t\t\t\t\t\tSalsa cubaine interm\u00e9diaire, bases des autres danses\t\t\t\t\t<\/p>\n\t\t\t\t\n\t\t\t<\/div>\n\t\t\t\n\t\t<\/div>\n\t\t\t\t\t\t<\/div>\n\t\t\t\t<\/div>\n\t\t\t\t<div class=\"elementor-element elementor-element-199d85f elementor-position-inline-start elementor-view-default elementor-mobile-position-block-start elementor-widget elementor-widget-icon-box\" data-id=\"199d85f\" data-element_type=\"widget\" data-e-type=\"widget\" data-widget_type=\"icon-box.default\">\n\t\t\t\t<div class=\"elementor-widget-container\">\n\t\t\t\t\t\t\t<div class=\"elementor-icon-box-wrapper\">\n\n\t\t\t\t\t\t<div class=\"elementor-icon-box-icon\">\n\t\t\t\t<span  class=\"elementor-icon\">\n\t\t\t\t<i aria-hidden=\"true\" class=\"las la-clipboard\"><\/i>\t\t\t\t<\/span>\n\t\t\t<\/div>\n\t\t\t\n\t\t\t\t\t\t<div class=\"elementor-icon-box-content\">\n\n\t\t\t\t\t\t\t\t\t<h3 class=\"elementor-icon-box-title\">\n\t\t\t\t\t\t<span  >\n\t\t\t\t\t\t\tCoordinateur\t\t\t\t\t\t<\/span>\n\t\t\t\t\t<\/h3>\n\t\t\t\t\n\t\t\t\t\t\t\t\t\t<p class=\"elementor-icon-box-description\">\n\t\t\t\t\t\tS\u00edlvia Segal\u00e9s\t\t\t\t\t<\/p>\n\t\t\t\t\n\t\t\t<\/div>\n\t\t\t\n\t\t<\/div>\n\t\t\t\t\t\t<\/div>\n\t\t\t\t<\/div>\n\t\t\t\t<div class=\"elementor-element elementor-element-69007bf8 elementor-position-inline-start elementor-view-default elementor-mobile-position-block-start elementor-widget elementor-widget-icon-box\" data-id=\"69007bf8\" data-element_type=\"widget\" data-e-type=\"widget\" data-widget_type=\"icon-box.default\">\n\t\t\t\t<div class=\"elementor-widget-container\">\n\t\t\t\t\t\t\t<div class=\"elementor-icon-box-wrapper\">\n\n\t\t\t\t\t\t<div class=\"elementor-icon-box-icon\">\n\t\t\t\t<span  class=\"elementor-icon\">\n\t\t\t\t<i aria-hidden=\"true\" class=\"las la-user-friends\"><\/i>\t\t\t\t<\/span>\n\t\t\t<\/div>\n\t\t\t\n\t\t\t\t\t\t<div class=\"elementor-icon-box-content\">\n\n\t\t\t\t\t\t\t\t\t<h3 class=\"elementor-icon-box-title\">\n\t\t\t\t\t\t<span  >\n\t\t\t\t\t\t\tNombre de places\t\t\t\t\t\t<\/span>\n\t\t\t\t\t<\/h3>\n\t\t\t\t\n\t\t\t\t\t\t\t\t\t<p class=\"elementor-icon-box-description\">\n\t\t\t\t\t\t15\t\t\t\t\t<\/p>\n\t\t\t\t\n\t\t\t<\/div>\n\t\t\t\n\t\t<\/div>\n\t\t\t\t\t\t<\/div>\n\t\t\t\t<\/div>\n\t\t\t\t<div class=\"elementor-element elementor-element-54314b11 elementor-position-inline-start elementor-view-default elementor-mobile-position-block-start elementor-widget elementor-widget-icon-box\" data-id=\"54314b11\" data-element_type=\"widget\" data-e-type=\"widget\" data-widget_type=\"icon-box.default\">\n\t\t\t\t<div class=\"elementor-widget-container\">\n\t\t\t\t\t\t\t<div class=\"elementor-icon-box-wrapper\">\n\n\t\t\t\t\t\t<div class=\"elementor-icon-box-icon\">\n\t\t\t\t<span  class=\"elementor-icon\">\n\t\t\t\t<i aria-hidden=\"true\" class=\"flaticon-maternity\"><\/i>\t\t\t\t<\/span>\n\t\t\t<\/div>\n\t\t\t\n\t\t\t\t\t\t<div class=\"elementor-icon-box-content\">\n\n\t\t\t\t\t\t\t\t\t<h3 class=\"elementor-icon-box-title\">\n\t\t\t\t\t\t<span  >\n\t\t\t\t\t\t\t\u00c2ge minimum\t\t\t\t\t\t<\/span>\n\t\t\t\t\t<\/h3>\n\t\t\t\t\n\t\t\t\t\t\t\t\t\t<p class=\"elementor-icon-box-description\">\n\t\t\t\t\t\t18 ans\t\t\t\t\t<\/p>\n\t\t\t\t\n\t\t\t<\/div>\n\t\t\t\n\t\t<\/div>\n\t\t\t\t\t\t<\/div>\n\t\t\t\t<\/div>\n\t\t\t\t\t<\/div>\n\t\t<\/div>\n\t\t\t\t\t<\/div>\n\t\t<\/section>\n\t\t\t\t<section class=\"elementor-section elementor-inner-section elementor-element elementor-element-511d4557 elementor-section-boxed elementor-section-height-default elementor-section-height-default\" data-id=\"511d4557\" data-element_type=\"section\" data-e-type=\"section\">\n\t\t\t\t\t\t<div class=\"elementor-container elementor-column-gap-default\">\n\t\t\t\t\t<div class=\"elementor-column elementor-col-100 elementor-inner-column elementor-element elementor-element-3004b06d\" data-id=\"3004b06d\" data-element_type=\"column\" data-e-type=\"column\">\n\t\t\t<div class=\"elementor-widget-wrap elementor-element-populated\">\n\t\t\t\t\t\t<div class=\"elementor-element elementor-element-df49903 elementor-widget elementor-widget-gva-heading-block\" data-id=\"df49903\" data-element_type=\"widget\" data-e-type=\"widget\" data-widget_type=\"gva-heading-block.default\">\n\t\t\t\t<div class=\"elementor-widget-container\">\n\t\t\t\t\t<div class=\"gva-element-gva-heading-block gva-element\">   <div class=\"align-left style-1 widget gsc-heading box-align-left auto-responsive\">\r\n      <div class=\"content-inner\">\r\n         \r\n                  \r\n           \r\n         \r\n                     <h2 class=\"title\">\r\n               <span>Conditions de paiement<\/span>\r\n            <\/h2>\r\n                  \r\n         \r\n         \r\n      <\/div>\r\n   <\/div>\r\n<\/div>\t\t\t\t<\/div>\n\t\t\t\t<\/div>\n\t\t\t\t<div class=\"elementor-element elementor-element-4ecb0985 elementor-position-inline-start elementor-view-default elementor-mobile-position-block-start elementor-widget elementor-widget-icon-box\" data-id=\"4ecb0985\" data-element_type=\"widget\" data-e-type=\"widget\" data-widget_type=\"icon-box.default\">\n\t\t\t\t<div class=\"elementor-widget-container\">\n\t\t\t\t\t\t\t<div class=\"elementor-icon-box-wrapper\">\n\n\t\t\t\t\t\t<div class=\"elementor-icon-box-icon\">\n\t\t\t\t<span  class=\"elementor-icon\">\n\t\t\t\t<i aria-hidden=\"true\" class=\"gwflaticon-best-price\"><\/i>\t\t\t\t<\/span>\n\t\t\t<\/div>\n\t\t\t\n\t\t\t\t\t\t<div class=\"elementor-icon-box-content\">\n\n\t\t\t\t\t\t\t\t\t<h3 class=\"elementor-icon-box-title\">\n\t\t\t\t\t\t<span  >\n\t\t\t\t\t\t\tPrix\t\t\t\t\t\t<\/span>\n\t\t\t\t\t<\/h3>\n\t\t\t\t\n\t\t\t\t\t\t\t\t\t<p class=\"elementor-icon-box-description\">\n\t\t\t\t\t\tJusqu'au 30\/04 : 1690 \u20ac<br>\nJusqu'au 31\/05 : 1790\u20ac.<br>\n\u00c0 partir du 01\/06 : 1890\u20ac\t\t\t\t\t<\/p>\n\t\t\t\t\n\t\t\t<\/div>\n\t\t\t\n\t\t<\/div>\n\t\t\t\t\t\t<\/div>\n\t\t\t\t<\/div>\n\t\t\t\t<div class=\"elementor-element elementor-element-1bbe7336 elementor-position-inline-start elementor-view-default elementor-mobile-position-block-start elementor-widget elementor-widget-icon-box\" data-id=\"1bbe7336\" data-element_type=\"widget\" data-e-type=\"widget\" data-widget_type=\"icon-box.default\">\n\t\t\t\t<div class=\"elementor-widget-container\">\n\t\t\t\t\t\t\t<div class=\"elementor-icon-box-wrapper\">\n\n\t\t\t\t\t\t<div class=\"elementor-icon-box-icon\">\n\t\t\t\t<span  class=\"elementor-icon\">\n\t\t\t\t<i aria-hidden=\"true\" class=\"las la-money-bill-wave\"><\/i>\t\t\t\t<\/span>\n\t\t\t<\/div>\n\t\t\t\n\t\t\t\t\t\t<div class=\"elementor-icon-box-content\">\n\n\t\t\t\t\t\t\t\t\t<h3 class=\"elementor-icon-box-title\">\n\t\t\t\t\t\t<span  >\n\t\t\t\t\t\t\tPaiements\t\t\t\t\t\t<\/span>\n\t\t\t\t\t<\/h3>\n\t\t\t\t\n\t\t\t\t\t\t\t\t\t<p class=\"elementor-icon-box-description\">\n\t\t\t\t\t\tR\u00e9servation : 300\u20ac (non remboursable)<br>\nReste en 2 tranches : 50% avant le 31\/05 et 50% avant le 15\/07\n\t\t\t\t\t<\/p>\n\t\t\t\t\n\t\t\t<\/div>\n\t\t\t\n\t\t<\/div>\n\t\t\t\t\t\t<\/div>\n\t\t\t\t<\/div>\n\t\t\t\t<div class=\"elementor-element elementor-element-5714cb8e elementor-position-inline-start elementor-view-default elementor-mobile-position-block-start elementor-widget elementor-widget-icon-box\" data-id=\"5714cb8e\" data-element_type=\"widget\" data-e-type=\"widget\" data-widget_type=\"icon-box.default\">\n\t\t\t\t<div class=\"elementor-widget-container\">\n\t\t\t\t\t\t\t<div class=\"elementor-icon-box-wrapper\">\n\n\t\t\t\t\t\t<div class=\"elementor-icon-box-icon\">\n\t\t\t\t<span  class=\"elementor-icon\">\n\t\t\t\t<i aria-hidden=\"true\" class=\"la la-bank\"><\/i>\t\t\t\t<\/span>\n\t\t\t<\/div>\n\t\t\t\n\t\t\t\t\t\t<div class=\"elementor-icon-box-content\">\n\n\t\t\t\t\t\t\t\t\t<h3 class=\"elementor-icon-box-title\">\n\t\t\t\t\t\t<span  >\n\t\t\t\t\t\t\tCompte bancaire\t\t\t\t\t\t<\/span>\n\t\t\t\t\t<\/h3>\n\t\t\t\t\n\t\t\t\t\t\t\t\t\t<p class=\"elementor-icon-box-description\">\n\t\t\t\t\t\tNom : Silvia Segales\n<br>IBAN : ES22 2100 0809 6102 0129 0427\n<br>Concept : votre nom complet et votre voyage\t\t\t\t\t<\/p>\n\t\t\t\t\n\t\t\t<\/div>\n\t\t\t\n\t\t<\/div>\n\t\t\t\t\t\t<\/div>\n\t\t\t\t<\/div>\n\t\t\t\t<div class=\"elementor-element elementor-element-fc5a2c6 elementor-position-inline-start elementor-view-default elementor-mobile-position-block-start elementor-widget elementor-widget-icon-box\" data-id=\"fc5a2c6\" data-element_type=\"widget\" data-e-type=\"widget\" data-widget_type=\"icon-box.default\">\n\t\t\t\t<div class=\"elementor-widget-container\">\n\t\t\t\t\t\t\t<div class=\"elementor-icon-box-wrapper\">\n\n\t\t\t\t\t\t<div class=\"elementor-icon-box-icon\">\n\t\t\t\t<span  class=\"elementor-icon\">\n\t\t\t\t<i aria-hidden=\"true\" class=\"la la-bank\"><\/i>\t\t\t\t<\/span>\n\t\t\t<\/div>\n\t\t\t\n\t\t\t\t\t\t<div class=\"elementor-icon-box-content\">\n\n\t\t\t\t\t\t\t\t\t<h3 class=\"elementor-icon-box-title\">\n\t\t\t\t\t\t<span  >\n\t\t\t\t\t\t\tPolitique d'annulation\t\t\t\t\t\t<\/span>\n\t\t\t\t\t<\/h3>\n\t\t\t\t\n\t\t\t\t\t\t\t\t\t<p class=\"elementor-icon-box-description\">\n\t\t\t\t\t\tR\u00e9servation non remboursable<br>\nLe reste du paiement est remboursable jusqu'\u00e0 30 jours avant le voyage.\n\t\t\t\t\t<\/p>\n\t\t\t\t\n\t\t\t<\/div>\n\t\t\t\n\t\t<\/div>\n\t\t\t\t\t\t<\/div>\n\t\t\t\t<\/div>\n\t\t\t\t<div class=\"elementor-element elementor-element-bbb4989 elementor-align-left elementor-widget elementor-widget-button\" data-id=\"bbb4989\" data-element_type=\"widget\" data-e-type=\"widget\" data-widget_type=\"button.default\">\n\t\t\t\t<div class=\"elementor-widget-container\">\n\t\t\t\t\t\t\t\t\t<div class=\"elementor-button-wrapper\">\n\t\t\t\t\t<a class=\"elementor-button elementor-button-link elementor-size-sm\" href=\"#info-viaje\">\n\t\t\t\t\t\t<span class=\"elementor-button-content-wrapper\">\n\t\t\t\t\t\t\t\t\t<span class=\"elementor-button-text\">R\u00e9servez votre place d\u00e8s maintenant<\/span>\n\t\t\t\t\t<\/span>\n\t\t\t\t\t<\/a>\n\t\t\t\t<\/div>\n\t\t\t\t\t\t\t\t<\/div>\n\t\t\t\t<\/div>\n\t\t\t\t\t<\/div>\n\t\t<\/div>\n\t\t\t\t\t<\/div>\n\t\t<\/section>\n\t\t\t\t\t<\/div>\n\t\t<\/div>\n\t\t\t\t\t<\/div>\n\t\t<\/section>\n\t\t\t\t<\/div>","protected":false},"excerpt":{"rendered":"<p>Colombia: Salsa, Cultura y Naturaleza Reserva tu plaza Colombia: Salsa, Cultura y Naturaleza Descripci\u00f3n del viaje Colombia es uno de los pa\u00edses m\u00e1s vibrantes de Am\u00e9rica Latina: m\u00fasica, baile, naturaleza [&hellip;]<\/p>\n","protected":false},"author":1,"featured_media":2370,"parent":0,"menu_order":0,"comment_status":"closed","ping_status":"closed","template":"","meta":{"footnotes":""},"class_list":["post-2335","page","type-page","status-publish","has-post-thumbnail","hentry"],"aioseo_notices":[],"yoast_head":"<!-- This site is optimized with the Yoast SEO plugin v27.4 - https:\/\/yoast.com\/product\/yoast-seo-wordpress\/ -->\n<title>Viajes de salsa a Colombia en grupo | Dance Travelling<\/title>\n<meta name=\"description\" content=\"Viaje de salsa a Colombia en grupo internacional, con clases, cultura y naturaleza. Descubre Cali, Medell\u00edn y Cartagena bailando como un local.\" \/>\n<meta name=\"robots\" content=\"index, follow, max-snippet:-1, max-image-preview:large, max-video-preview:-1\" \/>\n<link rel=\"canonical\" href=\"https:\/\/dancetravelling.com\/fr\/colombia-salsa-cultura-y-naturaleza\/\" \/>\n<meta property=\"og:locale\" content=\"fr_FR\" \/>\n<meta property=\"og:type\" content=\"article\" \/>\n<meta property=\"og:title\" content=\"Viajes de salsa a Colombia en grupo | Dance Travelling\" \/>\n<meta property=\"og:description\" content=\"Viaje de salsa a Colombia en grupo internacional, con clases, cultura y naturaleza. Descubre Cali, Medell\u00edn y Cartagena bailando como un local.\" \/>\n<meta property=\"og:url\" content=\"https:\/\/dancetravelling.com\/fr\/colombia-salsa-cultura-y-naturaleza\/\" \/>\n<meta property=\"og:site_name\" content=\"Dance Travelling\" \/>\n<meta property=\"article:modified_time\" content=\"2026-04-19T21:22:41+00:00\" \/>\n<meta property=\"og:image\" content=\"https:\/\/dancetravelling.com\/wp-content\/uploads\/2026\/03\/viaje-colombia-salsa-1.webp\" \/>\n\t<meta property=\"og:image:width\" content=\"1200\" \/>\n\t<meta property=\"og:image:height\" content=\"779\" \/>\n\t<meta property=\"og:image:type\" content=\"image\/webp\" \/>\n<meta name=\"twitter:card\" content=\"summary_large_image\" \/>\n<meta name=\"twitter:label1\" content=\"Dur\u00e9e de lecture estim\u00e9e\" \/>\n\t<meta name=\"twitter:data1\" content=\"14 minutes\" \/>\n<script type=\"application\/ld+json\" class=\"yoast-schema-graph\">{\"@context\":\"https:\\\/\\\/schema.org\",\"@graph\":[{\"@type\":\"WebPage\",\"@id\":\"https:\\\/\\\/dancetravelling.com\\\/colombia-salsa-cultura-y-naturaleza\\\/\",\"url\":\"https:\\\/\\\/dancetravelling.com\\\/colombia-salsa-cultura-y-naturaleza\\\/\",\"name\":\"Viajes de salsa a Colombia en grupo | Dance Travelling\",\"isPartOf\":{\"@id\":\"https:\\\/\\\/dancetravelling.com\\\/#website\"},\"primaryImageOfPage\":{\"@id\":\"https:\\\/\\\/dancetravelling.com\\\/colombia-salsa-cultura-y-naturaleza\\\/#primaryimage\"},\"image\":{\"@id\":\"https:\\\/\\\/dancetravelling.com\\\/colombia-salsa-cultura-y-naturaleza\\\/#primaryimage\"},\"thumbnailUrl\":\"https:\\\/\\\/dancetravelling.com\\\/wp-content\\\/uploads\\\/2026\\\/03\\\/viaje-colombia-salsa-1.webp\",\"datePublished\":\"2026-03-16T13:31:24+00:00\",\"dateModified\":\"2026-04-19T21:22:41+00:00\",\"description\":\"Viaje de salsa a Colombia en grupo internacional, con clases, cultura y naturaleza. Descubre Cali, Medell\u00edn y Cartagena bailando como un local.\",\"breadcrumb\":{\"@id\":\"https:\\\/\\\/dancetravelling.com\\\/colombia-salsa-cultura-y-naturaleza\\\/#breadcrumb\"},\"inLanguage\":\"fr-FR\",\"potentialAction\":[{\"@type\":\"ReadAction\",\"target\":[\"https:\\\/\\\/dancetravelling.com\\\/colombia-salsa-cultura-y-naturaleza\\\/\"]}]},{\"@type\":\"ImageObject\",\"inLanguage\":\"fr-FR\",\"@id\":\"https:\\\/\\\/dancetravelling.com\\\/colombia-salsa-cultura-y-naturaleza\\\/#primaryimage\",\"url\":\"https:\\\/\\\/dancetravelling.com\\\/wp-content\\\/uploads\\\/2026\\\/03\\\/viaje-colombia-salsa-1.webp\",\"contentUrl\":\"https:\\\/\\\/dancetravelling.com\\\/wp-content\\\/uploads\\\/2026\\\/03\\\/viaje-colombia-salsa-1.webp\",\"width\":1200,\"height\":779},{\"@type\":\"BreadcrumbList\",\"@id\":\"https:\\\/\\\/dancetravelling.com\\\/colombia-salsa-cultura-y-naturaleza\\\/#breadcrumb\",\"itemListElement\":[{\"@type\":\"ListItem\",\"position\":1,\"name\":\"Portada\",\"item\":\"https:\\\/\\\/dancetravelling.com\\\/\"},{\"@type\":\"ListItem\",\"position\":2,\"name\":\"Colombia: Salsa, Cultura y Naturaleza\"}]},{\"@type\":\"WebSite\",\"@id\":\"https:\\\/\\\/dancetravelling.com\\\/#website\",\"url\":\"https:\\\/\\\/dancetravelling.com\\\/\",\"name\":\"Dance Travelling\",\"description\":\"Baila y viaja en Cuba\",\"publisher\":{\"@id\":\"https:\\\/\\\/dancetravelling.com\\\/#organization\"},\"alternateName\":\"Dance Travelling\",\"potentialAction\":[{\"@type\":\"SearchAction\",\"target\":{\"@type\":\"EntryPoint\",\"urlTemplate\":\"https:\\\/\\\/dancetravelling.com\\\/?s={search_term_string}\"},\"query-input\":{\"@type\":\"PropertyValueSpecification\",\"valueRequired\":true,\"valueName\":\"search_term_string\"}}],\"inLanguage\":\"fr-FR\"},{\"@type\":\"Organization\",\"@id\":\"https:\\\/\\\/dancetravelling.com\\\/#organization\",\"name\":\"Dance Travelling\",\"alternateName\":\"Dance Travelling\",\"url\":\"https:\\\/\\\/dancetravelling.com\\\/\",\"logo\":{\"@type\":\"ImageObject\",\"inLanguage\":\"fr-FR\",\"@id\":\"https:\\\/\\\/dancetravelling.com\\\/#\\\/schema\\\/logo\\\/image\\\/\",\"url\":\"https:\\\/\\\/dancetravelling.com\\\/wp-content\\\/uploads\\\/2023\\\/01\\\/Captura-de-pantalla-2024-06-11-a-las-18.20.34.png\",\"contentUrl\":\"https:\\\/\\\/dancetravelling.com\\\/wp-content\\\/uploads\\\/2023\\\/01\\\/Captura-de-pantalla-2024-06-11-a-las-18.20.34.png\",\"width\":581,\"height\":226,\"caption\":\"Dance Travelling\"},\"image\":{\"@id\":\"https:\\\/\\\/dancetravelling.com\\\/#\\\/schema\\\/logo\\\/image\\\/\"},\"sameAs\":[\"https:\\\/\\\/www.instagram.com\\\/dancetravelling\\\/\"]}]}<\/script>\n<!-- \/ Yoast SEO plugin. -->","yoast_head_json":{"title":"Viajes de salsa a Colombia en grupo | Dance Travelling","description":"Viaje de salsa a Colombia en grupo internacional, con clases, cultura y naturaleza. Descubre Cali, Medell\u00edn y Cartagena bailando como un local.","robots":{"index":"index","follow":"follow","max-snippet":"max-snippet:-1","max-image-preview":"max-image-preview:large","max-video-preview":"max-video-preview:-1"},"canonical":"https:\/\/dancetravelling.com\/fr\/colombia-salsa-cultura-y-naturaleza\/","og_locale":"fr_FR","og_type":"article","og_title":"Viajes de salsa a Colombia en grupo | Dance Travelling","og_description":"Viaje de salsa a Colombia en grupo internacional, con clases, cultura y naturaleza. Descubre Cali, Medell\u00edn y Cartagena bailando como un local.","og_url":"https:\/\/dancetravelling.com\/fr\/colombia-salsa-cultura-y-naturaleza\/","og_site_name":"Dance Travelling","article_modified_time":"2026-04-19T21:22:41+00:00","og_image":[{"width":1200,"height":779,"url":"https:\/\/dancetravelling.com\/wp-content\/uploads\/2026\/03\/viaje-colombia-salsa-1.webp","type":"image\/webp"}],"twitter_card":"summary_large_image","twitter_misc":{"Dur\u00e9e de lecture estim\u00e9e":"14 minutes"},"schema":{"@context":"https:\/\/schema.org","@graph":[{"@type":"WebPage","@id":"https:\/\/dancetravelling.com\/colombia-salsa-cultura-y-naturaleza\/","url":"https:\/\/dancetravelling.com\/colombia-salsa-cultura-y-naturaleza\/","name":"Viajes de salsa a Colombia en grupo | Dance Travelling","isPartOf":{"@id":"https:\/\/dancetravelling.com\/#website"},"primaryImageOfPage":{"@id":"https:\/\/dancetravelling.com\/colombia-salsa-cultura-y-naturaleza\/#primaryimage"},"image":{"@id":"https:\/\/dancetravelling.com\/colombia-salsa-cultura-y-naturaleza\/#primaryimage"},"thumbnailUrl":"https:\/\/dancetravelling.com\/wp-content\/uploads\/2026\/03\/viaje-colombia-salsa-1.webp","datePublished":"2026-03-16T13:31:24+00:00","dateModified":"2026-04-19T21:22:41+00:00","description":"Viaje de salsa a Colombia en grupo internacional, con clases, cultura y naturaleza. Descubre Cali, Medell\u00edn y Cartagena bailando como un local.","breadcrumb":{"@id":"https:\/\/dancetravelling.com\/colombia-salsa-cultura-y-naturaleza\/#breadcrumb"},"inLanguage":"fr-FR","potentialAction":[{"@type":"ReadAction","target":["https:\/\/dancetravelling.com\/colombia-salsa-cultura-y-naturaleza\/"]}]},{"@type":"ImageObject","inLanguage":"fr-FR","@id":"https:\/\/dancetravelling.com\/colombia-salsa-cultura-y-naturaleza\/#primaryimage","url":"https:\/\/dancetravelling.com\/wp-content\/uploads\/2026\/03\/viaje-colombia-salsa-1.webp","contentUrl":"https:\/\/dancetravelling.com\/wp-content\/uploads\/2026\/03\/viaje-colombia-salsa-1.webp","width":1200,"height":779},{"@type":"BreadcrumbList","@id":"https:\/\/dancetravelling.com\/colombia-salsa-cultura-y-naturaleza\/#breadcrumb","itemListElement":[{"@type":"ListItem","position":1,"name":"Portada","item":"https:\/\/dancetravelling.com\/"},{"@type":"ListItem","position":2,"name":"Colombia: Salsa, Cultura y Naturaleza"}]},{"@type":"WebSite","@id":"https:\/\/dancetravelling.com\/#website","url":"https:\/\/dancetravelling.com\/","name":"Danse Voyage","description":"Baila y viaja en Cuba","publisher":{"@id":"https:\/\/dancetravelling.com\/#organization"},"alternateName":"Dance Travelling","potentialAction":[{"@type":"SearchAction","target":{"@type":"EntryPoint","urlTemplate":"https:\/\/dancetravelling.com\/?s={search_term_string}"},"query-input":{"@type":"PropertyValueSpecification","valueRequired":true,"valueName":"search_term_string"}}],"inLanguage":"fr-FR"},{"@type":"Organization","@id":"https:\/\/dancetravelling.com\/#organization","name":"Danse Voyage","alternateName":"Dance Travelling","url":"https:\/\/dancetravelling.com\/","logo":{"@type":"ImageObject","inLanguage":"fr-FR","@id":"https:\/\/dancetravelling.com\/#\/schema\/logo\/image\/","url":"https:\/\/dancetravelling.com\/wp-content\/uploads\/2023\/01\/Captura-de-pantalla-2024-06-11-a-las-18.20.34.png","contentUrl":"https:\/\/dancetravelling.com\/wp-content\/uploads\/2023\/01\/Captura-de-pantalla-2024-06-11-a-las-18.20.34.png","width":581,"height":226,"caption":"Dance Travelling"},"image":{"@id":"https:\/\/dancetravelling.com\/#\/schema\/logo\/image\/"},"sameAs":["https:\/\/www.instagram.com\/dancetravelling\/"]}]}},"_links":{"self":[{"href":"https:\/\/dancetravelling.com\/fr\/wp-json\/wp\/v2\/pages\/2335","targetHints":{"allow":["GET"]}}],"collection":[{"href":"https:\/\/dancetravelling.com\/fr\/wp-json\/wp\/v2\/pages"}],"about":[{"href":"https:\/\/dancetravelling.com\/fr\/wp-json\/wp\/v2\/types\/page"}],"author":[{"embeddable":true,"href":"https:\/\/dancetravelling.com\/fr\/wp-json\/wp\/v2\/users\/1"}],"replies":[{"embeddable":true,"href":"https:\/\/dancetravelling.com\/fr\/wp-json\/wp\/v2\/comments?post=2335"}],"version-history":[{"count":103,"href":"https:\/\/dancetravelling.com\/fr\/wp-json\/wp\/v2\/pages\/2335\/revisions"}],"predecessor-version":[{"id":2905,"href":"https:\/\/dancetravelling.com\/fr\/wp-json\/wp\/v2\/pages\/2335\/revisions\/2905"}],"wp:featuredmedia":[{"embeddable":true,"href":"https:\/\/dancetravelling.com\/fr\/wp-json\/wp\/v2\/media\/2370"}],"wp:attachment":[{"href":"https:\/\/dancetravelling.com\/fr\/wp-json\/wp\/v2\/media?parent=2335"}],"curies":[{"name":"wp","href":"https:\/\/api.w.org\/{rel}","templated":true}]}}